{"id":27276,"date":"2023-10-06T17:15:30","date_gmt":"2023-10-06T15:15:30","guid":{"rendered":"https:\/\/www.regenwald.at\/project-cobiga\/project-areas\/"},"modified":"2026-04-29T22:18:55","modified_gmt":"2026-04-29T20:18:55","slug":"project-areas","status":"publish","type":"page","link":"https:\/\/www.regenwald.at\/en\/project-cobiga\/project-areas\/","title":{"rendered":"Project areas"},"content":{"rendered":"\t\t<div data-elementor-type=\"wp-page\" data-elementor-id=\"27276\" class=\"elementor elementor-27276 elementor-15847\" data-elementor-post-type=\"page\">\n\t\t\t\t<div class=\"elementor-element elementor-element-2bb263c e-flex e-con-boxed e-con e-parent\" data-id=\"2bb263c\" data-element_type=\"container\" data-e-type=\"container\">\n\t\t\t\t\t<div class=\"e-con-inner\">\n\t\t\t\t<div class=\"elementor-element elementor-element-32f6ca1 elementor-widget elementor-widget-heading\" data-id=\"32f6ca1\" data-element_type=\"widget\" data-e-type=\"widget\" data-widget_type=\"heading.default\">\n\t\t\t\t<div class=\"elementor-widget-container\">\n\t\t\t\t\t<h1 class=\"elementor-heading-title elementor-size-default\">Project areas in the corridor<\/h1>\t\t\t\t<\/div>\n\t\t\t\t<\/div>\n\t\t\t\t<div class=\"elementor-element elementor-element-d2abe59 elementor-widget elementor-widget-heading\" data-id=\"d2abe59\" data-element_type=\"widget\" data-e-type=\"widget\" data-widget_type=\"heading.default\">\n\t\t\t\t<div class=\"elementor-widget-container\">\n\t\t\t\t\t<h2 class=\"elementor-heading-title elementor-size-default\">Our next goal: FINCA ABRAHAM<\/h2>\t\t\t\t<\/div>\n\t\t\t\t<\/div>\n\t\t\t\t\t<\/div>\n\t\t\t\t<\/div>\n\t\t<div class=\"elementor-element elementor-element-bf42a46 e-flex e-con-boxed e-con e-parent\" data-id=\"bf42a46\" data-element_type=\"container\" data-e-type=\"container\">\n\t\t\t\t\t<div class=\"e-con-inner\">\n\t\t<div class=\"elementor-element elementor-element-80b7ae0 e-con-full e-flex e-con e-child\" data-id=\"80b7ae0\" data-element_type=\"container\" data-e-type=\"container\">\n\t\t\t\t<div class=\"elementor-element elementor-element-08e4917 elementor-widget elementor-widget-text-editor\" data-id=\"08e4917\" data-element_type=\"widget\" data-e-type=\"widget\" data-widget_type=\"text-editor.default\">\n\t\t\t\t<div class=\"elementor-widget-container\">\n\t\t\t\t\t\t\t\t\t<h3>The rainforest of Finca Abraham (31.5 ha) is home not only to large old-growth trees but also to a wide variety of rare plant and animal species, and should therefore be preserved for the future.<\/h3><p><strong>Short description<br><\/strong>Size: 31.5 ha<br>Purchase price: \u20ac200,000<\/p><div><p data-start=\"0\" data-end=\"348\"><strong data-start=\"4\" data-end=\"21\">Finca Abraham<\/strong> (31.5 ha) lies at 460\u2013600 m above sea level in the transition zone from lowland to montane rainforest, making it a <strong data-start=\"131\" data-end=\"181\">valuable link in the Biological Corridor<\/strong>. With its mighty old-growth giants, a natural stream, and a great diversity of rare animal and plant species, it is a true jewel of biodiversity. <\/p><p data-start=\"350\" data-end=\"680\">Especially important: The finca borders our <strong data-start=\"405\" data-end=\"420\">Finca Zaida<\/strong> directly\u2014purchasing it could create a contiguous protected area.<\/p><\/div>\t\t\t\t\t\t\t\t<\/div>\n\t\t\t\t<\/div>\n\t\t\t\t<div class=\"elementor-element elementor-element-a853d1c elementor-widget elementor-widget-counter\" data-id=\"a853d1c\" data-element_type=\"widget\" data-e-type=\"widget\" data-widget_type=\"counter.default\">\n\t\t\t\t<div class=\"elementor-widget-container\">\n\t\t\t\t\t\t\t<div class=\"elementor-counter\">\n\t\t\t<div class=\"elementor-counter-title\">Open funding (as of 2026-03-31)<\/div>\t\t\t<div class=\"elementor-counter-number-wrapper\">\n\t\t\t\t<span class=\"elementor-counter-number-prefix\">\u20ac <\/span>\n\t\t\t\t<span class=\"elementor-counter-number\" data-duration=\"2000\" data-to-value=\"35000\" data-from-value=\"200000\" data-delimiter=\".\">200000<\/span>\n\t\t\t\t<span class=\"elementor-counter-number-suffix\"><\/span>\n\t\t\t<\/div>\n\t\t<\/div>\n\t\t\t\t\t\t<\/div>\n\t\t\t\t<\/div>\n\t\t\t\t<div class=\"elementor-element elementor-element-403f275 elementor-align-center elementor-widget__width-inherit elementor-widget elementor-widget-button\" data-id=\"403f275\" data-element_type=\"widget\" data-e-type=\"widget\" data-widget_type=\"button.default\">\n\t\t\t\t<div class=\"elementor-widget-container\">\n\t\t\t\t\t\t\t\t\t<div class=\"elementor-button-wrapper\">\n\t\t\t\t\t<a class=\"elementor-button elementor-button-link elementor-size-lg elementor-animation-pop\" href=\"https:\/\/www.regenwald.at\/produkt\/grundstueckskauf\/\">\n\t\t\t\t\t\t<span class=\"elementor-button-content-wrapper\">\n\t\t\t\t\t\t<span class=\"elementor-button-icon\">\n\t\t\t\t<svg aria-hidden=\"true\" class=\"e-font-icon-svg e-fas-chevron-right\" viewBox=\"0 0 320 512\" xmlns=\"http:\/\/www.w3.org\/2000\/svg\"><path d=\"M285.476 272.971L91.132 467.314c-9.373 9.373-24.569 9.373-33.941 0l-22.667-22.667c-9.357-9.357-9.375-24.522-.04-33.901L188.505 256 34.484 101.255c-9.335-9.379-9.317-24.544.04-33.901l22.667-22.667c9.373-9.373 24.569-9.373 33.941 0L285.475 239.03c9.373 9.372 9.373 24.568.001 33.941z\"><\/path><\/svg>\t\t\t<\/span>\n\t\t\t\t\t\t\t\t\t<span class=\"elementor-button-text\">SUPPORT US WITH THE PURCHASE!<\/span>\n\t\t\t\t\t<\/span>\n\t\t\t\t\t<\/a>\n\t\t\t\t<\/div>\n\t\t\t\t\t\t\t\t<\/div>\n\t\t\t\t<\/div>\n\t\t\t\t<div class=\"elementor-element elementor-element-568815c elementor--h-position-left elementor--v-position-bottom elementor-arrows-position-inside elementor-widget elementor-widget-slides\" data-id=\"568815c\" data-element_type=\"widget\" data-e-type=\"widget\" data-settings=\"{&quot;navigation&quot;:&quot;arrows&quot;,&quot;transition&quot;:&quot;fade&quot;,&quot;transition_speed&quot;:2000,&quot;autoplay&quot;:&quot;yes&quot;,&quot;pause_on_hover&quot;:&quot;yes&quot;,&quot;autoplay_speed&quot;:5000,&quot;infinite&quot;:&quot;yes&quot;}\" data-widget_type=\"slides.default\">\n\t\t\t\t<div class=\"elementor-widget-container\">\n\t\t\t\t\t\t\t\t\t<div class=\"elementor-swiper\">\n\t\t\t\t\t<div class=\"elementor-slides-wrapper elementor-main-swiper swiper\" role=\"region\" aria-roledescription=\"carousel\" aria-label=\"Slider\" dir=\"ltr\" data-animation=\"\">\n\t\t\t\t<div class=\"swiper-wrapper elementor-slides\">\n\t\t\t\t\t\t\t\t\t\t<div class=\"elementor-repeater-item-e141bdf swiper-slide\" role=\"group\" aria-roledescription=\"slide\"><div class=\"swiper-slide-bg\" role=\"img\" aria-label=\"Abraham Zaida 2\"><\/div><div class=\"swiper-slide-inner\" ><div class=\"swiper-slide-contents\"><\/div><\/div><\/div><div class=\"elementor-repeater-item-7e73d7a swiper-slide\" role=\"group\" aria-roledescription=\"slide\"><div class=\"swiper-slide-bg\" role=\"img\" aria-label=\"Abraham\"><\/div><div class=\"swiper-slide-inner\" ><div class=\"swiper-slide-contents\"><\/div><\/div><\/div><div class=\"elementor-repeater-item-b796401 swiper-slide\" role=\"group\" aria-roledescription=\"slide\"><div class=\"swiper-slide-bg\" role=\"img\" aria-label=\"Abraham 1\"><\/div><div class=\"swiper-slide-inner\" ><div class=\"swiper-slide-contents\"><\/div><\/div><\/div><div class=\"elementor-repeater-item-4c33836 swiper-slide\" role=\"group\" aria-roledescription=\"slide\"><div class=\"swiper-slide-bg\" role=\"img\" aria-label=\"Abraham3\"><\/div><div class=\"swiper-slide-inner\" ><div class=\"swiper-slide-contents\"><\/div><\/div><\/div>\t\t\t\t<\/div>\n\t\t\t\t\t\t\t\t\t\t\t\t\t\t\t<div class=\"elementor-swiper-button elementor-swiper-button-prev\" role=\"button\" tabindex=\"0\" aria-label=\"Previous slide\">\n\t\t\t\t\t\t\t<svg aria-hidden=\"true\" class=\"e-font-icon-svg e-eicon-chevron-left\" viewBox=\"0 0 1000 1000\" xmlns=\"http:\/\/www.w3.org\/2000\/svg\"><path d=\"M646 125C629 125 613 133 604 142L308 442C296 454 292 471 292 487 292 504 296 521 308 533L604 854C617 867 629 875 646 875 663 875 679 871 692 858 704 846 713 829 713 812 713 796 708 779 692 767L438 487 692 225C700 217 708 204 708 187 708 171 704 154 692 142 675 129 663 125 646 125Z\"><\/path><\/svg>\t\t\t\t\t\t<\/div>\n\t\t\t\t\t\t<div class=\"elementor-swiper-button elementor-swiper-button-next\" role=\"button\" tabindex=\"0\" aria-label=\"Next slide\">\n\t\t\t\t\t\t\t<svg aria-hidden=\"true\" class=\"e-font-icon-svg e-eicon-chevron-right\" viewBox=\"0 0 1000 1000\" xmlns=\"http:\/\/www.w3.org\/2000\/svg\"><path d=\"M696 533C708 521 713 504 713 487 713 471 708 454 696 446L400 146C388 133 375 125 354 125 338 125 325 129 313 142 300 154 292 171 292 187 292 204 296 221 308 233L563 492 304 771C292 783 288 800 288 817 288 833 296 850 308 863 321 871 338 875 354 875 371 875 388 867 400 854L696 533Z\"><\/path><\/svg>\t\t\t\t\t\t<\/div>\n\t\t\t\t\t\t\t\t\t\t\t\t\t\t\t\t\t<\/div>\n\t\t\t\t<\/div>\n\t\t\t\t\t\t\t\t<\/div>\n\t\t\t\t<\/div>\n\t\t\t\t<\/div>\n\t\t<div class=\"elementor-element elementor-element-6f1954a e-con-full e-flex e-con e-child\" data-id=\"6f1954a\" data-element_type=\"container\" data-e-type=\"container\">\n\t\t\t\t<div class=\"elementor-element elementor-element-ae24903 elementor-widget elementor-widget-image\" data-id=\"ae24903\" data-element_type=\"widget\" data-e-type=\"widget\" data-widget_type=\"image.default\">\n\t\t\t\t<div class=\"elementor-widget-container\">\n\t\t\t\t\t\t\t\t\t\t\t\t\t\t\t<img fetchpriority=\"high\" decoding=\"async\" width=\"812\" height=\"1083\" src=\"https:\/\/www.regenwald.at\/wp-content\/uploads\/2025\/10\/Abraham2.jpg\" class=\"attachment-full size-full wp-image-24804\" alt=\"\" srcset=\"https:\/\/www.regenwald.at\/wp-content\/uploads\/2025\/10\/Abraham2.jpg 812w, https:\/\/www.regenwald.at\/wp-content\/uploads\/2025\/10\/Abraham2-225x300.jpg 225w, https:\/\/www.regenwald.at\/wp-content\/uploads\/2025\/10\/Abraham2-768x1024.jpg 768w, https:\/\/www.regenwald.at\/wp-content\/uploads\/2025\/10\/Abraham2-600x800.jpg 600w, https:\/\/www.regenwald.at\/wp-content\/uploads\/2025\/10\/Abraham2-100x133.jpg 100w\" sizes=\"(max-width: 812px) 100vw, 812px\" \/>\t\t\t\t\t\t\t\t\t\t\t\t\t\t\t<\/div>\n\t\t\t\t<\/div>\n\t\t\t\t<\/div>\n\t\t\t\t\t<\/div>\n\t\t\t\t<\/div>\n\t\t<div class=\"elementor-element elementor-element-2de4239 e-flex e-con-boxed e-con e-parent\" data-id=\"2de4239\" data-element_type=\"container\" data-e-type=\"container\">\n\t\t\t\t\t<div class=\"e-con-inner\">\n\t\t\t\t<div class=\"elementor-element elementor-element-7946024 elementor-widget-divider--view-line elementor-widget elementor-widget-divider\" data-id=\"7946024\" data-element_type=\"widget\" data-e-type=\"widget\" data-widget_type=\"divider.default\">\n\t\t\t\t<div class=\"elementor-widget-container\">\n\t\t\t\t\t\t\t<div class=\"elementor-divider\">\n\t\t\t<span class=\"elementor-divider-separator\">\n\t\t\t\t\t\t<\/span>\n\t\t<\/div>\n\t\t\t\t\t\t<\/div>\n\t\t\t\t<\/div>\n\t\t\t\t\t<\/div>\n\t\t\t\t<\/div>\n\t\t<div class=\"elementor-element elementor-element-7eff829 e-flex e-con-boxed e-con e-parent\" data-id=\"7eff829\" data-element_type=\"container\" data-e-type=\"container\">\n\t\t\t\t\t<div class=\"e-con-inner\">\n\t\t\t\t<div class=\"elementor-element elementor-element-bb50853 elementor-widget elementor-widget-heading\" data-id=\"bb50853\" data-element_type=\"widget\" data-e-type=\"widget\" data-widget_type=\"heading.default\">\n\t\t\t\t<div class=\"elementor-widget-container\">\n\t\t\t\t\t<h2 class=\"elementor-heading-title elementor-size-default\">Areas already integrated<\/h2>\t\t\t\t<\/div>\n\t\t\t\t<\/div>\n\t\t\t\t\t<\/div>\n\t\t\t\t<\/div>\n\t\t<div class=\"elementor-element elementor-element-c94d7be e-flex e-con-boxed e-con e-parent\" data-id=\"c94d7be\" data-element_type=\"container\" data-e-type=\"container\">\n\t\t\t\t\t<div class=\"e-con-inner\">\n\t\t<div class=\"elementor-element elementor-element-8eef231 e-con-full e-flex e-con e-child\" data-id=\"8eef231\" data-element_type=\"container\" data-e-type=\"container\">\n\t\t\t\t<div class=\"elementor-element elementor-element-b56bf22 elementor-widget elementor-widget-heading\" data-id=\"b56bf22\" data-element_type=\"widget\" data-e-type=\"widget\" data-widget_type=\"heading.default\">\n\t\t\t\t<div class=\"elementor-widget-container\">\n\t\t\t\t\t<h2 class=\"elementor-heading-title elementor-size-default\">Hacienda El Dorado<\/h2>\t\t\t\t<\/div>\n\t\t\t\t<\/div>\n\t\t\t\t<div class=\"elementor-element elementor-element-b355086 elementor--h-position-left elementor--v-position-bottom elementor-arrows-position-inside elementor-widget elementor-widget-slides\" data-id=\"b355086\" data-element_type=\"widget\" data-e-type=\"widget\" data-settings=\"{&quot;navigation&quot;:&quot;arrows&quot;,&quot;transition&quot;:&quot;fade&quot;,&quot;transition_speed&quot;:2000,&quot;autoplay&quot;:&quot;yes&quot;,&quot;pause_on_hover&quot;:&quot;yes&quot;,&quot;autoplay_speed&quot;:5000,&quot;infinite&quot;:&quot;yes&quot;}\" data-widget_type=\"slides.default\">\n\t\t\t\t<div class=\"elementor-widget-container\">\n\t\t\t\t\t\t\t\t\t<div class=\"elementor-swiper\">\n\t\t\t\t\t<div class=\"elementor-slides-wrapper elementor-main-swiper swiper\" role=\"region\" aria-roledescription=\"carousel\" aria-label=\"Slider\" dir=\"ltr\" data-animation=\"\">\n\t\t\t\t<div class=\"swiper-wrapper elementor-slides\">\n\t\t\t\t\t\t\t\t\t\t<div class=\"elementor-repeater-item-a1f5333 swiper-slide\" role=\"group\" aria-roledescription=\"slide\"><div class=\"swiper-slide-bg\" role=\"img\" aria-label=\"Finca Marina \u00a9 COBIGA\"><\/div><div class=\"swiper-slide-inner\" ><div class=\"swiper-slide-contents\"><div class=\"elementor-slide-heading\">Hacienda El Dorado seen from the south<\/div><\/div><\/div><\/div><div class=\"elementor-repeater-item-e141bdf swiper-slide\" role=\"group\" aria-roledescription=\"slide\"><div class=\"swiper-slide-bg\" role=\"img\" aria-label=\"Finca Marina (area outlined in blue) \u00a9 COBIGA\"><\/div><div class=\"swiper-slide-inner\" ><div class=\"swiper-slide-contents\"><div class=\"elementor-slide-heading\">Hacienda El Dorado outlined in blue<\/div><\/div><\/div><\/div><div class=\"elementor-repeater-item-b796401 swiper-slide\" role=\"group\" aria-roledescription=\"slide\"><div class=\"swiper-slide-bg\" role=\"img\" aria-label=\"Finca Marina (area in yellow) \u00a9 COBIGA\"><\/div><div class=\"swiper-slide-inner\" ><div class=\"swiper-slide-contents\"><div class=\"elementor-slide-heading\">Hacienda El Dorado outlined in yellow<\/div><\/div><\/div><\/div>\t\t\t\t<\/div>\n\t\t\t\t\t\t\t\t\t\t\t\t\t\t\t<div class=\"elementor-swiper-button elementor-swiper-button-prev\" role=\"button\" tabindex=\"0\" aria-label=\"Previous slide\">\n\t\t\t\t\t\t\t<svg aria-hidden=\"true\" class=\"e-font-icon-svg e-eicon-chevron-left\" viewBox=\"0 0 1000 1000\" xmlns=\"http:\/\/www.w3.org\/2000\/svg\"><path d=\"M646 125C629 125 613 133 604 142L308 442C296 454 292 471 292 487 292 504 296 521 308 533L604 854C617 867 629 875 646 875 663 875 679 871 692 858 704 846 713 829 713 812 713 796 708 779 692 767L438 487 692 225C700 217 708 204 708 187 708 171 704 154 692 142 675 129 663 125 646 125Z\"><\/path><\/svg>\t\t\t\t\t\t<\/div>\n\t\t\t\t\t\t<div class=\"elementor-swiper-button elementor-swiper-button-next\" role=\"button\" tabindex=\"0\" aria-label=\"Next slide\">\n\t\t\t\t\t\t\t<svg aria-hidden=\"true\" class=\"e-font-icon-svg e-eicon-chevron-right\" viewBox=\"0 0 1000 1000\" xmlns=\"http:\/\/www.w3.org\/2000\/svg\"><path d=\"M696 533C708 521 713 504 713 487 713 471 708 454 696 446L400 146C388 133 375 125 354 125 338 125 325 129 313 142 300 154 292 171 292 187 292 204 296 221 308 233L563 492 304 771C292 783 288 800 288 817 288 833 296 850 308 863 321 871 338 875 354 875 371 875 388 867 400 854L696 533Z\"><\/path><\/svg>\t\t\t\t\t\t<\/div>\n\t\t\t\t\t\t\t\t\t\t\t\t\t\t\t\t\t<\/div>\n\t\t\t\t<\/div>\n\t\t\t\t\t\t\t\t<\/div>\n\t\t\t\t<\/div>\n\t\t\t\t<div class=\"elementor-element elementor-element-0b19285 elementor-widget elementor-widget-toggle\" data-id=\"0b19285\" data-element_type=\"widget\" data-e-type=\"widget\" data-widget_type=\"toggle.default\">\n\t\t\t\t<div class=\"elementor-widget-container\">\n\t\t\t\t\t\t\t<div class=\"elementor-toggle\">\n\t\t\t\t\t\t\t<div class=\"elementor-toggle-item\">\n\t\t\t\t\t<div id=\"elementor-tab-title-1161\" class=\"elementor-tab-title\" data-tab=\"1\" role=\"button\" aria-controls=\"elementor-tab-content-1161\" aria-expanded=\"false\">\n\t\t\t\t\t\t\t\t\t\t\t\t<span class=\"elementor-toggle-icon elementor-toggle-icon-left\" aria-hidden=\"true\">\n\t\t\t\t\t\t\t\t\t\t\t\t\t\t\t<span class=\"elementor-toggle-icon-closed\"><svg class=\"e-font-icon-svg e-fas-caret-right\" viewBox=\"0 0 192 512\" xmlns=\"http:\/\/www.w3.org\/2000\/svg\"><path d=\"M0 384.662V127.338c0-17.818 21.543-26.741 34.142-14.142l128.662 128.662c7.81 7.81 7.81 20.474 0 28.284L34.142 398.804C21.543 411.404 0 402.48 0 384.662z\"><\/path><\/svg><\/span>\n\t\t\t\t\t\t\t\t<span class=\"elementor-toggle-icon-opened\"><svg class=\"elementor-toggle-icon-opened e-font-icon-svg e-fas-caret-up\" viewBox=\"0 0 320 512\" xmlns=\"http:\/\/www.w3.org\/2000\/svg\"><path d=\"M288.662 352H31.338c-17.818 0-26.741-21.543-14.142-34.142l128.662-128.662c7.81-7.81 20.474-7.81 28.284 0l128.662 128.662c12.6 12.599 3.676 34.142-14.142 34.142z\"><\/path><\/svg><\/span>\n\t\t\t\t\t\t\t\t\t\t\t\t\t<\/span>\n\t\t\t\t\t\t\t\t\t\t\t\t<a class=\"elementor-toggle-title\" tabindex=\"0\">Details about Hacienda El Dorado<\/a>\n\t\t\t\t\t<\/div>\n\n\t\t\t\t\t<div id=\"elementor-tab-content-1161\" class=\"elementor-tab-content elementor-clearfix\" data-tab=\"1\" role=\"region\" aria-labelledby=\"elementor-tab-title-1161\">\n<table id=\"tablepress-16\" class=\"tablepress tablepress-id-16 tbody-has-connected-cells\">\n<thead>\n<tr class=\"row-1\">\n\t<th class=\"column-1\">Kaufdatum<\/th><th class=\"column-2\">23.02.2024<\/th>\n<\/tr>\n<\/thead>\n<tbody class=\"row-striping row-hover\">\n<tr class=\"row-2\">\n\t<td class=\"column-1\">Kaufpreis<\/td><td class=\"column-2\">\u20ac 900.000,-<\/td>\n<\/tr>\n<tr class=\"row-3\">\n\t<td class=\"column-1\">Fl\u00e4che<\/td><td class=\"column-2\">187 ha<\/td>\n<\/tr>\n<tr class=\"row-4\">\n\t<td class=\"column-1\">Zeitraum der Wiederbewaldungen<\/td><td class=\"column-2\">ab 2024<\/td>\n<\/tr>\n<tr class=\"row-5\">\n\t<td class=\"column-1\">Anzahl gepflanzter B\u00e4ume<\/td><td class=\"column-2\">mehr als 6000<\/td>\n<\/tr>\n<tr class=\"row-6\">\n\t<td colspan=\"2\" class=\"column-1\">Die Hacienda El Dorado in La Gamba mit ihren 187 ha verbindet getrennte Waldst\u00fccke am Rande des Nationalparks Piedras Blancas und st\u00e4rkt so den Biologischen Korridor. Durch Wiederbewaldung, Feuchtgebietspflege und nat\u00fcrliche Sukzession entsteht ein wertvoller Lebensraum f\u00fcr zahlreiche Arten<\/td>\n<\/tr>\n<\/tbody>\n<\/table>\n<!-- #tablepress-16 from cache -->\n<\/div>\n\t\t\t\t<\/div>\n\t\t\t\t\t\t\t\t<\/div>\n\t\t\t\t\t\t<\/div>\n\t\t\t\t<\/div>\n\t\t\t\t<\/div>\n\t\t<div class=\"elementor-element elementor-element-03a4655 e-con-full e-flex e-con e-child\" data-id=\"03a4655\" data-element_type=\"container\" data-e-type=\"container\">\n\t\t\t\t<\/div>\n\t\t\t\t\t<\/div>\n\t\t\t\t<\/div>\n\t\t<div class=\"elementor-element elementor-element-03f85c0 e-flex e-con-boxed e-con e-parent\" data-id=\"03f85c0\" data-element_type=\"container\" data-e-type=\"container\">\n\t\t\t\t\t<div class=\"e-con-inner\">\n\t\t\t\t\t<\/div>\n\t\t\t\t<\/div>\n\t\t<div class=\"elementor-element elementor-element-afdcb31 e-flex e-con-boxed e-con e-parent\" data-id=\"afdcb31\" data-element_type=\"container\" data-e-type=\"container\">\n\t\t\t\t\t<div class=\"e-con-inner\">\n\t\t<div class=\"elementor-element elementor-element-52d4016 e-con-full e-flex e-con e-child\" data-id=\"52d4016\" data-element_type=\"container\" data-e-type=\"container\">\n\t\t<div class=\"elementor-element elementor-element-9e39560 e-con-full e-flex e-con e-child\" data-id=\"9e39560\" data-element_type=\"container\" data-e-type=\"container\">\n\t\t\t\t<div class=\"elementor-element elementor-element-47b266d elementor-widget elementor-widget-heading\" data-id=\"47b266d\" data-element_type=\"widget\" data-e-type=\"widget\" data-widget_type=\"heading.default\">\n\t\t\t\t<div class=\"elementor-widget-container\">\n\t\t\t\t\t<h2 class=\"elementor-heading-title elementor-size-default\">Finca La Flor<\/h2>\t\t\t\t<\/div>\n\t\t\t\t<\/div>\n\t\t\t\t<div class=\"elementor-element elementor-element-a02456f elementor--h-position-left elementor--v-position-bottom elementor-arrows-position-inside elementor-widget elementor-widget-slides\" data-id=\"a02456f\" data-element_type=\"widget\" data-e-type=\"widget\" data-settings=\"{&quot;navigation&quot;:&quot;arrows&quot;,&quot;transition&quot;:&quot;fade&quot;,&quot;transition_speed&quot;:2000,&quot;autoplay&quot;:&quot;yes&quot;,&quot;pause_on_hover&quot;:&quot;yes&quot;,&quot;autoplay_speed&quot;:5000,&quot;infinite&quot;:&quot;yes&quot;}\" data-widget_type=\"slides.default\">\n\t\t\t\t<div class=\"elementor-widget-container\">\n\t\t\t\t\t\t\t\t\t<div class=\"elementor-swiper\">\n\t\t\t\t\t<div class=\"elementor-slides-wrapper elementor-main-swiper swiper\" role=\"region\" aria-roledescription=\"carousel\" aria-label=\"Slider\" dir=\"ltr\" data-animation=\"\">\n\t\t\t\t<div class=\"swiper-wrapper elementor-slides\">\n\t\t\t\t\t\t\t\t\t\t<div class=\"elementor-repeater-item-a1f5333 swiper-slide\" role=\"group\" aria-roledescription=\"slide\"><div class=\"swiper-slide-bg\" role=\"img\" aria-label=\"Finca La Flor 32\"><\/div><div class=\"swiper-slide-inner\" ><div class=\"swiper-slide-contents\"><\/div><\/div><\/div><div class=\"elementor-repeater-item-b796401 swiper-slide\" role=\"group\" aria-roledescription=\"slide\"><div class=\"swiper-slide-bg\" role=\"img\" aria-label=\"Action day Finca La Flor 20230726\"><\/div><div class=\"swiper-slide-inner\" ><div class=\"swiper-slide-contents\"><div class=\"elementor-slide-heading\">Action day July 2023<\/div><\/div><\/div><\/div><div class=\"elementor-repeater-item-e141bdf swiper-slide\" role=\"group\" aria-roledescription=\"slide\"><div class=\"swiper-slide-bg\" role=\"img\" aria-label=\"La Flor July 2025 1\"><\/div><div class=\"swiper-slide-inner\" ><div class=\"swiper-slide-contents\"><div class=\"elementor-slide-heading\">July 2025<\/div><\/div><\/div><\/div>\t\t\t\t<\/div>\n\t\t\t\t\t\t\t\t\t\t\t\t\t\t\t<div class=\"elementor-swiper-button elementor-swiper-button-prev\" role=\"button\" tabindex=\"0\" aria-label=\"Previous slide\">\n\t\t\t\t\t\t\t<svg aria-hidden=\"true\" class=\"e-font-icon-svg e-eicon-chevron-left\" viewBox=\"0 0 1000 1000\" xmlns=\"http:\/\/www.w3.org\/2000\/svg\"><path d=\"M646 125C629 125 613 133 604 142L308 442C296 454 292 471 292 487 292 504 296 521 308 533L604 854C617 867 629 875 646 875 663 875 679 871 692 858 704 846 713 829 713 812 713 796 708 779 692 767L438 487 692 225C700 217 708 204 708 187 708 171 704 154 692 142 675 129 663 125 646 125Z\"><\/path><\/svg>\t\t\t\t\t\t<\/div>\n\t\t\t\t\t\t<div class=\"elementor-swiper-button elementor-swiper-button-next\" role=\"button\" tabindex=\"0\" aria-label=\"Next slide\">\n\t\t\t\t\t\t\t<svg aria-hidden=\"true\" class=\"e-font-icon-svg e-eicon-chevron-right\" viewBox=\"0 0 1000 1000\" xmlns=\"http:\/\/www.w3.org\/2000\/svg\"><path d=\"M696 533C708 521 713 504 713 487 713 471 708 454 696 446L400 146C388 133 375 125 354 125 338 125 325 129 313 142 300 154 292 171 292 187 292 204 296 221 308 233L563 492 304 771C292 783 288 800 288 817 288 833 296 850 308 863 321 871 338 875 354 875 371 875 388 867 400 854L696 533Z\"><\/path><\/svg>\t\t\t\t\t\t<\/div>\n\t\t\t\t\t\t\t\t\t\t\t\t\t\t\t\t\t<\/div>\n\t\t\t\t<\/div>\n\t\t\t\t\t\t\t\t<\/div>\n\t\t\t\t<\/div>\n\t\t\t\t<div class=\"elementor-element elementor-element-b19945b elementor-widget__width-initial elementor-widget elementor-widget-toggle\" data-id=\"b19945b\" data-element_type=\"widget\" data-e-type=\"widget\" data-widget_type=\"toggle.default\">\n\t\t\t\t<div class=\"elementor-widget-container\">\n\t\t\t\t\t\t\t<div class=\"elementor-toggle\">\n\t\t\t\t\t\t\t<div class=\"elementor-toggle-item\">\n\t\t\t\t\t<div id=\"elementor-tab-title-1861\" class=\"elementor-tab-title\" data-tab=\"1\" role=\"button\" aria-controls=\"elementor-tab-content-1861\" aria-expanded=\"false\">\n\t\t\t\t\t\t\t\t\t\t\t\t<span class=\"elementor-toggle-icon elementor-toggle-icon-left\" aria-hidden=\"true\">\n\t\t\t\t\t\t\t\t\t\t\t\t\t\t\t<span class=\"elementor-toggle-icon-closed\"><svg class=\"e-font-icon-svg e-fas-caret-right\" viewBox=\"0 0 192 512\" xmlns=\"http:\/\/www.w3.org\/2000\/svg\"><path d=\"M0 384.662V127.338c0-17.818 21.543-26.741 34.142-14.142l128.662 128.662c7.81 7.81 7.81 20.474 0 28.284L34.142 398.804C21.543 411.404 0 402.48 0 384.662z\"><\/path><\/svg><\/span>\n\t\t\t\t\t\t\t\t<span class=\"elementor-toggle-icon-opened\"><svg class=\"elementor-toggle-icon-opened e-font-icon-svg e-fas-caret-up\" viewBox=\"0 0 320 512\" xmlns=\"http:\/\/www.w3.org\/2000\/svg\"><path d=\"M288.662 352H31.338c-17.818 0-26.741-21.543-14.142-34.142l128.662-128.662c7.81-7.81 20.474-7.81 28.284 0l128.662 128.662c12.6 12.599 3.676 34.142-14.142 34.142z\"><\/path><\/svg><\/span>\n\t\t\t\t\t\t\t\t\t\t\t\t\t<\/span>\n\t\t\t\t\t\t\t\t\t\t\t\t<a class=\"elementor-toggle-title\" tabindex=\"0\">Details about the property \u201cFinca La Flor\u201d<\/a>\n\t\t\t\t\t<\/div>\n\n\t\t\t\t\t<div id=\"elementor-tab-content-1861\" class=\"elementor-tab-content elementor-clearfix\" data-tab=\"1\" role=\"region\" aria-labelledby=\"elementor-tab-title-1861\">\n<table id=\"tablepress-9\" class=\"tablepress tablepress-id-9 tbody-has-connected-cells\">\n<thead>\n<tr class=\"row-1\">\n\t<th class=\"column-1\">Kaufdatum<\/th><th class=\"column-2\">2022<\/th>\n<\/tr>\n<\/thead>\n<tbody class=\"row-striping row-hover\">\n<tr class=\"row-2\">\n\t<td class=\"column-1\">Kaufpreis<\/td><td class=\"column-2\">\u20ac<\/td>\n<\/tr>\n<tr class=\"row-3\">\n\t<td class=\"column-1\">Fl\u00e4che<\/td><td class=\"column-2\">43,2  ha<\/td>\n<\/tr>\n<tr class=\"row-4\">\n\t<td class=\"column-1\">Anzahl gepflanzter B\u00e4ume<\/td><td class=\"column-2\">0<\/td>\n<\/tr>\n<tr class=\"row-5\">\n\t<td colspan=\"2\" class=\"column-1\">Die Finca La Flor liegt auf einem H\u00fcgelzug im La Bolsa Tal ganz in der N\u00e4he der Ortschaft La Gamba. Sie setzt sich aktuell aus Weidefl\u00e4chen, landwirtschaftlichen Kulturfl\u00e4chen (Ananas, Kakao, Pfirsichpalmen und Bananen) und zum gro\u00dfen Teil aus Wald (Old Stand Forest und Sekund\u00e4rwald) zusammen, ebenso flie\u00dft der Fluss La Bolsa durch das Grundst\u00fcck.<br \/>\nDer Vorbesitzer Augustin Diaz Diaz hat uns mitgeteilt, dass die Finca immer &#8220;La Flor de La Gamba&#8221; genannt wurde uns sein Gro\u00dfvater (Adolfo Brize\u00f1o) dem die Finca urspr\u00fcnglich geh\u00f6rt hat, einer der Gr\u00fcnder La Gambas war. Wir werde daher den urspr\u00fcnglichen Namen &#8220;Finca La Flor&#8221;beibehalten.<br \/>\n<br \/>\nDie Finca La Flor grenzt an die Fincas der Tropenstation La Bolsa (16,55 ha) diese wiederum an die Finca Hermenegildo (14 ha). Es entsteht dadurch eine zusammenh\u00e4ngende Schutzfl\u00e4che von \u00fcber 73 ha. Alle Grundst\u00fccke liegen im Bereich des Biologischen Korridors COBIGA (AMISTOSA) entlang der Quebrada La Bolsa und sind daher auch f\u00fcr den Gew\u00e4sserschutz von gro\u00dfer Bedeutung.<\/td>\n<\/tr>\n<\/tbody>\n<\/table>\n<!-- #tablepress-9 from cache -->\n<\/div>\n\t\t\t\t<\/div>\n\t\t\t\t\t\t\t\t<\/div>\n\t\t\t\t\t\t<\/div>\n\t\t\t\t<\/div>\n\t\t\t\t<\/div>\n\t\t\t\t<\/div>\n\t\t<div class=\"elementor-element elementor-element-afe33ca e-con-full e-flex e-con e-child\" data-id=\"afe33ca\" data-element_type=\"container\" data-e-type=\"container\">\n\t\t<div class=\"elementor-element elementor-element-ee9a495 e-con-full e-flex e-con e-child\" data-id=\"ee9a495\" data-element_type=\"container\" data-e-type=\"container\">\n\t\t\t\t<div class=\"elementor-element elementor-element-90c1a56 elementor-widget elementor-widget-heading\" data-id=\"90c1a56\" data-element_type=\"widget\" data-e-type=\"widget\" data-widget_type=\"heading.default\">\n\t\t\t\t<div class=\"elementor-widget-container\">\n\t\t\t\t\t<h2 class=\"elementor-heading-title elementor-size-default\">Finca Marvin<\/h2>\t\t\t\t<\/div>\n\t\t\t\t<\/div>\n\t\t\t\t<div class=\"elementor-element elementor-element-f917ab6 elementor-widget elementor-widget-image\" data-id=\"f917ab6\" data-element_type=\"widget\" data-e-type=\"widget\" data-widget_type=\"image.default\">\n\t\t\t\t<div class=\"elementor-widget-container\">\n\t\t\t\t\t\t\t\t\t\t\t\t\t\t\t<img decoding=\"async\" width=\"768\" height=\"511\" src=\"https:\/\/www.regenwald.at\/wp-content\/uploads\/2023\/10\/Finca_Marvin-32-768x511.jpg\" class=\"attachment-medium_large size-medium_large wp-image-17462\" alt=\"\" srcset=\"https:\/\/www.regenwald.at\/wp-content\/uploads\/2023\/10\/Finca_Marvin-32-768x511.jpg 768w, https:\/\/www.regenwald.at\/wp-content\/uploads\/2023\/10\/Finca_Marvin-32-300x200.jpg 300w, https:\/\/www.regenwald.at\/wp-content\/uploads\/2023\/10\/Finca_Marvin-32-350x233.jpg 350w, https:\/\/www.regenwald.at\/wp-content\/uploads\/2023\/10\/Finca_Marvin-32-600x400.jpg 600w, https:\/\/www.regenwald.at\/wp-content\/uploads\/2023\/10\/Finca_Marvin-32-100x67.jpg 100w, https:\/\/www.regenwald.at\/wp-content\/uploads\/2023\/10\/Finca_Marvin-32.jpg 847w\" sizes=\"(max-width: 768px) 100vw, 768px\" \/>\t\t\t\t\t\t\t\t\t\t\t\t\t\t\t<\/div>\n\t\t\t\t<\/div>\n\t\t\t\t<div class=\"elementor-element elementor-element-b3226f5 elementor-widget__width-initial elementor-widget elementor-widget-toggle\" data-id=\"b3226f5\" data-element_type=\"widget\" data-e-type=\"widget\" data-widget_type=\"toggle.default\">\n\t\t\t\t<div class=\"elementor-widget-container\">\n\t\t\t\t\t\t\t<div class=\"elementor-toggle\">\n\t\t\t\t\t\t\t<div class=\"elementor-toggle-item\">\n\t\t\t\t\t<div id=\"elementor-tab-title-1871\" class=\"elementor-tab-title\" data-tab=\"1\" role=\"button\" aria-controls=\"elementor-tab-content-1871\" aria-expanded=\"false\">\n\t\t\t\t\t\t\t\t\t\t\t\t<span class=\"elementor-toggle-icon elementor-toggle-icon-left\" aria-hidden=\"true\">\n\t\t\t\t\t\t\t\t\t\t\t\t\t\t\t<span class=\"elementor-toggle-icon-closed\"><svg class=\"e-font-icon-svg e-fas-caret-right\" viewBox=\"0 0 192 512\" xmlns=\"http:\/\/www.w3.org\/2000\/svg\"><path d=\"M0 384.662V127.338c0-17.818 21.543-26.741 34.142-14.142l128.662 128.662c7.81 7.81 7.81 20.474 0 28.284L34.142 398.804C21.543 411.404 0 402.48 0 384.662z\"><\/path><\/svg><\/span>\n\t\t\t\t\t\t\t\t<span class=\"elementor-toggle-icon-opened\"><svg class=\"elementor-toggle-icon-opened e-font-icon-svg e-fas-caret-up\" viewBox=\"0 0 320 512\" xmlns=\"http:\/\/www.w3.org\/2000\/svg\"><path d=\"M288.662 352H31.338c-17.818 0-26.741-21.543-14.142-34.142l128.662-128.662c7.81-7.81 20.474-7.81 28.284 0l128.662 128.662c12.6 12.599 3.676 34.142-14.142 34.142z\"><\/path><\/svg><\/span>\n\t\t\t\t\t\t\t\t\t\t\t\t\t<\/span>\n\t\t\t\t\t\t\t\t\t\t\t\t<a class=\"elementor-toggle-title\" tabindex=\"0\">Details about the property \u201cFinca Marvin\u201d<\/a>\n\t\t\t\t\t<\/div>\n\n\t\t\t\t\t<div id=\"elementor-tab-content-1871\" class=\"elementor-tab-content elementor-clearfix\" data-tab=\"1\" role=\"region\" aria-labelledby=\"elementor-tab-title-1871\">\n<table id=\"tablepress-13\" class=\"tablepress tablepress-id-13 tbody-has-connected-cells\">\n<thead>\n<tr class=\"row-1\">\n\t<th class=\"column-1\">Kaufdatum<\/th><th class=\"column-2\">2020<\/th>\n<\/tr>\n<\/thead>\n<tbody class=\"row-striping row-hover\">\n<tr class=\"row-2\">\n\t<td class=\"column-1\">Kaufpreis<\/td><td class=\"column-2\">\u20ac 200.000<\/td>\n<\/tr>\n<tr class=\"row-3\">\n\t<td class=\"column-1\">Fl\u00e4che<\/td><td class=\"column-2\">63 ha<\/td>\n<\/tr>\n<tr class=\"row-4\">\n\t<td class=\"column-1\">Zeitraum der Wiederbewaldungen<\/td><td class=\"column-2\"><\/td>\n<\/tr>\n<tr class=\"row-5\">\n\t<td class=\"column-1\">Anzahl gepflanzter B\u00e4ume<\/td><td class=\"column-2\">0<\/td>\n<\/tr>\n<tr class=\"row-6\">\n\t<td colspan=\"2\" class=\"column-1\">Die Finca Marvin liegt am Fu\u00df der Fila Cal, einem Kalkgebirge n\u00f6rdlich der Tropenstation mit gr\u00f6\u00dftenteils noch ungesch\u00fctzten prim\u00e4ren Bergregenw\u00e4ldern (h\u00f6chster Punkt Cerro Anguciana 1.694 m).  Sie befindet sich 16 km von der Tropenstation La Gamba entfernt und liegt auf einer Seeh\u00f6he zwischen 390 m und 480 m Seeh\u00f6he. Dadurch liegt sie in der \u00dcbergangszone zwischen dem Tiefland- und dem Bergregenwald der unteren Stufe und bildet einen wichtigen Teil des COBIGA Projektes.<br \/>\n<br \/>\nDie Finca Marvin hat eine Gr\u00f6\u00dfe von 63 ha und grenzt im S\u00fcden an die Finca Alexis 1 an. Die Finca ist reich gegliedert und weist Bereiche mit unterschiedlichen Neigungen und Expositionen auf.  Bislang wurden keine wissenschaftlichen Forschungen auf der Finca durchgef\u00fchrt.<br \/>\n<br \/>\nDie Vegetation setzt sich zum Gro\u00dfteil aus j\u00fcngeren und \u00e4lteren Sekund\u00e4rw\u00e4ldern (gesamt ca. 50 ha) zusammen. Entlang des R\u00edo Esquinas konnte sich aufgrund der Steilheit des Gel\u00e4ndes ein  prim\u00e4rer Schluchtwald erhalten (ca. 9 ha). Der flache Teil der Finca wurde bis zum Kauf am 06.08.2020 als Viehweide genutzt (ca. 4 ha). <\/td>\n<\/tr>\n<\/tbody>\n<\/table>\n<!-- #tablepress-13 from cache -->\n<\/div>\n\t\t\t\t<\/div>\n\t\t\t\t\t\t\t\t<\/div>\n\t\t\t\t\t\t<\/div>\n\t\t\t\t<\/div>\n\t\t\t\t<\/div>\n\t\t\t\t<\/div>\n\t\t\t\t\t<\/div>\n\t\t\t\t<\/div>\n\t\t<div class=\"elementor-element elementor-element-d1da34e e-flex e-con-boxed e-con e-parent\" data-id=\"d1da34e\" data-element_type=\"container\" data-e-type=\"container\">\n\t\t\t\t\t<div class=\"e-con-inner\">\n\t\t<div class=\"elementor-element elementor-element-2d97abb e-con-full e-flex e-con e-child\" data-id=\"2d97abb\" data-element_type=\"container\" data-e-type=\"container\">\n\t\t<div class=\"elementor-element elementor-element-dc13174 e-con-full e-flex e-con e-child\" data-id=\"dc13174\" data-element_type=\"container\" data-e-type=\"container\">\n\t\t\t\t<div class=\"elementor-element elementor-element-241fb16 elementor-widget elementor-widget-heading\" data-id=\"241fb16\" data-element_type=\"widget\" data-e-type=\"widget\" data-widget_type=\"heading.default\">\n\t\t\t\t<div class=\"elementor-widget-container\">\n\t\t\t\t\t<h2 class=\"elementor-heading-title elementor-size-default\">Finca Eduardo<\/h2>\t\t\t\t<\/div>\n\t\t\t\t<\/div>\n\t\t\t\t<div class=\"elementor-element elementor-element-eaad3cd elementor-widget__width-initial elementor-widget elementor-widget-image\" data-id=\"eaad3cd\" data-element_type=\"widget\" data-e-type=\"widget\" data-widget_type=\"image.default\">\n\t\t\t\t<div class=\"elementor-widget-container\">\n\t\t\t\t\t\t\t\t\t\t\t\t\t\t\t<img decoding=\"async\" width=\"702\" height=\"468\" src=\"https:\/\/www.regenwald.at\/wp-content\/uploads\/2023\/10\/Finca_Eduardo-32.jpg\" class=\"attachment-medium_large size-medium_large wp-image-17454\" alt=\"\" srcset=\"https:\/\/www.regenwald.at\/wp-content\/uploads\/2023\/10\/Finca_Eduardo-32.jpg 702w, https:\/\/www.regenwald.at\/wp-content\/uploads\/2023\/10\/Finca_Eduardo-32-300x200.jpg 300w, https:\/\/www.regenwald.at\/wp-content\/uploads\/2023\/10\/Finca_Eduardo-32-350x233.jpg 350w, https:\/\/www.regenwald.at\/wp-content\/uploads\/2023\/10\/Finca_Eduardo-32-600x400.jpg 600w, https:\/\/www.regenwald.at\/wp-content\/uploads\/2023\/10\/Finca_Eduardo-32-100x67.jpg 100w\" sizes=\"(max-width: 702px) 100vw, 702px\" \/>\t\t\t\t\t\t\t\t\t\t\t\t\t\t\t<\/div>\n\t\t\t\t<\/div>\n\t\t\t\t<div class=\"elementor-element elementor-element-fee492b elementor-widget elementor-widget-toggle\" data-id=\"fee492b\" data-element_type=\"widget\" data-e-type=\"widget\" data-widget_type=\"toggle.default\">\n\t\t\t\t<div class=\"elementor-widget-container\">\n\t\t\t\t\t\t\t<div class=\"elementor-toggle\">\n\t\t\t\t\t\t\t<div class=\"elementor-toggle-item\">\n\t\t\t\t\t<div id=\"elementor-tab-title-2671\" class=\"elementor-tab-title\" data-tab=\"1\" role=\"button\" aria-controls=\"elementor-tab-content-2671\" aria-expanded=\"false\">\n\t\t\t\t\t\t\t\t\t\t\t\t<span class=\"elementor-toggle-icon elementor-toggle-icon-left\" aria-hidden=\"true\">\n\t\t\t\t\t\t\t\t\t\t\t\t\t\t\t<span class=\"elementor-toggle-icon-closed\"><svg class=\"e-font-icon-svg e-fas-caret-right\" viewBox=\"0 0 192 512\" xmlns=\"http:\/\/www.w3.org\/2000\/svg\"><path d=\"M0 384.662V127.338c0-17.818 21.543-26.741 34.142-14.142l128.662 128.662c7.81 7.81 7.81 20.474 0 28.284L34.142 398.804C21.543 411.404 0 402.48 0 384.662z\"><\/path><\/svg><\/span>\n\t\t\t\t\t\t\t\t<span class=\"elementor-toggle-icon-opened\"><svg class=\"elementor-toggle-icon-opened e-font-icon-svg e-fas-caret-up\" viewBox=\"0 0 320 512\" xmlns=\"http:\/\/www.w3.org\/2000\/svg\"><path d=\"M288.662 352H31.338c-17.818 0-26.741-21.543-14.142-34.142l128.662-128.662c7.81-7.81 20.474-7.81 28.284 0l128.662 128.662c12.6 12.599 3.676 34.142-14.142 34.142z\"><\/path><\/svg><\/span>\n\t\t\t\t\t\t\t\t\t\t\t\t\t<\/span>\n\t\t\t\t\t\t\t\t\t\t\t\t<a class=\"elementor-toggle-title\" tabindex=\"0\">Details about the property \u201cFinca Eduardo\u201d<\/a>\n\t\t\t\t\t<\/div>\n\n\t\t\t\t\t<div id=\"elementor-tab-content-2671\" class=\"elementor-tab-content elementor-clearfix\" data-tab=\"1\" role=\"region\" aria-labelledby=\"elementor-tab-title-2671\">\n<table id=\"tablepress-11\" class=\"tablepress tablepress-id-11 tbody-has-connected-cells\">\n<thead>\n<tr class=\"row-1\">\n\t<th class=\"column-1\">Kaufdatum<\/th><th class=\"column-2\">2020<\/th>\n<\/tr>\n<\/thead>\n<tbody class=\"row-striping row-hover\">\n<tr class=\"row-2\">\n\t<td class=\"column-1\">Kaufpreis<\/td><td class=\"column-2\">\u20ac 216.000<\/td>\n<\/tr>\n<tr class=\"row-3\">\n\t<td class=\"column-1\">Fl\u00e4che<\/td><td class=\"column-2\">20,4  ha<\/td>\n<\/tr>\n<tr class=\"row-4\">\n\t<td class=\"column-1\">Zeitraum der Wiederbewaldungen<\/td><td class=\"column-2\">2020 bis 2023<\/td>\n<\/tr>\n<tr class=\"row-5\">\n\t<td class=\"column-1\">Anzahl gepflanzter B\u00e4ume<\/td><td class=\"column-2\"><\/td>\n<\/tr>\n<tr class=\"row-6\">\n\t<td colspan=\"2\" class=\"column-1\">Die Finca Eduardo liegt im La Gamba Tal und ist n\u00f6rdlich und s\u00fcdlich umgeben von \u00d6lpalmenplantagen. Die f\u00fcr den Biologischen Korridor strategisch gut gelegene Finca verbindet die W\u00e4lder der Fila Gamba (im Osten) mit den \u00f6stlichen Ausl\u00e4ufern des Nationalparks Piedras Blancas. Diese Finca ist zusammen mit der Finca Amable die erste neu geschaffene Gr\u00fcnbr\u00fccke im La Gamba Tal.<br \/>\n<br \/>\nDie Finca Eduardo setzt sich gro\u00dfteils aus Viehweide (ca. 18 ha) mit unterschiedlich feuchten Bodenbedingungen, Entw\u00e4sserungsgr\u00e4ben und einer \u00d6lpalmenpflanzung (2,2 ha) zusammen.<br \/>\n<br \/>\nDie Finca wurde schon sehr fr\u00fch (ca. 1940er Jahre) f\u00fcr Bananenplantagen der United Fruit Company genutzt bis diese 1986 die Gegend verlie\u00df. Danach wurden viele Fincas, ua. auch die Finca Eduardo aufgrund von nicht einbringlichen Hypothekarkrediten durch die Banco Nacional de Costa Rica konfisziert. Danach lag die Finca f\u00fcr einige Jahre brach. Etwa ab dem Jahr 2000 wurde durch die Firma Agro Arenal SA vor allem Maniok (Manihot esculenta, Euphorbiaceae) and Papa chiricana (Dioscorea trifida, Convolvulaceae) f\u00fcr den Export kultiviert. Seit ca. 2015 wird die Finca als Viehweide genutzt und ein kleiner Teil ist eine \u00d6lpalmenplantage. Aufgrund der intensiven Nutzung vor allem durch Weidetiere sind die B\u00f6den verdichtet.<br \/>\n<br \/>\nDer Plan ist, Teile der Finca mit ausgew\u00e4hlten Baumarten wieder zu bewalden (ca. 9 ha) und weitere 5,5 ha der nat\u00fcrlichen Sukzession zu \u00fcberlassen. Die Anlage von Feuchtbiotopen und Teichen sollen zus\u00e4tzliche Habitate f\u00fcr Amphibien, Reptilien und V\u00f6gel sowie Wasserpflanzen schaffen.<br \/>\n<br \/>\nBesonderheit: Die Finca Eduardo besticht durch die Lage zwischen zwei gro\u00dfen Waldgebieten die durch die geplanten Wiederbewaldung und die nat\u00fcrliche Sukzession wieder verbunden werden. Erste wiss. Vorarbeiten ergaben eine hohe Vielfalt an Vogelarten.<\/td>\n<\/tr>\n<\/tbody>\n<\/table>\n<!-- #tablepress-11 from cache -->\n<\/div>\n\t\t\t\t<\/div>\n\t\t\t\t\t\t\t\t<\/div>\n\t\t\t\t\t\t<\/div>\n\t\t\t\t<\/div>\n\t\t\t\t<\/div>\n\t\t\t\t<\/div>\n\t\t<div class=\"elementor-element elementor-element-b57f169 e-con-full e-flex e-con e-child\" data-id=\"b57f169\" data-element_type=\"container\" data-e-type=\"container\">\n\t\t<div class=\"elementor-element elementor-element-431c4bb1 e-con-full e-flex e-con e-child\" data-id=\"431c4bb1\" data-element_type=\"container\" data-e-type=\"container\">\n\t\t\t\t<div class=\"elementor-element elementor-element-3db4f167 elementor-widget elementor-widget-heading\" data-id=\"3db4f167\" data-element_type=\"widget\" data-e-type=\"widget\" data-widget_type=\"heading.default\">\n\t\t\t\t<div class=\"elementor-widget-container\">\n\t\t\t\t\t<h2 class=\"elementor-heading-title elementor-size-default\">Finca Luis<\/h2>\t\t\t\t<\/div>\n\t\t\t\t<\/div>\n\t\t\t\t<div class=\"elementor-element elementor-element-15bc09b1 elementor-widget elementor-widget-image\" data-id=\"15bc09b1\" data-element_type=\"widget\" data-e-type=\"widget\" data-widget_type=\"image.default\">\n\t\t\t\t<div class=\"elementor-widget-container\">\n\t\t\t\t\t\t\t\t\t\t\t\t\t\t\t<img decoding=\"async\" src=\"https:\/\/www.regenwald.at\/wp-content\/uploads\/elementor\/thumbs\/Finca-Luis-qdgvz6bog4ztl5mbjcmimuumms98tmzrkc4l2abk5u.jpg\" title=\"Finca-Luis.jpg\" alt=\"Finca-Luis.jpg\" loading=\"lazy\" \/>\t\t\t\t\t\t\t\t\t\t\t\t\t\t\t<\/div>\n\t\t\t\t<\/div>\n\t\t\t\t<div class=\"elementor-element elementor-element-1d3c59cd elementor-widget elementor-widget-toggle\" data-id=\"1d3c59cd\" data-element_type=\"widget\" data-e-type=\"widget\" data-widget_type=\"toggle.default\">\n\t\t\t\t<div class=\"elementor-widget-container\">\n\t\t\t\t\t\t\t<div class=\"elementor-toggle\">\n\t\t\t\t\t\t\t<div class=\"elementor-toggle-item\">\n\t\t\t\t\t<div id=\"elementor-tab-title-4901\" class=\"elementor-tab-title\" data-tab=\"1\" role=\"button\" aria-controls=\"elementor-tab-content-4901\" aria-expanded=\"false\">\n\t\t\t\t\t\t\t\t\t\t\t\t<span class=\"elementor-toggle-icon elementor-toggle-icon-left\" aria-hidden=\"true\">\n\t\t\t\t\t\t\t\t\t\t\t\t\t\t\t<span class=\"elementor-toggle-icon-closed\"><svg class=\"e-font-icon-svg e-fas-caret-right\" viewBox=\"0 0 192 512\" xmlns=\"http:\/\/www.w3.org\/2000\/svg\"><path d=\"M0 384.662V127.338c0-17.818 21.543-26.741 34.142-14.142l128.662 128.662c7.81 7.81 7.81 20.474 0 28.284L34.142 398.804C21.543 411.404 0 402.48 0 384.662z\"><\/path><\/svg><\/span>\n\t\t\t\t\t\t\t\t<span class=\"elementor-toggle-icon-opened\"><svg class=\"elementor-toggle-icon-opened e-font-icon-svg e-fas-caret-up\" viewBox=\"0 0 320 512\" xmlns=\"http:\/\/www.w3.org\/2000\/svg\"><path d=\"M288.662 352H31.338c-17.818 0-26.741-21.543-14.142-34.142l128.662-128.662c7.81-7.81 20.474-7.81 28.284 0l128.662 128.662c12.6 12.599 3.676 34.142-14.142 34.142z\"><\/path><\/svg><\/span>\n\t\t\t\t\t\t\t\t\t\t\t\t\t<\/span>\n\t\t\t\t\t\t\t\t\t\t\t\t<a class=\"elementor-toggle-title\" tabindex=\"0\">Details about the property \u201cFinca Luis\u201d<\/a>\n\t\t\t\t\t<\/div>\n\n\t\t\t\t\t<div id=\"elementor-tab-content-4901\" class=\"elementor-tab-content elementor-clearfix\" data-tab=\"1\" role=\"region\" aria-labelledby=\"elementor-tab-title-4901\">\n<table id=\"tablepress-3\" class=\"tablepress tablepress-id-3 tbody-has-connected-cells\">\n<thead>\n<tr class=\"row-1\">\n\t<th class=\"column-1\">Kaufdatum<\/th><th class=\"column-2\">2018<\/th>\n<\/tr>\n<\/thead>\n<tbody class=\"row-striping row-hover\">\n<tr class=\"row-2\">\n\t<td class=\"column-1\">Kaufpreis<\/td><td class=\"column-2\">\u20ac 37.000<\/td>\n<\/tr>\n<tr class=\"row-3\">\n\t<td class=\"column-1\">Fl\u00e4che<\/td><td class=\"column-2\">3,0 ha<\/td>\n<\/tr>\n<tr class=\"row-4\">\n\t<td class=\"column-1\">Zeitraum der Wiederbewaldungen<\/td><td class=\"column-2\">November 2018 &#8211; November 2019<\/td>\n<\/tr>\n<tr class=\"row-5\">\n\t<td class=\"column-1\">Anzahl gepflanzter B\u00e4ume<\/td><td class=\"column-2\">1.034 B\u00e4ume aus \u00fcber 60 Arten<\/td>\n<\/tr>\n<tr class=\"row-6\">\n\t<td colspan=\"2\" class=\"column-1\">Die Finca Luis liegt zwischen \u00d6lpalmenplantagen und verbindet den Nationalpark bei La Gamba \u00fcber die Finca Mundo zu den Ausl\u00e4ufern des Nationalparks bei La Guaria. Die Finca ist bodenfeucht und grundwasserbeeinflusst. Die besonders feuchten Bereiche wurden auf der Finca nicht bewaldet, sondern sich selbst \u00fcberlassen. Kleinere Wasserfl\u00e4chen wurden in Teiche umgewandelt, um Habitate f\u00fcr Wasserv\u00f6gel und Amphibien zu schaffen. Finanzierung des Grundst\u00fcckkaufs von G\u00fcnter und Christa Stadler (Frastanz). Finanzierung der Wiederbewaldung von Regenwald der \u00d6sterreicher.<\/td>\n<\/tr>\n<\/tbody>\n<\/table>\n<!-- #tablepress-3 from cache -->\n<\/div>\n\t\t\t\t<\/div>\n\t\t\t\t\t\t\t\t<\/div>\n\t\t\t\t\t\t<\/div>\n\t\t\t\t<\/div>\n\t\t\t\t<\/div>\n\t\t\t\t<\/div>\n\t\t\t\t\t<\/div>\n\t\t\t\t<\/div>\n\t\t<div class=\"elementor-element elementor-element-e3fc457 e-flex e-con-boxed e-con e-parent\" data-id=\"e3fc457\" data-element_type=\"container\" data-e-type=\"container\">\n\t\t\t\t\t<div class=\"e-con-inner\">\n\t\t<div class=\"elementor-element elementor-element-6591303 e-con-full e-flex e-con e-child\" data-id=\"6591303\" data-element_type=\"container\" data-e-type=\"container\">\n\t\t<div class=\"elementor-element elementor-element-4b4a202 e-con-full e-flex e-con e-child\" data-id=\"4b4a202\" data-element_type=\"container\" data-e-type=\"container\">\n\t\t\t\t<div class=\"elementor-element elementor-element-2e2f89e elementor-widget elementor-widget-heading\" data-id=\"2e2f89e\" data-element_type=\"widget\" data-e-type=\"widget\" data-widget_type=\"heading.default\">\n\t\t\t\t<div class=\"elementor-widget-container\">\n\t\t\t\t\t<h2 class=\"elementor-heading-title elementor-size-default\">Finca Mundo<\/h2>\t\t\t\t<\/div>\n\t\t\t\t<\/div>\n\t\t\t\t<div class=\"elementor-element elementor-element-0b0dbac elementor-widget elementor-widget-image\" data-id=\"0b0dbac\" data-element_type=\"widget\" data-e-type=\"widget\" data-widget_type=\"image.default\">\n\t\t\t\t<div class=\"elementor-widget-container\">\n\t\t\t\t\t\t\t\t\t\t\t\t\t\t\t<img loading=\"lazy\" decoding=\"async\" width=\"768\" height=\"512\" src=\"https:\/\/www.regenwald.at\/wp-content\/uploads\/2023\/10\/Finca_Mundo-32-768x512.jpg\" class=\"attachment-medium_large size-medium_large wp-image-17464\" alt=\"\" srcset=\"https:\/\/www.regenwald.at\/wp-content\/uploads\/2023\/10\/Finca_Mundo-32-768x512.jpg 768w, https:\/\/www.regenwald.at\/wp-content\/uploads\/2023\/10\/Finca_Mundo-32-300x200.jpg 300w, https:\/\/www.regenwald.at\/wp-content\/uploads\/2023\/10\/Finca_Mundo-32-350x233.jpg 350w, https:\/\/www.regenwald.at\/wp-content\/uploads\/2023\/10\/Finca_Mundo-32-600x400.jpg 600w, https:\/\/www.regenwald.at\/wp-content\/uploads\/2023\/10\/Finca_Mundo-32-100x67.jpg 100w, https:\/\/www.regenwald.at\/wp-content\/uploads\/2023\/10\/Finca_Mundo-32.jpg 779w\" sizes=\"(max-width: 768px) 100vw, 768px\" \/>\t\t\t\t\t\t\t\t\t\t\t\t\t\t\t<\/div>\n\t\t\t\t<\/div>\n\t\t\t\t<div class=\"elementor-element elementor-element-0ecd711 elementor-widget elementor-widget-toggle\" data-id=\"0ecd711\" data-element_type=\"widget\" data-e-type=\"widget\" data-widget_type=\"toggle.default\">\n\t\t\t\t<div class=\"elementor-widget-container\">\n\t\t\t\t\t\t\t<div class=\"elementor-toggle\">\n\t\t\t\t\t\t\t<div class=\"elementor-toggle-item\">\n\t\t\t\t\t<div id=\"elementor-tab-title-1551\" class=\"elementor-tab-title\" data-tab=\"1\" role=\"button\" aria-controls=\"elementor-tab-content-1551\" aria-expanded=\"false\">\n\t\t\t\t\t\t\t\t\t\t\t\t<span class=\"elementor-toggle-icon elementor-toggle-icon-left\" aria-hidden=\"true\">\n\t\t\t\t\t\t\t\t\t\t\t\t\t\t\t<span class=\"elementor-toggle-icon-closed\"><svg class=\"e-font-icon-svg e-fas-caret-right\" viewBox=\"0 0 192 512\" xmlns=\"http:\/\/www.w3.org\/2000\/svg\"><path d=\"M0 384.662V127.338c0-17.818 21.543-26.741 34.142-14.142l128.662 128.662c7.81 7.81 7.81 20.474 0 28.284L34.142 398.804C21.543 411.404 0 402.48 0 384.662z\"><\/path><\/svg><\/span>\n\t\t\t\t\t\t\t\t<span class=\"elementor-toggle-icon-opened\"><svg class=\"elementor-toggle-icon-opened e-font-icon-svg e-fas-caret-up\" viewBox=\"0 0 320 512\" xmlns=\"http:\/\/www.w3.org\/2000\/svg\"><path d=\"M288.662 352H31.338c-17.818 0-26.741-21.543-14.142-34.142l128.662-128.662c7.81-7.81 20.474-7.81 28.284 0l128.662 128.662c12.6 12.599 3.676 34.142-14.142 34.142z\"><\/path><\/svg><\/span>\n\t\t\t\t\t\t\t\t\t\t\t\t\t<\/span>\n\t\t\t\t\t\t\t\t\t\t\t\t<a class=\"elementor-toggle-title\" tabindex=\"0\">Details about the property \u201cFinca Mundo\u201d<\/a>\n\t\t\t\t\t<\/div>\n\n\t\t\t\t\t<div id=\"elementor-tab-content-1551\" class=\"elementor-tab-content elementor-clearfix\" data-tab=\"1\" role=\"region\" aria-labelledby=\"elementor-tab-title-1551\">\n<table id=\"tablepress-8\" class=\"tablepress tablepress-id-8 tbody-has-connected-cells\">\n<thead>\n<tr class=\"row-1\">\n\t<th class=\"column-1\">Kaufdatum<\/th><th class=\"column-2\">2018<\/th>\n<\/tr>\n<\/thead>\n<tbody class=\"row-striping row-hover\">\n<tr class=\"row-2\">\n\t<td class=\"column-1\">Kaufpreis<\/td><td class=\"column-2\">\u20ac 123.000<\/td>\n<\/tr>\n<tr class=\"row-3\">\n\t<td class=\"column-1\">Fl\u00e4che<\/td><td class=\"column-2\">54,29  ha<\/td>\n<\/tr>\n<tr class=\"row-4\">\n\t<td class=\"column-1\">Anzahl gepflanzter B\u00e4ume<\/td><td class=\"column-2\">0<\/td>\n<\/tr>\n<tr class=\"row-5\">\n\t<td colspan=\"2\" class=\"column-1\">Die Finca Mundo grenzt im S\u00fcden an den R\u00edo Bonito und sch\u00fctzt einen Uferbereichstreifen von ca. 550 m L\u00e4nge. Dahinter befindet sich eine H\u00fcgelkette (max. 160 m Seeh\u00f6he) mit prim\u00e4ren und sekund\u00e4ren Regenw\u00e4ldern. Ein kleiner Bach durchzieht das Gel\u00e4nde und schafft einen bemerkenswerten Lebensraum mit Riesenkr\u00e4utern aus den Familien Araceae, Marantaceae und Costaceae. Die Finca Mundo hat \u00fcber eine weitere Finca Anschluss an die Prim\u00e4rw\u00e4lder des Nationalparks Piedras Blancas im Norden Richtung Fila Cal.<\/td>\n<\/tr>\n<\/tbody>\n<\/table>\n<!-- #tablepress-8 from cache -->\n<\/div>\n\t\t\t\t<\/div>\n\t\t\t\t\t\t\t\t<\/div>\n\t\t\t\t\t\t<\/div>\n\t\t\t\t<\/div>\n\t\t\t\t<\/div>\n\t\t\t\t<\/div>\n\t\t<div class=\"elementor-element elementor-element-e81df0d e-con-full e-flex e-con e-child\" data-id=\"e81df0d\" data-element_type=\"container\" data-e-type=\"container\">\n\t\t<div class=\"elementor-element elementor-element-96d4930 e-con-full e-flex e-con e-child\" data-id=\"96d4930\" data-element_type=\"container\" data-e-type=\"container\">\n\t\t\t\t<div class=\"elementor-element elementor-element-284ceb1 elementor-widget elementor-widget-heading\" data-id=\"284ceb1\" data-element_type=\"widget\" data-e-type=\"widget\" data-widget_type=\"heading.default\">\n\t\t\t\t<div class=\"elementor-widget-container\">\n\t\t\t\t\t<h2 class=\"elementor-heading-title elementor-size-default\">Finca Alexis<\/h2>\t\t\t\t<\/div>\n\t\t\t\t<\/div>\n\t\t\t\t<div class=\"elementor-element elementor-element-0e8fcd4 elementor-widget elementor-widget-image\" data-id=\"0e8fcd4\" data-element_type=\"widget\" data-e-type=\"widget\" data-widget_type=\"image.default\">\n\t\t\t\t<div class=\"elementor-widget-container\">\n\t\t\t\t\t\t\t\t\t\t\t\t\t\t\t<img loading=\"lazy\" decoding=\"async\" width=\"713\" height=\"475\" src=\"https:\/\/www.regenwald.at\/wp-content\/uploads\/2023\/10\/Veranda_Alexis-32.jpg\" class=\"attachment-medium_large size-medium_large wp-image-17470\" alt=\"\" srcset=\"https:\/\/www.regenwald.at\/wp-content\/uploads\/2023\/10\/Veranda_Alexis-32.jpg 713w, https:\/\/www.regenwald.at\/wp-content\/uploads\/2023\/10\/Veranda_Alexis-32-300x200.jpg 300w, https:\/\/www.regenwald.at\/wp-content\/uploads\/2023\/10\/Veranda_Alexis-32-350x233.jpg 350w, https:\/\/www.regenwald.at\/wp-content\/uploads\/2023\/10\/Veranda_Alexis-32-600x400.jpg 600w, https:\/\/www.regenwald.at\/wp-content\/uploads\/2023\/10\/Veranda_Alexis-32-100x67.jpg 100w\" sizes=\"(max-width: 713px) 100vw, 713px\" \/>\t\t\t\t\t\t\t\t\t\t\t\t\t\t\t<\/div>\n\t\t\t\t<\/div>\n\t\t\t\t<div class=\"elementor-element elementor-element-5e25e60 elementor-widget elementor-widget-toggle\" data-id=\"5e25e60\" data-element_type=\"widget\" data-e-type=\"widget\" data-widget_type=\"toggle.default\">\n\t\t\t\t<div class=\"elementor-widget-container\">\n\t\t\t\t\t\t\t<div class=\"elementor-toggle\">\n\t\t\t\t\t\t\t<div class=\"elementor-toggle-item\">\n\t\t\t\t\t<div id=\"elementor-tab-title-9871\" class=\"elementor-tab-title\" data-tab=\"1\" role=\"button\" aria-controls=\"elementor-tab-content-9871\" aria-expanded=\"false\">\n\t\t\t\t\t\t\t\t\t\t\t\t<span class=\"elementor-toggle-icon elementor-toggle-icon-left\" aria-hidden=\"true\">\n\t\t\t\t\t\t\t\t\t\t\t\t\t\t\t<span class=\"elementor-toggle-icon-closed\"><svg class=\"e-font-icon-svg e-fas-caret-right\" viewBox=\"0 0 192 512\" xmlns=\"http:\/\/www.w3.org\/2000\/svg\"><path d=\"M0 384.662V127.338c0-17.818 21.543-26.741 34.142-14.142l128.662 128.662c7.81 7.81 7.81 20.474 0 28.284L34.142 398.804C21.543 411.404 0 402.48 0 384.662z\"><\/path><\/svg><\/span>\n\t\t\t\t\t\t\t\t<span class=\"elementor-toggle-icon-opened\"><svg class=\"elementor-toggle-icon-opened e-font-icon-svg e-fas-caret-up\" viewBox=\"0 0 320 512\" xmlns=\"http:\/\/www.w3.org\/2000\/svg\"><path d=\"M288.662 352H31.338c-17.818 0-26.741-21.543-14.142-34.142l128.662-128.662c7.81-7.81 20.474-7.81 28.284 0l128.662 128.662c12.6 12.599 3.676 34.142-14.142 34.142z\"><\/path><\/svg><\/span>\n\t\t\t\t\t\t\t\t\t\t\t\t\t<\/span>\n\t\t\t\t\t\t\t\t\t\t\t\t<a class=\"elementor-toggle-title\" tabindex=\"0\">Details about the property \u201cFinca Alexis\u201d<\/a>\n\t\t\t\t\t<\/div>\n\n\t\t\t\t\t<div id=\"elementor-tab-content-9871\" class=\"elementor-tab-content elementor-clearfix\" data-tab=\"1\" role=\"region\" aria-labelledby=\"elementor-tab-title-9871\">\n<table id=\"tablepress-12\" class=\"tablepress tablepress-id-12 tbody-has-connected-cells\">\n<thead>\n<tr class=\"row-1\">\n\t<th class=\"column-1\">Kaufdatum<\/th><th class=\"column-2\">2016<\/th>\n<\/tr>\n<\/thead>\n<tbody class=\"row-striping row-hover\">\n<tr class=\"row-2\">\n\t<td class=\"column-1\">Kaufpreis<\/td><td class=\"column-2\">\u20ac<\/td>\n<\/tr>\n<tr class=\"row-3\">\n\t<td class=\"column-1\">Fl\u00e4che<\/td><td class=\"column-2\">137,02 ha<\/td>\n<\/tr>\n<tr class=\"row-4\">\n\t<td class=\"column-1\">Zeitraum der Wiederbewaldungen<\/td><td class=\"column-2\">2017 bis 2019<\/td>\n<\/tr>\n<tr class=\"row-5\">\n\t<td class=\"column-1\">Anzahl gepflanzter B\u00e4ume<\/td><td class=\"column-2\">6.971 B\u00e4ume aus 19 Arten<\/td>\n<\/tr>\n<tr class=\"row-6\">\n\t<td colspan=\"2\" class=\"column-1\">Die Finca Alexis ist ein Zusammenschluss von insgesamt 3 Fincas (Finca Alexis 1-3), die im Laufe der letzten Jahre gekauft wurden. Alle Grundst\u00fccke liegen im Bereich des Biologischen Korridors entlang eines Seitenarms des R\u00edo Esquinas und sind daher auch f\u00fcr den Gew\u00e4sserschutz von gro\u00dfer Bedeutung. Insgesamt hat die Finca Alexis eine Fl\u00e4che von 137,02 ha.<br \/>\n<br \/>\nDie Finca Alexis liegt am Fu\u00df der Fila Cal, einem Kalkgebirge n\u00f6rdlich der Tropenstation mit gr\u00f6\u00dftenteils noch ungesch\u00fctzten prim\u00e4ren Bergregenw\u00e4ldern (h\u00f6chster Punkt Cerro Anguciana 1.694 m). Sie befindet sich 16 km von der Tropenstation La Gamba entfernt und liegt auf einer Seeh\u00f6he zwischen 215 m und 515 m Seeh\u00f6he. Dadurch liegt sie in der \u00dcbergangszone zwischen dem Tiefland- und dem Bergregenwald der unteren Stufe und bildet einen wichtigen Teil des COBIGA Projektes. <\/td>\n<\/tr>\n<\/tbody>\n<\/table>\n<!-- #tablepress-12 from cache -->\n<\/div>\n\t\t\t\t<\/div>\n\t\t\t\t\t\t\t\t<\/div>\n\t\t\t\t\t\t<\/div>\n\t\t\t\t<\/div>\n\t\t\t\t<\/div>\n\t\t\t\t<\/div>\n\t\t\t\t\t<\/div>\n\t\t\t\t<\/div>\n\t\t<div class=\"elementor-element elementor-element-fe8a872 e-flex e-con-boxed e-con e-parent\" data-id=\"fe8a872\" data-element_type=\"container\" data-e-type=\"container\">\n\t\t\t\t\t<div class=\"e-con-inner\">\n\t\t<div class=\"elementor-element elementor-element-006f01c e-con-full e-flex e-con e-child\" data-id=\"006f01c\" data-element_type=\"container\" data-e-type=\"container\">\n\t\t<div class=\"elementor-element elementor-element-86d3967 e-con-full e-flex e-con e-child\" data-id=\"86d3967\" data-element_type=\"container\" data-e-type=\"container\">\n\t\t\t\t<div class=\"elementor-element elementor-element-6148350f elementor-widget elementor-widget-heading\" data-id=\"6148350f\" data-element_type=\"widget\" data-e-type=\"widget\" data-widget_type=\"heading.default\">\n\t\t\t\t<div class=\"elementor-widget-container\">\n\t\t\t\t\t<h2 class=\"elementor-heading-title elementor-size-default\">Finca Carlos Monge<\/h2>\t\t\t\t<\/div>\n\t\t\t\t<\/div>\n\t\t\t\t<div class=\"elementor-element elementor-element-4f673668 elementor-widget__width-initial elementor-widget elementor-widget-image\" data-id=\"4f673668\" data-element_type=\"widget\" data-e-type=\"widget\" data-widget_type=\"image.default\">\n\t\t\t\t<div class=\"elementor-widget-container\">\n\t\t\t\t\t\t\t\t\t\t\t\t\t\t\t<img loading=\"lazy\" decoding=\"async\" width=\"768\" height=\"513\" src=\"https:\/\/www.regenwald.at\/wp-content\/uploads\/2023\/10\/Finca-Carlos-Monge-3zu2-768x513.jpg\" class=\"attachment-medium_large size-medium_large wp-image-15860\" alt=\"\" srcset=\"https:\/\/www.regenwald.at\/wp-content\/uploads\/2023\/10\/Finca-Carlos-Monge-3zu2-768x513.jpg 768w, https:\/\/www.regenwald.at\/wp-content\/uploads\/2023\/10\/Finca-Carlos-Monge-3zu2-300x200.jpg 300w, https:\/\/www.regenwald.at\/wp-content\/uploads\/2023\/10\/Finca-Carlos-Monge-3zu2-350x233.jpg 350w, https:\/\/www.regenwald.at\/wp-content\/uploads\/2023\/10\/Finca-Carlos-Monge-3zu2-600x401.jpg 600w, https:\/\/www.regenwald.at\/wp-content\/uploads\/2023\/10\/Finca-Carlos-Monge-3zu2-100x67.jpg 100w, https:\/\/www.regenwald.at\/wp-content\/uploads\/2023\/10\/Finca-Carlos-Monge-3zu2.jpg 800w\" sizes=\"(max-width: 768px) 100vw, 768px\" \/>\t\t\t\t\t\t\t\t\t\t\t\t\t\t\t<\/div>\n\t\t\t\t<\/div>\n\t\t\t\t<div class=\"elementor-element elementor-element-74805d92 elementor-widget__width-initial elementor-widget elementor-widget-toggle\" data-id=\"74805d92\" data-element_type=\"widget\" data-e-type=\"widget\" data-widget_type=\"toggle.default\">\n\t\t\t\t<div class=\"elementor-widget-container\">\n\t\t\t\t\t\t\t<div class=\"elementor-toggle\">\n\t\t\t\t\t\t\t<div class=\"elementor-toggle-item\">\n\t\t\t\t\t<div id=\"elementor-tab-title-1951\" class=\"elementor-tab-title\" data-tab=\"1\" role=\"button\" aria-controls=\"elementor-tab-content-1951\" aria-expanded=\"false\">\n\t\t\t\t\t\t\t\t\t\t\t\t<span class=\"elementor-toggle-icon elementor-toggle-icon-left\" aria-hidden=\"true\">\n\t\t\t\t\t\t\t\t\t\t\t\t\t\t\t<span class=\"elementor-toggle-icon-closed\"><svg class=\"e-font-icon-svg e-fas-caret-right\" viewBox=\"0 0 192 512\" xmlns=\"http:\/\/www.w3.org\/2000\/svg\"><path d=\"M0 384.662V127.338c0-17.818 21.543-26.741 34.142-14.142l128.662 128.662c7.81 7.81 7.81 20.474 0 28.284L34.142 398.804C21.543 411.404 0 402.48 0 384.662z\"><\/path><\/svg><\/span>\n\t\t\t\t\t\t\t\t<span class=\"elementor-toggle-icon-opened\"><svg class=\"elementor-toggle-icon-opened e-font-icon-svg e-fas-caret-up\" viewBox=\"0 0 320 512\" xmlns=\"http:\/\/www.w3.org\/2000\/svg\"><path d=\"M288.662 352H31.338c-17.818 0-26.741-21.543-14.142-34.142l128.662-128.662c7.81-7.81 20.474-7.81 28.284 0l128.662 128.662c12.6 12.599 3.676 34.142-14.142 34.142z\"><\/path><\/svg><\/span>\n\t\t\t\t\t\t\t\t\t\t\t\t\t<\/span>\n\t\t\t\t\t\t\t\t\t\t\t\t<a class=\"elementor-toggle-title\" tabindex=\"0\">Details about the property \u201cFinca Carlos Monge\u201d<\/a>\n\t\t\t\t\t<\/div>\n\n\t\t\t\t\t<div id=\"elementor-tab-content-1951\" class=\"elementor-tab-content elementor-clearfix\" data-tab=\"1\" role=\"region\" aria-labelledby=\"elementor-tab-title-1951\">\n<table id=\"tablepress-4\" class=\"tablepress tablepress-id-4 tbody-has-connected-cells\">\n<thead>\n<tr class=\"row-1\">\n\t<th class=\"column-1\">Kaufdatum<\/th><th class=\"column-2\">2009<\/th>\n<\/tr>\n<\/thead>\n<tbody class=\"row-striping row-hover\">\n<tr class=\"row-2\">\n\t<td class=\"column-1\">Kaufpreis<\/td><td class=\"column-2\">\u20ac 75.000,-<\/td>\n<\/tr>\n<tr class=\"row-3\">\n\t<td class=\"column-1\">Fl\u00e4che<\/td><td class=\"column-2\">21,78 ha<\/td>\n<\/tr>\n<tr class=\"row-4\">\n\t<td class=\"column-1\">Anzahl gepflanzter B\u00e4ume<\/td><td class=\"column-2\">0<\/td>\n<\/tr>\n<tr class=\"row-5\">\n\t<td colspan=\"2\" class=\"column-1\">Die Finca Carlos Monge im Bonito-Tal wurde 2009 gekauft, in den Nationalpark eingegliedert und zur G\u00e4nze der nat\u00fcrlichen Regenerierung \u00fcberlassen.  Auf der ehemaligen Viehweide war bereits ein artenreicher Jungwald entstanden, der in seinem Wachstum durch die unmittelbare Umgebung des Nationalparks beg\u00fcnstigt war. Auf eine Wiederbewaldung konnte daher verzichtet werden.<\/td>\n<\/tr>\n<\/tbody>\n<\/table>\n<!-- #tablepress-4 from cache -->\n<\/div>\n\t\t\t\t<\/div>\n\t\t\t\t\t\t\t\t<\/div>\n\t\t\t\t\t\t<\/div>\n\t\t\t\t<\/div>\n\t\t\t\t<\/div>\n\t\t\t\t<\/div>\n\t\t<div class=\"elementor-element elementor-element-08a873e e-con-full e-flex e-con e-child\" data-id=\"08a873e\" data-element_type=\"container\" data-e-type=\"container\">\n\t\t<div class=\"elementor-element elementor-element-6a58633 e-con-full e-flex e-con e-child\" data-id=\"6a58633\" data-element_type=\"container\" data-e-type=\"container\">\n\t\t\t\t<div class=\"elementor-element elementor-element-eb4e4d5 elementor-widget elementor-widget-heading\" data-id=\"eb4e4d5\" data-element_type=\"widget\" data-e-type=\"widget\" data-widget_type=\"heading.default\">\n\t\t\t\t<div class=\"elementor-widget-container\">\n\t\t\t\t\t<h2 class=\"elementor-heading-title elementor-size-default\">Finca Amable<\/h2>\t\t\t\t<\/div>\n\t\t\t\t<\/div>\n\t\t\t\t<div class=\"elementor-element elementor-element-6c55793 elementor--h-position-left elementor--v-position-bottom elementor-arrows-position-inside elementor-widget elementor-widget-slides\" data-id=\"6c55793\" data-element_type=\"widget\" data-e-type=\"widget\" data-settings=\"{&quot;navigation&quot;:&quot;arrows&quot;,&quot;transition&quot;:&quot;fade&quot;,&quot;transition_speed&quot;:2000,&quot;autoplay&quot;:&quot;yes&quot;,&quot;pause_on_hover&quot;:&quot;yes&quot;,&quot;autoplay_speed&quot;:5000,&quot;infinite&quot;:&quot;yes&quot;}\" data-widget_type=\"slides.default\">\n\t\t\t\t<div class=\"elementor-widget-container\">\n\t\t\t\t\t\t\t\t\t<div class=\"elementor-swiper\">\n\t\t\t\t\t<div class=\"elementor-slides-wrapper elementor-main-swiper swiper\" role=\"region\" aria-roledescription=\"carousel\" aria-label=\"Slider\" dir=\"ltr\" data-animation=\"\">\n\t\t\t\t<div class=\"swiper-wrapper elementor-slides\">\n\t\t\t\t\t\t\t\t\t\t<div class=\"elementor-repeater-item-a1f5333 swiper-slide\" role=\"group\" aria-roledescription=\"slide\"><div class=\"swiper-slide-bg\" role=\"img\" aria-label=\"Finca Amable 32\"><\/div><div class=\"swiper-slide-inner\" ><div class=\"swiper-slide-contents\"><\/div><\/div><\/div><div class=\"elementor-repeater-item-e141bdf swiper-slide\" role=\"group\" aria-roledescription=\"slide\"><div class=\"swiper-slide-bg\" role=\"img\" aria-label=\"Amable comparison\"><\/div><div class=\"swiper-slide-inner\" ><div class=\"swiper-slide-contents\"><\/div><\/div><\/div>\t\t\t\t<\/div>\n\t\t\t\t\t\t\t\t\t\t\t\t\t\t\t<div class=\"elementor-swiper-button elementor-swiper-button-prev\" role=\"button\" tabindex=\"0\" aria-label=\"Previous slide\">\n\t\t\t\t\t\t\t<svg aria-hidden=\"true\" class=\"e-font-icon-svg e-eicon-chevron-left\" viewBox=\"0 0 1000 1000\" xmlns=\"http:\/\/www.w3.org\/2000\/svg\"><path d=\"M646 125C629 125 613 133 604 142L308 442C296 454 292 471 292 487 292 504 296 521 308 533L604 854C617 867 629 875 646 875 663 875 679 871 692 858 704 846 713 829 713 812 713 796 708 779 692 767L438 487 692 225C700 217 708 204 708 187 708 171 704 154 692 142 675 129 663 125 646 125Z\"><\/path><\/svg>\t\t\t\t\t\t<\/div>\n\t\t\t\t\t\t<div class=\"elementor-swiper-button elementor-swiper-button-next\" role=\"button\" tabindex=\"0\" aria-label=\"Next slide\">\n\t\t\t\t\t\t\t<svg aria-hidden=\"true\" class=\"e-font-icon-svg e-eicon-chevron-right\" viewBox=\"0 0 1000 1000\" xmlns=\"http:\/\/www.w3.org\/2000\/svg\"><path d=\"M696 533C708 521 713 504 713 487 713 471 708 454 696 446L400 146C388 133 375 125 354 125 338 125 325 129 313 142 300 154 292 171 292 187 292 204 296 221 308 233L563 492 304 771C292 783 288 800 288 817 288 833 296 850 308 863 321 871 338 875 354 875 371 875 388 867 400 854L696 533Z\"><\/path><\/svg>\t\t\t\t\t\t<\/div>\n\t\t\t\t\t\t\t\t\t\t\t\t\t\t\t\t\t<\/div>\n\t\t\t\t<\/div>\n\t\t\t\t\t\t\t\t<\/div>\n\t\t\t\t<\/div>\n\t\t\t\t<div class=\"elementor-element elementor-element-b46ddbf elementor-widget elementor-widget-toggle\" data-id=\"b46ddbf\" data-element_type=\"widget\" data-e-type=\"widget\" data-widget_type=\"toggle.default\">\n\t\t\t\t<div class=\"elementor-widget-container\">\n\t\t\t\t\t\t\t<div class=\"elementor-toggle\">\n\t\t\t\t\t\t\t<div class=\"elementor-toggle-item\">\n\t\t\t\t\t<div id=\"elementor-tab-title-1891\" class=\"elementor-tab-title\" data-tab=\"1\" role=\"button\" aria-controls=\"elementor-tab-content-1891\" aria-expanded=\"false\">\n\t\t\t\t\t\t\t\t\t\t\t\t<span class=\"elementor-toggle-icon elementor-toggle-icon-left\" aria-hidden=\"true\">\n\t\t\t\t\t\t\t\t\t\t\t\t\t\t\t<span class=\"elementor-toggle-icon-closed\"><svg class=\"e-font-icon-svg e-fas-caret-right\" viewBox=\"0 0 192 512\" xmlns=\"http:\/\/www.w3.org\/2000\/svg\"><path d=\"M0 384.662V127.338c0-17.818 21.543-26.741 34.142-14.142l128.662 128.662c7.81 7.81 7.81 20.474 0 28.284L34.142 398.804C21.543 411.404 0 402.48 0 384.662z\"><\/path><\/svg><\/span>\n\t\t\t\t\t\t\t\t<span class=\"elementor-toggle-icon-opened\"><svg class=\"elementor-toggle-icon-opened e-font-icon-svg e-fas-caret-up\" viewBox=\"0 0 320 512\" xmlns=\"http:\/\/www.w3.org\/2000\/svg\"><path d=\"M288.662 352H31.338c-17.818 0-26.741-21.543-14.142-34.142l128.662-128.662c7.81-7.81 20.474-7.81 28.284 0l128.662 128.662c12.6 12.599 3.676 34.142-14.142 34.142z\"><\/path><\/svg><\/span>\n\t\t\t\t\t\t\t\t\t\t\t\t\t<\/span>\n\t\t\t\t\t\t\t\t\t\t\t\t<a class=\"elementor-toggle-title\" tabindex=\"0\">Details about the property \u201cFinca Amable\u201d<\/a>\n\t\t\t\t\t<\/div>\n\n\t\t\t\t\t<div id=\"elementor-tab-content-1891\" class=\"elementor-tab-content elementor-clearfix\" data-tab=\"1\" role=\"region\" aria-labelledby=\"elementor-tab-title-1891\">\n<table id=\"tablepress-10\" class=\"tablepress tablepress-id-10 tbody-has-connected-cells\">\n<thead>\n<tr class=\"row-1\">\n\t<th class=\"column-1\">Kaufdatum<\/th><td class=\"column-2\"><\/td>\n<\/tr>\n<\/thead>\n<tbody class=\"row-striping row-hover\">\n<tr class=\"row-2\">\n\t<td class=\"column-1\">Kaufpreis<\/td><td class=\"column-2\">\u20ac<\/td>\n<\/tr>\n<tr class=\"row-3\">\n\t<td class=\"column-1\">Fl\u00e4che<\/td><td class=\"column-2\">12,5  ha<\/td>\n<\/tr>\n<tr class=\"row-4\">\n\t<td class=\"column-1\">Zeitraum der Wiederbewaldungen<\/td><td class=\"column-2\">2013 bis 2016<\/td>\n<\/tr>\n<tr class=\"row-5\">\n\t<td class=\"column-1\">Anzahl gepflanzter B\u00e4ume<\/td><td class=\"column-2\">10.700 B\u00e4ume aus 205 verschiedenen Baumarten<\/td>\n<\/tr>\n<tr class=\"row-6\">\n\t<td colspan=\"2\" class=\"column-1\">Die Finca Amable liegt n\u00f6rdlich der Stra\u00dfe von La Gamba nach Villa Brize\u00f1o (km 37) und ist auf 2 Seiten von \u00d6lpalmenpflanzungen umgeben. Im Norden grenzt die Finca an den R\u00edo Bonito und an die W\u00e4lder des Nationalpark Piedras Blancas und im S\u00fcden an die Finca Eduardo, die ebenfalls im Besitz der Tropenstation La Gamba ist und ihrerseits an die W\u00e4lder der Fila Gamba grenzt. Dadurch entsteht ein einzigartiger Waldkorridor zwischen der Fila Gamba und dem Nationalpark Piedras Blancas.  <br \/>\n<br \/>\nDie B\u00f6den sind grundwasserbeeinflusst und vor Beginn der Wiederbewaldungen mussten Drainagegr\u00e4ben gezogen werden. Der R\u00edo Bonito tritt mehrmals pro Jahr \u00fcber seine Ufer und \u00fcberschwemmt die Finca Amable.<br \/>\n<br \/>\nZwischen den Jahren 2013 bis 2016 wurden mehr als 10.700 B\u00e4ume aus 205 verschiedenen Baumarten in einem definierten Rastersystem gepflanzt. H\u00e4ufige gesetzte Baumarten sind: Anacardium excelsum (Anacardiaceae), Aspidosperma spruceanum (Apocynaceae), Calophyllum brasiliense, C. macrophyllum (Clusiaceae), Caryocar costaricense (Caryocaraceae), Cedrela odorata (Meliaceae), Croton schiedeanus (Euphorbiaceae), Garcinia madruno (Clusiaceae), Pachira aquatica (Malvaceae), Tabebuia ochracea (Bignoniaceae), Vitex cooperi (Verbenaceae), Symphonia globulifera (Clusiaceae). Die Mortalit\u00e4t betrug 17.5%.<br \/>\n<br \/>\nAuf der Finca Amable hat sich auf den wiederbewaldeten Fl\u00e4chen bereits ein diverser Sekund\u00e4rwald entwickelt (Stand Juli 2020). Auf den sich selbst \u00fcberlassenen Probefl\u00e4chen, auf denen keine B\u00e4ume gesetzt wurden, ist nach wie vor das Gras Paspalum paniculatum (Poaceae) dominant. Interessanterweise ist der Unterwuchs artenarm, was vermutlich auf die Zerst\u00f6rung der nat\u00fcrlichen Samenbank zur\u00fcckzuf\u00fchren ist.<br \/>\n<br \/>\nDie Wiederbewaldungen und nat\u00fcrlichen Sukzessionen auf der Finca Amable werden von der Universit\u00e4t Wien und der Universit\u00e4t f\u00fcr Bodenkultur in einem Monitoring-Programm wissenschaftlich begleitet. <\/td>\n<\/tr>\n<\/tbody>\n<\/table>\n<!-- #tablepress-10 from cache -->\n<\/div>\n\t\t\t\t<\/div>\n\t\t\t\t\t\t\t\t<\/div>\n\t\t\t\t\t\t<\/div>\n\t\t\t\t<\/div>\n\t\t\t\t<\/div>\n\t\t\t\t<\/div>\n\t\t\t\t\t<\/div>\n\t\t\t\t<\/div>\n\t\t<div class=\"elementor-element elementor-element-76dc65a e-flex e-con-boxed e-con e-parent\" data-id=\"76dc65a\" data-element_type=\"container\" data-e-type=\"container\">\n\t\t\t\t\t<div class=\"e-con-inner\">\n\t\t<div class=\"elementor-element elementor-element-ae2e142 e-con-full e-flex e-con e-child\" data-id=\"ae2e142\" data-element_type=\"container\" data-e-type=\"container\">\n\t\t\t\t<div class=\"elementor-element elementor-element-058281e elementor-widget elementor-widget-heading\" data-id=\"058281e\" data-element_type=\"widget\" data-e-type=\"widget\" data-widget_type=\"heading.default\">\n\t\t\t\t<div class=\"elementor-widget-container\">\n\t\t\t\t\t<h2 class=\"elementor-heading-title elementor-size-default\">Finca La Bolsa<\/h2>\t\t\t\t<\/div>\n\t\t\t\t<\/div>\n\t\t\t\t<div class=\"elementor-element elementor-element-4ac2b93 elementor-widget elementor-widget-image\" data-id=\"4ac2b93\" data-element_type=\"widget\" data-e-type=\"widget\" data-widget_type=\"image.default\">\n\t\t\t\t<div class=\"elementor-widget-container\">\n\t\t\t\t\t\t\t\t\t\t\t\t\t\t\t<img loading=\"lazy\" decoding=\"async\" width=\"765\" height=\"510\" src=\"https:\/\/www.regenwald.at\/wp-content\/uploads\/2023\/10\/Finca_La_Bolsa-32.jpg\" class=\"attachment-medium_large size-medium_large wp-image-17458\" alt=\"\" srcset=\"https:\/\/www.regenwald.at\/wp-content\/uploads\/2023\/10\/Finca_La_Bolsa-32.jpg 765w, https:\/\/www.regenwald.at\/wp-content\/uploads\/2023\/10\/Finca_La_Bolsa-32-300x200.jpg 300w, https:\/\/www.regenwald.at\/wp-content\/uploads\/2023\/10\/Finca_La_Bolsa-32-350x233.jpg 350w, https:\/\/www.regenwald.at\/wp-content\/uploads\/2023\/10\/Finca_La_Bolsa-32-600x400.jpg 600w, https:\/\/www.regenwald.at\/wp-content\/uploads\/2023\/10\/Finca_La_Bolsa-32-100x67.jpg 100w\" sizes=\"(max-width: 765px) 100vw, 765px\" \/>\t\t\t\t\t\t\t\t\t\t\t\t\t\t\t<\/div>\n\t\t\t\t<\/div>\n\t\t\t\t<div class=\"elementor-element elementor-element-3f05bc5 elementor-widget elementor-widget-toggle\" data-id=\"3f05bc5\" data-element_type=\"widget\" data-e-type=\"widget\" data-widget_type=\"toggle.default\">\n\t\t\t\t<div class=\"elementor-widget-container\">\n\t\t\t\t\t\t\t<div class=\"elementor-toggle\">\n\t\t\t\t\t\t\t<div class=\"elementor-toggle-item\">\n\t\t\t\t\t<div id=\"elementor-tab-title-6601\" class=\"elementor-tab-title\" data-tab=\"1\" role=\"button\" aria-controls=\"elementor-tab-content-6601\" aria-expanded=\"false\">\n\t\t\t\t\t\t\t\t\t\t\t\t<span class=\"elementor-toggle-icon elementor-toggle-icon-left\" aria-hidden=\"true\">\n\t\t\t\t\t\t\t\t\t\t\t\t\t\t\t<span class=\"elementor-toggle-icon-closed\"><svg class=\"e-font-icon-svg e-fas-caret-right\" viewBox=\"0 0 192 512\" xmlns=\"http:\/\/www.w3.org\/2000\/svg\"><path d=\"M0 384.662V127.338c0-17.818 21.543-26.741 34.142-14.142l128.662 128.662c7.81 7.81 7.81 20.474 0 28.284L34.142 398.804C21.543 411.404 0 402.48 0 384.662z\"><\/path><\/svg><\/span>\n\t\t\t\t\t\t\t\t<span class=\"elementor-toggle-icon-opened\"><svg class=\"elementor-toggle-icon-opened e-font-icon-svg e-fas-caret-up\" viewBox=\"0 0 320 512\" xmlns=\"http:\/\/www.w3.org\/2000\/svg\"><path d=\"M288.662 352H31.338c-17.818 0-26.741-21.543-14.142-34.142l128.662-128.662c7.81-7.81 20.474-7.81 28.284 0l128.662 128.662c12.6 12.599 3.676 34.142-14.142 34.142z\"><\/path><\/svg><\/span>\n\t\t\t\t\t\t\t\t\t\t\t\t\t<\/span>\n\t\t\t\t\t\t\t\t\t\t\t\t<a class=\"elementor-toggle-title\" tabindex=\"0\">Details about the property \u201cFinca La Bolsa\u201d<\/a>\n\t\t\t\t\t<\/div>\n\n\t\t\t\t\t<div id=\"elementor-tab-content-6601\" class=\"elementor-tab-content elementor-clearfix\" data-tab=\"1\" role=\"region\" aria-labelledby=\"elementor-tab-title-6601\">\n<table id=\"tablepress-7\" class=\"tablepress tablepress-id-7 tbody-has-connected-cells\">\n<thead>\n<tr class=\"row-1\">\n\t<th class=\"column-1\">Kaufdatum<\/th><td class=\"column-2\"><\/td>\n<\/tr>\n<\/thead>\n<tbody class=\"row-striping row-hover\">\n<tr class=\"row-2\">\n\t<td class=\"column-1\">Kaufpreis<\/td><td class=\"column-2\">\u20ac <\/td>\n<\/tr>\n<tr class=\"row-3\">\n\t<td class=\"column-1\">Fl\u00e4che<\/td><td class=\"column-2\">16,55 ha<\/td>\n<\/tr>\n<tr class=\"row-4\">\n\t<td class=\"column-1\">Zeitraum der Wiederbewaldungen<\/td><td class=\"column-2\">2010 bis 2012<\/td>\n<\/tr>\n<tr class=\"row-5\">\n\t<td class=\"column-1\">Anzahl gepflanzter B\u00e4ume<\/td><td class=\"column-2\">6.065 aus 113 Arten<\/td>\n<\/tr>\n<tr class=\"row-6\">\n\t<td colspan=\"2\" class=\"column-1\">Die Finca La Bolsa hat einen Gesamtgr\u00f6\u00dfe von 16,55 ha und liegt im Talschluss der Quebrada La Bolsa. Sie grenzt an prim\u00e4re W\u00e4lder des Nationalpark Piedras Blancas bzw. an das Forstreservat Golfito. Somit wird eine direkte Verbindung zu den Prim\u00e4rwaldfl\u00e4chen des Nationalparks geschaffen.<br \/>\n<br \/>\nDie Finca ist reich gegliedert und weist flache von einem Bach durchzogenen Teile sowie auch sehr steile Bereiche mit unterschiedlichen Expositionen auf. <br \/>\nDie B\u00f6den sind aufgrund der Exposition und der verschiedenen geologischen Bedingungen (es geht eine Bruchlinie durch die Finca) sehr heterogen. Generell sind die B\u00f6den sehr feucht, n\u00e4hrstoffarm, pH-sauer und Al- und Fe- h\u00e4ltig. Die Bodenbedingunen erm\u00f6glichen nur eine eingeschr\u00e4nkte  landwirtschaftliche Nutzung, weshalb Teile der Finca als Viehweide genutzt wurden. <\/td>\n<\/tr>\n<\/tbody>\n<\/table>\n<!-- #tablepress-7 from cache -->\n<\/div>\n\t\t\t\t<\/div>\n\t\t\t\t\t\t\t\t<\/div>\n\t\t\t\t\t\t<\/div>\n\t\t\t\t<\/div>\n\t\t\t\t<\/div>\n\t\t<div class=\"elementor-element elementor-element-d82b821 e-con-full e-flex e-con e-child\" data-id=\"d82b821\" data-element_type=\"container\" data-e-type=\"container\">\n\t\t\t\t<div class=\"elementor-element elementor-element-c1a6f17 elementor-widget elementor-widget-heading\" data-id=\"c1a6f17\" data-element_type=\"widget\" data-e-type=\"widget\" data-widget_type=\"heading.default\">\n\t\t\t\t<div class=\"elementor-widget-container\">\n\t\t\t\t\t<h2 class=\"elementor-heading-title elementor-size-default\">Finca Hermenegildo<\/h2>\t\t\t\t<\/div>\n\t\t\t\t<\/div>\n\t\t\t\t<div class=\"elementor-element elementor-element-df5ce06 elementor-widget elementor-widget-image\" data-id=\"df5ce06\" data-element_type=\"widget\" data-e-type=\"widget\" data-widget_type=\"image.default\">\n\t\t\t\t<div class=\"elementor-widget-container\">\n\t\t\t\t\t\t\t\t\t\t\t\t\t\t\t<img loading=\"lazy\" decoding=\"async\" width=\"768\" height=\"511\" src=\"https:\/\/www.regenwald.at\/wp-content\/uploads\/2023\/10\/Finca_Hermenegildo-32-768x511.jpg\" class=\"attachment-medium_large size-medium_large wp-image-17456\" alt=\"\" srcset=\"https:\/\/www.regenwald.at\/wp-content\/uploads\/2023\/10\/Finca_Hermenegildo-32-768x511.jpg 768w, https:\/\/www.regenwald.at\/wp-content\/uploads\/2023\/10\/Finca_Hermenegildo-32-300x200.jpg 300w, https:\/\/www.regenwald.at\/wp-content\/uploads\/2023\/10\/Finca_Hermenegildo-32-350x233.jpg 350w, https:\/\/www.regenwald.at\/wp-content\/uploads\/2023\/10\/Finca_Hermenegildo-32-600x400.jpg 600w, https:\/\/www.regenwald.at\/wp-content\/uploads\/2023\/10\/Finca_Hermenegildo-32-100x67.jpg 100w, https:\/\/www.regenwald.at\/wp-content\/uploads\/2023\/10\/Finca_Hermenegildo-32.jpg 847w\" sizes=\"(max-width: 768px) 100vw, 768px\" \/>\t\t\t\t\t\t\t\t\t\t\t\t\t\t\t<\/div>\n\t\t\t\t<\/div>\n\t\t\t\t<div class=\"elementor-element elementor-element-aa6bd27 elementor-widget elementor-widget-toggle\" data-id=\"aa6bd27\" data-element_type=\"widget\" data-e-type=\"widget\" data-widget_type=\"toggle.default\">\n\t\t\t\t<div class=\"elementor-widget-container\">\n\t\t\t\t\t\t\t<div class=\"elementor-toggle\">\n\t\t\t\t\t\t\t<div class=\"elementor-toggle-item\">\n\t\t\t\t\t<div id=\"elementor-tab-title-1781\" class=\"elementor-tab-title\" data-tab=\"1\" role=\"button\" aria-controls=\"elementor-tab-content-1781\" aria-expanded=\"false\">\n\t\t\t\t\t\t\t\t\t\t\t\t<span class=\"elementor-toggle-icon elementor-toggle-icon-left\" aria-hidden=\"true\">\n\t\t\t\t\t\t\t\t\t\t\t\t\t\t\t<span class=\"elementor-toggle-icon-closed\"><svg class=\"e-font-icon-svg e-fas-caret-right\" viewBox=\"0 0 192 512\" xmlns=\"http:\/\/www.w3.org\/2000\/svg\"><path d=\"M0 384.662V127.338c0-17.818 21.543-26.741 34.142-14.142l128.662 128.662c7.81 7.81 7.81 20.474 0 28.284L34.142 398.804C21.543 411.404 0 402.48 0 384.662z\"><\/path><\/svg><\/span>\n\t\t\t\t\t\t\t\t<span class=\"elementor-toggle-icon-opened\"><svg class=\"elementor-toggle-icon-opened e-font-icon-svg e-fas-caret-up\" viewBox=\"0 0 320 512\" xmlns=\"http:\/\/www.w3.org\/2000\/svg\"><path d=\"M288.662 352H31.338c-17.818 0-26.741-21.543-14.142-34.142l128.662-128.662c7.81-7.81 20.474-7.81 28.284 0l128.662 128.662c12.6 12.599 3.676 34.142-14.142 34.142z\"><\/path><\/svg><\/span>\n\t\t\t\t\t\t\t\t\t\t\t\t\t<\/span>\n\t\t\t\t\t\t\t\t\t\t\t\t<a class=\"elementor-toggle-title\" tabindex=\"0\">Details about the property \u201cFinca Hermenegildo\u201d<\/a>\n\t\t\t\t\t<\/div>\n\n\t\t\t\t\t<div id=\"elementor-tab-content-1781\" class=\"elementor-tab-content elementor-clearfix\" data-tab=\"1\" role=\"region\" aria-labelledby=\"elementor-tab-title-1781\">\n<table id=\"tablepress-5\" class=\"tablepress tablepress-id-5 tbody-has-connected-cells\">\n<thead>\n<tr class=\"row-1\">\n\t<th class=\"column-1\">Kaufdatum<\/th><td class=\"column-2\"><\/td>\n<\/tr>\n<\/thead>\n<tbody class=\"row-striping row-hover\">\n<tr class=\"row-2\">\n\t<td class=\"column-1\">Kaufpreis<\/td><td class=\"column-2\">\u20ac <\/td>\n<\/tr>\n<tr class=\"row-3\">\n\t<td class=\"column-1\">Fl\u00e4che<\/td><td class=\"column-2\">14,0 ha<\/td>\n<\/tr>\n<tr class=\"row-4\">\n\t<td colspan=\"2\" class=\"column-1\">Die Finca Hermenegildo liegt im Talschluss der Quebrada La Bolsa und grenzt an die Finca La Bolsa und an prim\u00e4re W\u00e4lder die wiederum an den Nationalpark Piedras Blancas bzw. das Forstreservat Golfito grenzen. Somit wird eine direkte Verbindung zu den Prim\u00e4rwaldfl\u00e4chen des Nationalparks geschaffen.<br \/>\n<br \/>\nDie Finca ist reich gegliedert und weist Bereiche mit unterschiedlichen Neigungen und Expositionen auf. Bislang wurden keine wissenschaftlichen Forschungen auf der Finca durchgef\u00fchrt. <\/td>\n<\/tr>\n<\/tbody>\n<\/table>\n<!-- #tablepress-5 from cache -->\n<\/div>\n\t\t\t\t<\/div>\n\t\t\t\t\t\t\t\t<\/div>\n\t\t\t\t\t\t<\/div>\n\t\t\t\t<\/div>\n\t\t\t\t<\/div>\n\t\t\t\t\t<\/div>\n\t\t\t\t<\/div>\n\t\t<div class=\"elementor-element elementor-element-64d745c e-flex e-con-boxed e-con e-parent\" data-id=\"64d745c\" data-element_type=\"container\" data-e-type=\"container\">\n\t\t\t\t\t<div class=\"e-con-inner\">\n\t\t<div class=\"elementor-element elementor-element-40e7f7e e-con-full e-flex e-con e-child\" data-id=\"40e7f7e\" data-element_type=\"container\" data-e-type=\"container\">\n\t\t\t\t<div class=\"elementor-element elementor-element-967b836 elementor-widget elementor-widget-heading\" data-id=\"967b836\" data-element_type=\"widget\" data-e-type=\"widget\" data-widget_type=\"heading.default\">\n\t\t\t\t<div class=\"elementor-widget-container\">\n\t\t\t\t\t<h2 class=\"elementor-heading-title elementor-size-default\">Torre property<\/h2>\t\t\t\t<\/div>\n\t\t\t\t<\/div>\n\t\t\t\t<div class=\"elementor-element elementor-element-d1db640 elementor-widget elementor-widget-image\" data-id=\"d1db640\" data-element_type=\"widget\" data-e-type=\"widget\" data-widget_type=\"image.default\">\n\t\t\t\t<div class=\"elementor-widget-container\">\n\t\t\t\t\t\t\t\t\t\t\t\t\t\t\t<img loading=\"lazy\" decoding=\"async\" width=\"538\" height=\"359\" src=\"https:\/\/www.regenwald.at\/wp-content\/uploads\/2023\/10\/Weg-Torre-32.jpg\" class=\"attachment-medium_large size-medium_large wp-image-17472\" alt=\"\" srcset=\"https:\/\/www.regenwald.at\/wp-content\/uploads\/2023\/10\/Weg-Torre-32.jpg 538w, https:\/\/www.regenwald.at\/wp-content\/uploads\/2023\/10\/Weg-Torre-32-300x200.jpg 300w, https:\/\/www.regenwald.at\/wp-content\/uploads\/2023\/10\/Weg-Torre-32-350x233.jpg 350w, https:\/\/www.regenwald.at\/wp-content\/uploads\/2023\/10\/Weg-Torre-32-100x67.jpg 100w\" sizes=\"(max-width: 538px) 100vw, 538px\" \/>\t\t\t\t\t\t\t\t\t\t\t\t\t\t\t<\/div>\n\t\t\t\t<\/div>\n\t\t\t\t<div class=\"elementor-element elementor-element-d382532 elementor-widget elementor-widget-toggle\" data-id=\"d382532\" data-element_type=\"widget\" data-e-type=\"widget\" data-widget_type=\"toggle.default\">\n\t\t\t\t<div class=\"elementor-widget-container\">\n\t\t\t\t\t\t\t<div class=\"elementor-toggle\">\n\t\t\t\t\t\t\t<div class=\"elementor-toggle-item\">\n\t\t\t\t\t<div id=\"elementor-tab-title-2211\" class=\"elementor-tab-title\" data-tab=\"1\" role=\"button\" aria-controls=\"elementor-tab-content-2211\" aria-expanded=\"false\">\n\t\t\t\t\t\t\t\t\t\t\t\t<span class=\"elementor-toggle-icon elementor-toggle-icon-left\" aria-hidden=\"true\">\n\t\t\t\t\t\t\t\t\t\t\t\t\t\t\t<span class=\"elementor-toggle-icon-closed\"><svg class=\"e-font-icon-svg e-fas-caret-right\" viewBox=\"0 0 192 512\" xmlns=\"http:\/\/www.w3.org\/2000\/svg\"><path d=\"M0 384.662V127.338c0-17.818 21.543-26.741 34.142-14.142l128.662 128.662c7.81 7.81 7.81 20.474 0 28.284L34.142 398.804C21.543 411.404 0 402.48 0 384.662z\"><\/path><\/svg><\/span>\n\t\t\t\t\t\t\t\t<span class=\"elementor-toggle-icon-opened\"><svg class=\"elementor-toggle-icon-opened e-font-icon-svg e-fas-caret-up\" viewBox=\"0 0 320 512\" xmlns=\"http:\/\/www.w3.org\/2000\/svg\"><path d=\"M288.662 352H31.338c-17.818 0-26.741-21.543-14.142-34.142l128.662-128.662c7.81-7.81 20.474-7.81 28.284 0l128.662 128.662c12.6 12.599 3.676 34.142-14.142 34.142z\"><\/path><\/svg><\/span>\n\t\t\t\t\t\t\t\t\t\t\t\t\t<\/span>\n\t\t\t\t\t\t\t\t\t\t\t\t<a class=\"elementor-toggle-title\" tabindex=\"0\">Details about the property \u201cTorre\u201d<\/a>\n\t\t\t\t\t<\/div>\n\n\t\t\t\t\t<div id=\"elementor-tab-content-2211\" class=\"elementor-tab-content elementor-clearfix\" data-tab=\"1\" role=\"region\" aria-labelledby=\"elementor-tab-title-2211\">\n<table id=\"tablepress-14\" class=\"tablepress tablepress-id-14 tbody-has-connected-cells\">\n<thead>\n<tr class=\"row-1\">\n\t<th class=\"column-1\">Kaufdatum<\/th><th class=\"column-2\">2007<\/th>\n<\/tr>\n<\/thead>\n<tbody class=\"row-striping row-hover\">\n<tr class=\"row-2\">\n\t<td class=\"column-1\">Kaufpreis<\/td><td class=\"column-2\">\u20ac<\/td>\n<\/tr>\n<tr class=\"row-3\">\n\t<td class=\"column-1\">Fl\u00e4che<\/td><td class=\"column-2\">7 ha<\/td>\n<\/tr>\n<tr class=\"row-4\">\n\t<td class=\"column-1\">Zeitraum der Wiederbewaldungen<\/td><td class=\"column-2\"><\/td>\n<\/tr>\n<tr class=\"row-5\">\n\t<td class=\"column-1\">Anzahl gepflanzter B\u00e4ume<\/td><td class=\"column-2\">0<\/td>\n<\/tr>\n<tr class=\"row-6\">\n\t<td colspan=\"2\" class=\"column-1\">Das Grundst\u00fcck Torre liegt nahe der Tropenstation La Gamba und ist innerhalb weniger Minuten zu Fuss zu erreichen und f\u00fcr Forschungs- und Lehrzwecke gedacht. Es verf\u00fcgt \u00fcber ein Wegesystem das wichtige Klein-\u00d6kosysteme des Tieflandregenwaldes abdeckt (Schlucht-, Hang- und Kammwald). Das Grundst\u00fcck grenzt direkt an den Nationalparlk Piedras Blancas. <\/td>\n<\/tr>\n<\/tbody>\n<\/table>\n<!-- #tablepress-14 from cache -->\n<\/div>\n\t\t\t\t<\/div>\n\t\t\t\t\t\t\t\t<\/div>\n\t\t\t\t\t\t<\/div>\n\t\t\t\t<\/div>\n\t\t\t\t<\/div>\n\t\t<div class=\"elementor-element elementor-element-dec31fb e-con-full e-flex e-con e-child\" data-id=\"dec31fb\" data-element_type=\"container\" data-e-type=\"container\">\n\t\t\t\t<div class=\"elementor-element elementor-element-2991d64 elementor-widget elementor-widget-heading\" data-id=\"2991d64\" data-element_type=\"widget\" data-e-type=\"widget\" data-widget_type=\"heading.default\">\n\t\t\t\t<div class=\"elementor-widget-container\">\n\t\t\t\t\t<h2 class=\"elementor-heading-title elementor-size-default\">La Gamba Tropical Research Station<\/h2>\t\t\t\t<\/div>\n\t\t\t\t<\/div>\n\t\t\t\t<div class=\"elementor-element elementor-element-2b3aa9b elementor-widget elementor-widget-image\" data-id=\"2b3aa9b\" data-element_type=\"widget\" data-e-type=\"widget\" data-widget_type=\"image.default\">\n\t\t\t\t<div class=\"elementor-widget-container\">\n\t\t\t\t\t\t\t\t\t\t\t\t\t\t\t<img loading=\"lazy\" decoding=\"async\" width=\"800\" height=\"533\" src=\"https:\/\/www.regenwald.at\/wp-content\/uploads\/2023\/10\/Tropenstation_La_Gamba-32.jpg\" class=\"attachment-large size-large wp-image-17468\" alt=\"\" srcset=\"https:\/\/www.regenwald.at\/wp-content\/uploads\/2023\/10\/Tropenstation_La_Gamba-32.jpg 847w, https:\/\/www.regenwald.at\/wp-content\/uploads\/2023\/10\/Tropenstation_La_Gamba-32-300x200.jpg 300w, https:\/\/www.regenwald.at\/wp-content\/uploads\/2023\/10\/Tropenstation_La_Gamba-32-768x511.jpg 768w, https:\/\/www.regenwald.at\/wp-content\/uploads\/2023\/10\/Tropenstation_La_Gamba-32-350x233.jpg 350w, https:\/\/www.regenwald.at\/wp-content\/uploads\/2023\/10\/Tropenstation_La_Gamba-32-600x400.jpg 600w, https:\/\/www.regenwald.at\/wp-content\/uploads\/2023\/10\/Tropenstation_La_Gamba-32-100x67.jpg 100w\" sizes=\"(max-width: 800px) 100vw, 800px\" \/>\t\t\t\t\t\t\t\t\t\t\t\t\t\t\t<\/div>\n\t\t\t\t<\/div>\n\t\t\t\t<div class=\"elementor-element elementor-element-dc6687b elementor-widget elementor-widget-toggle\" data-id=\"dc6687b\" data-element_type=\"widget\" data-e-type=\"widget\" data-widget_type=\"toggle.default\">\n\t\t\t\t<div class=\"elementor-widget-container\">\n\t\t\t\t\t\t\t<div class=\"elementor-toggle\">\n\t\t\t\t\t\t\t<div class=\"elementor-toggle-item\">\n\t\t\t\t\t<div id=\"elementor-tab-title-2311\" class=\"elementor-tab-title\" data-tab=\"1\" role=\"button\" aria-controls=\"elementor-tab-content-2311\" aria-expanded=\"false\">\n\t\t\t\t\t\t\t\t\t\t\t\t<span class=\"elementor-toggle-icon elementor-toggle-icon-left\" aria-hidden=\"true\">\n\t\t\t\t\t\t\t\t\t\t\t\t\t\t\t<span class=\"elementor-toggle-icon-closed\"><svg class=\"e-font-icon-svg e-fas-caret-right\" viewBox=\"0 0 192 512\" xmlns=\"http:\/\/www.w3.org\/2000\/svg\"><path d=\"M0 384.662V127.338c0-17.818 21.543-26.741 34.142-14.142l128.662 128.662c7.81 7.81 7.81 20.474 0 28.284L34.142 398.804C21.543 411.404 0 402.48 0 384.662z\"><\/path><\/svg><\/span>\n\t\t\t\t\t\t\t\t<span class=\"elementor-toggle-icon-opened\"><svg class=\"elementor-toggle-icon-opened e-font-icon-svg e-fas-caret-up\" viewBox=\"0 0 320 512\" xmlns=\"http:\/\/www.w3.org\/2000\/svg\"><path d=\"M288.662 352H31.338c-17.818 0-26.741-21.543-14.142-34.142l128.662-128.662c7.81-7.81 20.474-7.81 28.284 0l128.662 128.662c12.6 12.599 3.676 34.142-14.142 34.142z\"><\/path><\/svg><\/span>\n\t\t\t\t\t\t\t\t\t\t\t\t\t<\/span>\n\t\t\t\t\t\t\t\t\t\t\t\t<a class=\"elementor-toggle-title\" tabindex=\"0\">Details about the property \u201cStation\u201d<\/a>\n\t\t\t\t\t<\/div>\n\n\t\t\t\t\t<div id=\"elementor-tab-content-2311\" class=\"elementor-tab-content elementor-clearfix\" data-tab=\"1\" role=\"region\" aria-labelledby=\"elementor-tab-title-2311\">\n<table id=\"tablepress-15\" class=\"tablepress tablepress-id-15 tbody-has-connected-cells\">\n<thead>\n<tr class=\"row-1\">\n\t<th class=\"column-1\">Kaufdatum<\/th><th class=\"column-2\">1993<\/th>\n<\/tr>\n<\/thead>\n<tbody class=\"row-striping row-hover\">\n<tr class=\"row-2\">\n\t<td class=\"column-1\">Kaufpreis<\/td><td class=\"column-2\">\u20ac<\/td>\n<\/tr>\n<tr class=\"row-3\">\n\t<td class=\"column-1\">Fl\u00e4che<\/td><td class=\"column-2\">5,87 ha<\/td>\n<\/tr>\n<tr class=\"row-4\">\n\t<td class=\"column-1\">Zeitraum der Wiederbewaldungen<\/td><td class=\"column-2\"><\/td>\n<\/tr>\n<tr class=\"row-5\">\n\t<td class=\"column-1\">Anzahl gepflanzter B\u00e4ume<\/td><td class=\"column-2\">0<\/td>\n<\/tr>\n<tr class=\"row-6\">\n\t<td colspan=\"2\" class=\"column-1\">Das Grundst\u00fcck der Tropenstation weist neben der wissenschaftlichen Infrastruktur und des botanischen Gartens auch einen Anteil an naturnaher Vegetation auf. Vor allem die Bereiche s\u00fcdlich der Quebrada Negra sind naturbelassen und beherbergen artenreiche Sekund\u00e4rw\u00e4lder. Der Mirador-Weg  mit Ausblick auf das La Gamba Tal f\u00fchrt durch diese alten Sekund\u00e4rw\u00e4lder und zeigt typische Klein-\u00d6kosysteme des Tieflandregenwaldes (Schlucht- und Hangwald, alte Kakaoplantage, Ufervegetation).<\/td>\n<\/tr>\n<\/tbody>\n<\/table>\n<!-- #tablepress-15 from cache -->\n<\/div>\n\t\t\t\t<\/div>\n\t\t\t\t\t\t\t\t<\/div>\n\t\t\t\t\t\t<\/div>\n\t\t\t\t<\/div>\n\t\t\t\t<\/div>\n\t\t\t\t\t<\/div>\n\t\t\t\t<\/div>\n\t\t\t\t<\/div>\n\t\t","protected":false},"excerpt":{"rendered":"<p>Project areas in the corridor Our next goal: FINCA ABRAHAM The rainforest of Finca Abraham (31.5 ha) is home not only to large old-growth trees but also to a wide variety of rare plant and animal species, and should therefore be preserved for the future. Short descriptionSize: 31.5 haPurchase price: \u20ac200,000 Finca Abraham (31.5 ha) [&hellip;]<\/p>\n","protected":false},"author":1,"featured_media":0,"parent":27231,"menu_order":2,"comment_status":"closed","ping_status":"closed","template":"","meta":{"inline_featured_image":false,"footnotes":""},"class_list":["post-27276","page","type-page","status-publish","hentry"],"yoast_head":"<!-- This site is optimized with the Yoast SEO plugin v27.5 - https:\/\/yoast.com\/product\/yoast-seo-wordpress\/ -->\n<title>Project areas &#8211; Regenwald der \u00d6sterreicher<\/title>\n<meta name=\"robots\" content=\"index, follow, max-snippet:-1, max-image-preview:large, max-video-preview:-1\" \/>\n<link rel=\"canonical\" href=\"https:\/\/www.regenwald.at\/projekt-cobiga\/projektflaechen\/\" \/>\n<meta property=\"og:locale\" content=\"en_US\" \/>\n<meta property=\"og:type\" content=\"article\" \/>\n<meta property=\"og:title\" content=\"Project areas &#8211; Regenwald der \u00d6sterreicher\" \/>\n<meta property=\"og:description\" content=\"Project areas in the corridor Our next goal: FINCA ABRAHAM The rainforest of Finca Abraham (31.5 ha) is home not only to large old-growth trees but also to a wide variety of rare plant and animal species, and should therefore be preserved for the future. Short descriptionSize: 31.5 haPurchase price: \u20ac200,000 Finca Abraham (31.5 ha) [&hellip;]\" \/>\n<meta property=\"og:url\" content=\"https:\/\/www.regenwald.at\/projekt-cobiga\/projektflaechen\/\" \/>\n<meta property=\"og:site_name\" content=\"Regenwald der \u00d6sterreicher\" \/>\n<meta property=\"article:publisher\" content=\"https:\/\/www.facebook.com\/RegenwaldderOesterreicher\/\" \/>\n<meta property=\"article:modified_time\" content=\"2026-04-29T20:18:55+00:00\" \/>\n<meta property=\"og:image\" content=\"https:\/\/www.regenwald.at\/wp-content\/uploads\/2025\/10\/Abraham2.jpg\" \/>\n\t<meta property=\"og:image:width\" content=\"812\" \/>\n\t<meta property=\"og:image:height\" content=\"1083\" \/>\n\t<meta property=\"og:image:type\" content=\"image\/jpeg\" \/>\n<meta name=\"twitter:card\" content=\"summary_large_image\" \/>\n<meta name=\"twitter:label1\" content=\"Est. reading time\" \/>\n\t<meta name=\"twitter:data1\" content=\"10 minutes\" \/>\n<script type=\"application\/ld+json\" class=\"yoast-schema-graph\">{\"@context\":\"https:\\\/\\\/schema.org\",\"@graph\":[{\"@type\":\"WebPage\",\"@id\":\"https:\\\/\\\/www.regenwald.at\\\/projekt-cobiga\\\/projektflaechen\\\/\",\"url\":\"https:\\\/\\\/www.regenwald.at\\\/projekt-cobiga\\\/projektflaechen\\\/\",\"name\":\"Project areas &#8211; Regenwald der \u00d6sterreicher\",\"isPartOf\":{\"@id\":\"https:\\\/\\\/www.regenwald.at\\\/#website\"},\"primaryImageOfPage\":{\"@id\":\"https:\\\/\\\/www.regenwald.at\\\/projekt-cobiga\\\/projektflaechen\\\/#primaryimage\"},\"image\":{\"@id\":\"https:\\\/\\\/www.regenwald.at\\\/projekt-cobiga\\\/projektflaechen\\\/#primaryimage\"},\"thumbnailUrl\":\"https:\\\/\\\/www.regenwald.at\\\/wp-content\\\/uploads\\\/2025\\\/10\\\/Abraham2.jpg\",\"datePublished\":\"2023-10-06T15:15:30+00:00\",\"dateModified\":\"2026-04-29T20:18:55+00:00\",\"breadcrumb\":{\"@id\":\"https:\\\/\\\/www.regenwald.at\\\/projekt-cobiga\\\/projektflaechen\\\/#breadcrumb\"},\"inLanguage\":\"en-US\",\"potentialAction\":[{\"@type\":\"ReadAction\",\"target\":[\"https:\\\/\\\/www.regenwald.at\\\/projekt-cobiga\\\/projektflaechen\\\/\"]}]},{\"@type\":\"ImageObject\",\"inLanguage\":\"en-US\",\"@id\":\"https:\\\/\\\/www.regenwald.at\\\/projekt-cobiga\\\/projektflaechen\\\/#primaryimage\",\"url\":\"https:\\\/\\\/www.regenwald.at\\\/wp-content\\\/uploads\\\/2025\\\/10\\\/Abraham2.jpg\",\"contentUrl\":\"https:\\\/\\\/www.regenwald.at\\\/wp-content\\\/uploads\\\/2025\\\/10\\\/Abraham2.jpg\"},{\"@type\":\"BreadcrumbList\",\"@id\":\"https:\\\/\\\/www.regenwald.at\\\/projekt-cobiga\\\/projektflaechen\\\/#breadcrumb\",\"itemListElement\":[{\"@type\":\"ListItem\",\"position\":1,\"name\":\"Startseite\",\"item\":\"https:\\\/\\\/www.regenwald.at\\\/home\\\/?lang=en\"},{\"@type\":\"ListItem\",\"position\":2,\"name\":\"Project \u201cCOBIGA\u201d\",\"item\":\"https:\\\/\\\/www.regenwald.at\\\/projekt-cobiga\\\/\"},{\"@type\":\"ListItem\",\"position\":3,\"name\":\"Project areas\"}]},{\"@type\":\"WebSite\",\"@id\":\"https:\\\/\\\/www.regenwald.at\\\/#website\",\"url\":\"https:\\\/\\\/www.regenwald.at\\\/\",\"name\":\"Regenwald der \u00d6sterreicher\",\"description\":\"Shop f\u00fcr Spendenurkunden\",\"publisher\":{\"@id\":\"https:\\\/\\\/www.regenwald.at\\\/#organization\"},\"alternateName\":\"RWOE\",\"potentialAction\":[{\"@type\":\"SearchAction\",\"target\":{\"@type\":\"EntryPoint\",\"urlTemplate\":\"https:\\\/\\\/www.regenwald.at\\\/?s={search_term_string}\"},\"query-input\":{\"@type\":\"PropertyValueSpecification\",\"valueRequired\":true,\"valueName\":\"search_term_string\"}}],\"inLanguage\":\"en-US\"},{\"@type\":\"Organization\",\"@id\":\"https:\\\/\\\/www.regenwald.at\\\/#organization\",\"name\":\"Verein Regenwald der \u00d6sterreicher\",\"url\":\"https:\\\/\\\/www.regenwald.at\\\/\",\"logo\":{\"@type\":\"ImageObject\",\"inLanguage\":\"en-US\",\"@id\":\"https:\\\/\\\/www.regenwald.at\\\/#\\\/schema\\\/logo\\\/image\\\/\",\"url\":\"https:\\\/\\\/www.regenwald.at\\\/wp-content\\\/uploads\\\/2020\\\/07\\\/Regenwald-der-Oesterreicher-Logo.svg\",\"contentUrl\":\"https:\\\/\\\/www.regenwald.at\\\/wp-content\\\/uploads\\\/2020\\\/07\\\/Regenwald-der-Oesterreicher-Logo.svg\",\"width\":595,\"height\":283,\"caption\":\"Verein Regenwald der \u00d6sterreicher\"},\"image\":{\"@id\":\"https:\\\/\\\/www.regenwald.at\\\/#\\\/schema\\\/logo\\\/image\\\/\"},\"sameAs\":[\"https:\\\/\\\/www.facebook.com\\\/RegenwaldderOesterreicher\\\/\",\"https:\\\/\\\/www.youtube.com\\\/channel\\\/UCPYFVL3-_BSsVthBrqrWnXA\"]}]}<\/script>\n<!-- \/ Yoast SEO plugin. -->","yoast_head_json":{"title":"Project areas &#8211; Regenwald der \u00d6sterreicher","robots":{"index":"index","follow":"follow","max-snippet":"max-snippet:-1","max-image-preview":"max-image-preview:large","max-video-preview":"max-video-preview:-1"},"canonical":"https:\/\/www.regenwald.at\/projekt-cobiga\/projektflaechen\/","og_locale":"en_US","og_type":"article","og_title":"Project areas &#8211; Regenwald der \u00d6sterreicher","og_description":"Project areas in the corridor Our next goal: FINCA ABRAHAM The rainforest of Finca Abraham (31.5 ha) is home not only to large old-growth trees but also to a wide variety of rare plant and animal species, and should therefore be preserved for the future. Short descriptionSize: 31.5 haPurchase price: \u20ac200,000 Finca Abraham (31.5 ha) [&hellip;]","og_url":"https:\/\/www.regenwald.at\/projekt-cobiga\/projektflaechen\/","og_site_name":"Regenwald der \u00d6sterreicher","article_publisher":"https:\/\/www.facebook.com\/RegenwaldderOesterreicher\/","article_modified_time":"2026-04-29T20:18:55+00:00","og_image":[{"width":812,"height":1083,"url":"https:\/\/www.regenwald.at\/wp-content\/uploads\/2025\/10\/Abraham2.jpg","type":"image\/jpeg"}],"twitter_card":"summary_large_image","twitter_misc":{"Est. reading time":"10 minutes"},"schema":{"@context":"https:\/\/schema.org","@graph":[{"@type":"WebPage","@id":"https:\/\/www.regenwald.at\/projekt-cobiga\/projektflaechen\/","url":"https:\/\/www.regenwald.at\/projekt-cobiga\/projektflaechen\/","name":"Project areas &#8211; Regenwald der \u00d6sterreicher","isPartOf":{"@id":"https:\/\/www.regenwald.at\/#website"},"primaryImageOfPage":{"@id":"https:\/\/www.regenwald.at\/projekt-cobiga\/projektflaechen\/#primaryimage"},"image":{"@id":"https:\/\/www.regenwald.at\/projekt-cobiga\/projektflaechen\/#primaryimage"},"thumbnailUrl":"https:\/\/www.regenwald.at\/wp-content\/uploads\/2025\/10\/Abraham2.jpg","datePublished":"2023-10-06T15:15:30+00:00","dateModified":"2026-04-29T20:18:55+00:00","breadcrumb":{"@id":"https:\/\/www.regenwald.at\/projekt-cobiga\/projektflaechen\/#breadcrumb"},"inLanguage":"en-US","potentialAction":[{"@type":"ReadAction","target":["https:\/\/www.regenwald.at\/projekt-cobiga\/projektflaechen\/"]}]},{"@type":"ImageObject","inLanguage":"en-US","@id":"https:\/\/www.regenwald.at\/projekt-cobiga\/projektflaechen\/#primaryimage","url":"https:\/\/www.regenwald.at\/wp-content\/uploads\/2025\/10\/Abraham2.jpg","contentUrl":"https:\/\/www.regenwald.at\/wp-content\/uploads\/2025\/10\/Abraham2.jpg"},{"@type":"BreadcrumbList","@id":"https:\/\/www.regenwald.at\/projekt-cobiga\/projektflaechen\/#breadcrumb","itemListElement":[{"@type":"ListItem","position":1,"name":"Startseite","item":"https:\/\/www.regenwald.at\/home\/?lang=en"},{"@type":"ListItem","position":2,"name":"Project \u201cCOBIGA\u201d","item":"https:\/\/www.regenwald.at\/projekt-cobiga\/"},{"@type":"ListItem","position":3,"name":"Project areas"}]},{"@type":"WebSite","@id":"https:\/\/www.regenwald.at\/#website","url":"https:\/\/www.regenwald.at\/","name":"Regenwald der \u00d6sterreicher","description":"Shop f\u00fcr Spendenurkunden","publisher":{"@id":"https:\/\/www.regenwald.at\/#organization"},"alternateName":"RWOE","potentialAction":[{"@type":"SearchAction","target":{"@type":"EntryPoint","urlTemplate":"https:\/\/www.regenwald.at\/?s={search_term_string}"},"query-input":{"@type":"PropertyValueSpecification","valueRequired":true,"valueName":"search_term_string"}}],"inLanguage":"en-US"},{"@type":"Organization","@id":"https:\/\/www.regenwald.at\/#organization","name":"Verein Regenwald der \u00d6sterreicher","url":"https:\/\/www.regenwald.at\/","logo":{"@type":"ImageObject","inLanguage":"en-US","@id":"https:\/\/www.regenwald.at\/#\/schema\/logo\/image\/","url":"https:\/\/www.regenwald.at\/wp-content\/uploads\/2020\/07\/Regenwald-der-Oesterreicher-Logo.svg","contentUrl":"https:\/\/www.regenwald.at\/wp-content\/uploads\/2020\/07\/Regenwald-der-Oesterreicher-Logo.svg","width":595,"height":283,"caption":"Verein Regenwald der \u00d6sterreicher"},"image":{"@id":"https:\/\/www.regenwald.at\/#\/schema\/logo\/image\/"},"sameAs":["https:\/\/www.facebook.com\/RegenwaldderOesterreicher\/","https:\/\/www.youtube.com\/channel\/UCPYFVL3-_BSsVthBrqrWnXA"]}]}},"_links":{"self":[{"href":"https:\/\/www.regenwald.at\/en\/wp-json\/wp\/v2\/pages\/27276","targetHints":{"allow":["GET"]}}],"collection":[{"href":"https:\/\/www.regenwald.at\/en\/wp-json\/wp\/v2\/pages"}],"about":[{"href":"https:\/\/www.regenwald.at\/en\/wp-json\/wp\/v2\/types\/page"}],"author":[{"embeddable":true,"href":"https:\/\/www.regenwald.at\/en\/wp-json\/wp\/v2\/users\/1"}],"replies":[{"embeddable":true,"href":"https:\/\/www.regenwald.at\/en\/wp-json\/wp\/v2\/comments?post=27276"}],"version-history":[{"count":2,"href":"https:\/\/www.regenwald.at\/en\/wp-json\/wp\/v2\/pages\/27276\/revisions"}],"predecessor-version":[{"id":27278,"href":"https:\/\/www.regenwald.at\/en\/wp-json\/wp\/v2\/pages\/27276\/revisions\/27278"}],"up":[{"embeddable":true,"href":"https:\/\/www.regenwald.at\/en\/wp-json\/wp\/v2\/pages\/27231"}],"wp:attachment":[{"href":"https:\/\/www.regenwald.at\/en\/wp-json\/wp\/v2\/media?parent=27276"}],"curies":[{"name":"wp","href":"https:\/\/api.w.org\/{rel}","templated":true}]}}