{"id":27318,"date":"2023-10-06T16:36:23","date_gmt":"2023-10-06T14:36:23","guid":{"rendered":"https:\/\/www.regenwald.at\/association\/what-we-stand-for\/"},"modified":"2026-04-29T22:21:33","modified_gmt":"2026-04-29T20:21:33","slug":"what-we-stand-for","status":"publish","type":"page","link":"https:\/\/www.regenwald.at\/en\/association\/what-we-stand-for\/","title":{"rendered":"What We Stand For"},"content":{"rendered":"\t\t<div data-elementor-type=\"wp-page\" data-elementor-id=\"27318\" class=\"elementor elementor-27318 elementor-15732\" data-elementor-post-type=\"page\">\n\t\t\t\t<div class=\"elementor-element elementor-element-154ad4f0 e-flex e-con-boxed e-con e-parent\" data-id=\"154ad4f0\" data-element_type=\"container\" data-e-type=\"container\">\n\t\t\t\t\t<div class=\"e-con-inner\">\n\t\t<div class=\"elementor-element elementor-element-f9f513c e-con-full e-flex e-con e-child\" data-id=\"f9f513c\" data-element_type=\"container\" data-e-type=\"container\">\n\t\t\t\t<div class=\"elementor-element elementor-element-fdff8e9 elementor-widget elementor-widget-heading\" data-id=\"fdff8e9\" data-element_type=\"widget\" data-e-type=\"widget\" data-widget_type=\"heading.default\">\n\t\t\t\t<div class=\"elementor-widget-container\">\n\t\t\t\t\t<h2 class=\"elementor-heading-title elementor-size-default\">Goals of the Organization<\/h2>\t\t\t\t<\/div>\n\t\t\t\t<\/div>\n\t\t\t\t<div class=\"elementor-element elementor-element-0d7e661 elementor-widget elementor-widget-heading\" data-id=\"0d7e661\" data-element_type=\"widget\" data-e-type=\"widget\" data-widget_type=\"heading.default\">\n\t\t\t\t<div class=\"elementor-widget-container\">\n\t\t\t\t\t<h2 class=\"elementor-heading-title elementor-size-default\">What We Stand For<\/h2>\t\t\t\t<\/div>\n\t\t\t\t<\/div>\n\t\t\t\t<\/div>\n\t\t\t\t\t<\/div>\n\t\t\t\t<\/div>\n\t\t<div class=\"elementor-element elementor-element-166b384 elementor-hidden-tablet elementor-hidden-mobile e-flex e-con-boxed e-con e-parent\" data-id=\"166b384\" data-element_type=\"container\" data-e-type=\"container\" data-settings=\"{&quot;background_background&quot;:&quot;classic&quot;,&quot;sticky&quot;:&quot;top&quot;,&quot;sticky_offset&quot;:80,&quot;sticky_on&quot;:[&quot;desktop&quot;,&quot;tablet_extra&quot;,&quot;tablet&quot;,&quot;mobile&quot;],&quot;sticky_effects_offset&quot;:0,&quot;sticky_anchor_link_offset&quot;:0}\">\n\t\t\t\t\t<div class=\"e-con-inner\">\n\t\t<div class=\"elementor-element elementor-element-e0d3a16 e-flex e-con-boxed e-con e-child\" data-id=\"e0d3a16\" data-element_type=\"container\" data-e-type=\"container\" data-settings=\"{&quot;background_background&quot;:&quot;classic&quot;}\">\n\t\t\t\t\t<div class=\"e-con-inner\">\n\t\t\t\t<div class=\"elementor-element elementor-element-ebfd3f2 elementor-widget__width-initial elementor-widget elementor-widget-button\" data-id=\"ebfd3f2\" data-element_type=\"widget\" data-e-type=\"widget\" data-widget_type=\"button.default\">\n\t\t\t\t<div class=\"elementor-widget-container\">\n\t\t\t\t\t\t\t\t\t<div class=\"elementor-button-wrapper\">\n\t\t\t\t\t<a class=\"elementor-button elementor-button-link elementor-size-md\" href=\"#lebensraum\">\n\t\t\t\t\t\t<span class=\"elementor-button-content-wrapper\">\n\t\t\t\t\t\t\t\t\t<span class=\"elementor-button-text\">Creating New Habitat<\/span>\n\t\t\t\t\t<\/span>\n\t\t\t\t\t<\/a>\n\t\t\t\t<\/div>\n\t\t\t\t\t\t\t\t<\/div>\n\t\t\t\t<\/div>\n\t\t\t\t<div class=\"elementor-element elementor-element-c1ab858 elementor-widget__width-initial elementor-widget elementor-widget-button\" data-id=\"c1ab858\" data-element_type=\"widget\" data-e-type=\"widget\" data-widget_type=\"button.default\">\n\t\t\t\t<div class=\"elementor-widget-container\">\n\t\t\t\t\t\t\t\t\t<div class=\"elementor-button-wrapper\">\n\t\t\t\t\t<a class=\"elementor-button elementor-button-link elementor-size-md\" href=\"#klimaschutz\">\n\t\t\t\t\t\t<span class=\"elementor-button-content-wrapper\">\n\t\t\t\t\t\t\t\t\t<span class=\"elementor-button-text\">Climate Protection Through the Biological Corridor<\/span>\n\t\t\t\t\t<\/span>\n\t\t\t\t\t<\/a>\n\t\t\t\t<\/div>\n\t\t\t\t\t\t\t\t<\/div>\n\t\t\t\t<\/div>\n\t\t\t\t<div class=\"elementor-element elementor-element-c715397 elementor-widget__width-initial elementor-widget elementor-widget-button\" data-id=\"c715397\" data-element_type=\"widget\" data-e-type=\"widget\" data-widget_type=\"button.default\">\n\t\t\t\t<div class=\"elementor-widget-container\">\n\t\t\t\t\t\t\t\t\t<div class=\"elementor-button-wrapper\">\n\t\t\t\t\t<a class=\"elementor-button elementor-button-link elementor-size-md\" href=\"#artenschutz\">\n\t\t\t\t\t\t<span class=\"elementor-button-content-wrapper\">\n\t\t\t\t\t\t\t\t\t<span class=\"elementor-button-text\">Species Conservation for a Holistic Ecosystem<\/span>\n\t\t\t\t\t<\/span>\n\t\t\t\t\t<\/a>\n\t\t\t\t<\/div>\n\t\t\t\t\t\t\t\t<\/div>\n\t\t\t\t<\/div>\n\t\t\t\t<div class=\"elementor-element elementor-element-c35f3a4 elementor-widget__width-initial elementor-widget elementor-widget-button\" data-id=\"c35f3a4\" data-element_type=\"widget\" data-e-type=\"widget\" data-widget_type=\"button.default\">\n\t\t\t\t<div class=\"elementor-widget-container\">\n\t\t\t\t\t\t\t\t\t<div class=\"elementor-button-wrapper\">\n\t\t\t\t\t<a class=\"elementor-button elementor-button-link elementor-size-md\" href=\"#bevoelkerung\">\n\t\t\t\t\t\t<span class=\"elementor-button-content-wrapper\">\n\t\t\t\t\t\t\t\t\t<span class=\"elementor-button-text\">Involvement of the Local Population<\/span>\n\t\t\t\t\t<\/span>\n\t\t\t\t\t<\/a>\n\t\t\t\t<\/div>\n\t\t\t\t\t\t\t\t<\/div>\n\t\t\t\t<\/div>\n\t\t\t\t<div class=\"elementor-element elementor-element-8407c27 elementor-widget__width-initial elementor-widget elementor-widget-button\" data-id=\"8407c27\" data-element_type=\"widget\" data-e-type=\"widget\" data-widget_type=\"button.default\">\n\t\t\t\t<div class=\"elementor-widget-container\">\n\t\t\t\t\t\t\t\t\t<div class=\"elementor-button-wrapper\">\n\t\t\t\t\t<a class=\"elementor-button elementor-button-link elementor-size-md\" href=\"#forschung\">\n\t\t\t\t\t\t<span class=\"elementor-button-content-wrapper\">\n\t\t\t\t\t\t\t\t\t<span class=\"elementor-button-text\">Support for Research Projects<\/span>\n\t\t\t\t\t<\/span>\n\t\t\t\t\t<\/a>\n\t\t\t\t<\/div>\n\t\t\t\t\t\t\t\t<\/div>\n\t\t\t\t<\/div>\n\t\t\t\t\t<\/div>\n\t\t\t\t<\/div>\n\t\t\t\t\t<\/div>\n\t\t\t\t<\/div>\n\t\t<div class=\"elementor-element elementor-element-ceb4949 e-flex e-con-boxed e-con e-parent\" data-id=\"ceb4949\" data-element_type=\"container\" data-e-type=\"container\">\n\t\t\t\t\t<div class=\"e-con-inner\">\n\t\t\t\t<div class=\"elementor-element elementor-element-834a49e elementor-widget elementor-widget-menu-anchor\" data-id=\"834a49e\" data-element_type=\"widget\" data-e-type=\"widget\" data-widget_type=\"menu-anchor.default\">\n\t\t\t\t<div class=\"elementor-widget-container\">\n\t\t\t\t\t\t\t<div class=\"elementor-menu-anchor\" id=\"habitat\"><\/div>\n\t\t\t\t\t\t<\/div>\n\t\t\t\t<\/div>\n\t\t\t\t\t<\/div>\n\t\t\t\t<\/div>\n\t\t<div class=\"elementor-element elementor-element-d0f353b e-flex e-con-boxed e-con e-parent\" data-id=\"d0f353b\" data-element_type=\"container\" data-e-type=\"container\">\n\t\t\t\t\t<div class=\"e-con-inner\">\n\t\t\t\t<div class=\"elementor-element elementor-element-01196ba elementor-widget elementor-widget-heading\" data-id=\"01196ba\" data-element_type=\"widget\" data-e-type=\"widget\" data-widget_type=\"heading.default\">\n\t\t\t\t<div class=\"elementor-widget-container\">\n\t\t\t\t\t<h2 class=\"elementor-heading-title elementor-size-default\">Habitat for All<\/h2>\t\t\t\t<\/div>\n\t\t\t\t<\/div>\n\t\t\t\t<div class=\"elementor-element elementor-element-5088fd7 elementor-widget elementor-widget-heading\" data-id=\"5088fd7\" data-element_type=\"widget\" data-e-type=\"widget\" data-widget_type=\"heading.default\">\n\t\t\t\t<div class=\"elementor-widget-container\">\n\t\t\t\t\t<h2 class=\"elementor-heading-title elementor-size-default\">A Shared Opportunity<\/h2>\t\t\t\t<\/div>\n\t\t\t\t<\/div>\n\t\t\t\t\t<\/div>\n\t\t\t\t<\/div>\n\t\t<div class=\"elementor-element elementor-element-66a9ea3 e-flex e-con-boxed e-con e-parent\" data-id=\"66a9ea3\" data-element_type=\"container\" data-e-type=\"container\">\n\t\t\t\t\t<div class=\"e-con-inner\">\n\t\t<div class=\"elementor-element elementor-element-9385a9c e-con-full e-flex e-con e-child\" data-id=\"9385a9c\" data-element_type=\"container\" data-e-type=\"container\">\n\t\t\t\t<div class=\"elementor-element elementor-element-09dbd75 elementor-widget elementor-widget-text-editor\" data-id=\"09dbd75\" data-element_type=\"widget\" data-e-type=\"widget\" data-widget_type=\"text-editor.default\">\n\t\t\t\t<div class=\"elementor-widget-container\">\n\t\t\t\t\t\t\t\t\t<p>While natural habitats for animals and plants are drastically declining worldwide and the global climate is changing rapidly, we are committed to a solution: the sustainable protection of the rainforest in southern Costa Rica. <\/p><p>Our activities integrate climate and species conservation, as well as close collaboration with the local population and the promotion of science in the region\u2014because only together can we make a difference!<\/p>\t\t\t\t\t\t\t\t<\/div>\n\t\t\t\t<\/div>\n\t\t\t\t<\/div>\n\t\t<div class=\"elementor-element elementor-element-aa1049c e-con-full e-flex e-con e-child\" data-id=\"aa1049c\" data-element_type=\"container\" data-e-type=\"container\">\n\t\t\t\t<div class=\"elementor-element elementor-element-c918ecf elementor-widget elementor-widget-image\" data-id=\"c918ecf\" data-element_type=\"widget\" data-e-type=\"widget\" data-widget_type=\"image.default\">\n\t\t\t\t<div class=\"elementor-widget-container\">\n\t\t\t\t\t\t\t\t\t\t\t\t<figure class=\"wp-caption\">\n\t\t\t\t\t\t\t\t\t\t<img fetchpriority=\"high\" decoding=\"async\" width=\"800\" height=\"534\" src=\"https:\/\/www.regenwald.at\/wp-content\/uploads\/2024\/06\/04-Schaffung-von-neuem-Lebensraum-\u00a9-Gernot-Kunz-1024x683.jpg\" class=\"attachment-large size-large wp-image-20491\" alt=\"\" srcset=\"https:\/\/www.regenwald.at\/wp-content\/uploads\/2024\/06\/04-Schaffung-von-neuem-Lebensraum-\u00a9-Gernot-Kunz-1024x683.jpg 1024w, https:\/\/www.regenwald.at\/wp-content\/uploads\/2024\/06\/04-Schaffung-von-neuem-Lebensraum-\u00a9-Gernot-Kunz-300x200.jpg 300w, https:\/\/www.regenwald.at\/wp-content\/uploads\/2024\/06\/04-Schaffung-von-neuem-Lebensraum-\u00a9-Gernot-Kunz-768x512.jpg 768w, https:\/\/www.regenwald.at\/wp-content\/uploads\/2024\/06\/04-Schaffung-von-neuem-Lebensraum-\u00a9-Gernot-Kunz-1536x1024.jpg 1536w, https:\/\/www.regenwald.at\/wp-content\/uploads\/2024\/06\/04-Schaffung-von-neuem-Lebensraum-\u00a9-Gernot-Kunz-2048x1365.jpg 2048w, https:\/\/www.regenwald.at\/wp-content\/uploads\/2024\/06\/04-Schaffung-von-neuem-Lebensraum-\u00a9-Gernot-Kunz-350x233.jpg 350w, https:\/\/www.regenwald.at\/wp-content\/uploads\/2024\/06\/04-Schaffung-von-neuem-Lebensraum-\u00a9-Gernot-Kunz-600x400.jpg 600w, https:\/\/www.regenwald.at\/wp-content\/uploads\/2024\/06\/04-Schaffung-von-neuem-Lebensraum-\u00a9-Gernot-Kunz-100x67.jpg 100w\" sizes=\"(max-width: 800px) 100vw, 800px\" \/>\t\t\t\t\t\t\t\t\t\t\t<figcaption class=\"widget-image-caption wp-caption-text\"><\/figcaption>\n\t\t\t\t\t\t\t\t\t\t<\/figure>\n\t\t\t\t\t\t\t\t\t<\/div>\n\t\t\t\t<\/div>\n\t\t\t\t<\/div>\n\t\t\t\t\t<\/div>\n\t\t\t\t<\/div>\n\t\t<div class=\"elementor-element elementor-element-1c1dd41 e-flex e-con-boxed e-con e-parent\" data-id=\"1c1dd41\" data-element_type=\"container\" data-e-type=\"container\">\n\t\t\t\t\t<div class=\"e-con-inner\">\n\t\t\t\t<div class=\"elementor-element elementor-element-ea367ef elementor-widget elementor-widget-menu-anchor\" data-id=\"ea367ef\" data-element_type=\"widget\" data-e-type=\"widget\" data-widget_type=\"menu-anchor.default\">\n\t\t\t\t<div class=\"elementor-widget-container\">\n\t\t\t\t\t\t\t<div class=\"elementor-menu-anchor\" id=\"climateprotection\"><\/div>\n\t\t\t\t\t\t<\/div>\n\t\t\t\t<\/div>\n\t\t\t\t\t<\/div>\n\t\t\t\t<\/div>\n\t\t<div class=\"elementor-element elementor-element-09e3676 e-flex e-con-boxed e-con e-parent\" data-id=\"09e3676\" data-element_type=\"container\" data-e-type=\"container\">\n\t\t\t\t\t<div class=\"e-con-inner\">\n\t\t\t\t<div class=\"elementor-element elementor-element-afca5eb elementor-widget elementor-widget-heading\" data-id=\"afca5eb\" data-element_type=\"widget\" data-e-type=\"widget\" data-widget_type=\"heading.default\">\n\t\t\t\t<div class=\"elementor-widget-container\">\n\t\t\t\t\t<h2 class=\"elementor-heading-title elementor-size-default\">A Biological Corridor Connects Two National Parks <\/h2>\t\t\t\t<\/div>\n\t\t\t\t<\/div>\n\t\t\t\t<div class=\"elementor-element elementor-element-f052917 elementor-widget elementor-widget-heading\" data-id=\"f052917\" data-element_type=\"widget\" data-e-type=\"widget\" data-widget_type=\"heading.default\">\n\t\t\t\t<div class=\"elementor-widget-container\">\n\t\t\t\t\t<h2 class=\"elementor-heading-title elementor-size-default\">From the Pacific Coast to Remote Mountain Regions<\/h2>\t\t\t\t<\/div>\n\t\t\t\t<\/div>\n\t\t\t\t\t<\/div>\n\t\t\t\t<\/div>\n\t\t<div class=\"elementor-element elementor-element-89da808 e-flex e-con-boxed e-con e-parent\" data-id=\"89da808\" data-element_type=\"container\" data-e-type=\"container\">\n\t\t\t\t\t<div class=\"e-con-inner\">\n\t\t<div class=\"elementor-element elementor-element-ebf50c1 e-con-full e-flex e-con e-child\" data-id=\"ebf50c1\" data-element_type=\"container\" data-e-type=\"container\">\n\t\t\t\t<div class=\"elementor-element elementor-element-9d22f9d elementor-widget elementor-widget-text-editor\" data-id=\"9d22f9d\" data-element_type=\"widget\" data-e-type=\"widget\" data-widget_type=\"text-editor.default\">\n\t\t\t\t<div class=\"elementor-widget-container\">\n\t\t\t\t\t\t\t\t\t<p class=\"align-justify\">The Esquinas Forest was once connected to the Fila Cruces (also called Fila Cal), a 1,700 m high forested mountain ridge. Today, the forest is interrupted by agricultural land or abandoned pastures; the resulting &#8220;forest islands&#8221; suffer from species impoverishment. Since 2010, our organization has supported the Tropical Station La Gamba in implementing the COBIGA project (Corredor Biol\u00f3gico La Gamba) with the following goals:  <\/p><ul><li class=\"align-justify\">maintaining biodiversity by connecting isolated forest areas<\/li><li class=\"align-justify\">reducing the greenhouse gas CO<sub>2<\/sub> through long-term storage in biomass <\/li><\/ul>\t\t\t\t\t\t\t\t<\/div>\n\t\t\t\t<\/div>\n\t\t\t\t<\/div>\n\t\t<div class=\"elementor-element elementor-element-af633b3 e-con-full e-flex e-con e-child\" data-id=\"af633b3\" data-element_type=\"container\" data-e-type=\"container\">\n\t\t\t\t<div class=\"elementor-element elementor-element-43df586 animated-slow elementor-invisible elementor-widget elementor-widget-image\" data-id=\"43df586\" data-element_type=\"widget\" data-e-type=\"widget\" data-settings=\"{&quot;_animation&quot;:&quot;fadeIn&quot;}\" data-widget_type=\"image.default\">\n\t\t\t\t<div class=\"elementor-widget-container\">\n\t\t\t\t\t\t\t\t\t\t\t\t<figure class=\"wp-caption\">\n\t\t\t\t\t\t\t\t\t\t<img decoding=\"async\" width=\"768\" height=\"512\" src=\"https:\/\/www.regenwald.at\/wp-content\/uploads\/2023\/10\/Regen-Slider-03-Cobiga-1-768x512.jpg\" class=\"attachment-medium_large size-medium_large wp-image-15547\" alt=\"\" srcset=\"https:\/\/www.regenwald.at\/wp-content\/uploads\/2023\/10\/Regen-Slider-03-Cobiga-1-768x512.jpg 768w, https:\/\/www.regenwald.at\/wp-content\/uploads\/2023\/10\/Regen-Slider-03-Cobiga-1-300x200.jpg 300w, https:\/\/www.regenwald.at\/wp-content\/uploads\/2023\/10\/Regen-Slider-03-Cobiga-1-1024x683.jpg 1024w, https:\/\/www.regenwald.at\/wp-content\/uploads\/2023\/10\/Regen-Slider-03-Cobiga-1-1536x1024.jpg 1536w, https:\/\/www.regenwald.at\/wp-content\/uploads\/2023\/10\/Regen-Slider-03-Cobiga-1-350x233.jpg 350w, https:\/\/www.regenwald.at\/wp-content\/uploads\/2023\/10\/Regen-Slider-03-Cobiga-1-600x400.jpg 600w, https:\/\/www.regenwald.at\/wp-content\/uploads\/2023\/10\/Regen-Slider-03-Cobiga-1-100x67.jpg 100w, https:\/\/www.regenwald.at\/wp-content\/uploads\/2023\/10\/Regen-Slider-03-Cobiga-1.jpg 1950w\" sizes=\"(max-width: 768px) 100vw, 768px\" \/>\t\t\t\t\t\t\t\t\t\t\t<figcaption class=\"widget-image-caption wp-caption-text\">View of the Fila Cruces \u00a9 Dennis Kollarits<\/figcaption>\n\t\t\t\t\t\t\t\t\t\t<\/figure>\n\t\t\t\t\t\t\t\t\t<\/div>\n\t\t\t\t<\/div>\n\t\t\t\t<\/div>\n\t\t\t\t\t<\/div>\n\t\t\t\t<\/div>\n\t\t<div class=\"elementor-element elementor-element-0729362 e-flex e-con-boxed e-con e-parent\" data-id=\"0729362\" data-element_type=\"container\" data-e-type=\"container\">\n\t\t\t\t\t<div class=\"e-con-inner\">\n\t\t<div class=\"elementor-element elementor-element-bd005a1 e-con-full e-flex e-con e-child\" data-id=\"bd005a1\" data-element_type=\"container\" data-e-type=\"container\">\n\t\t\t\t<div class=\"elementor-element elementor-element-a937fe1 animated-slow elementor-invisible elementor-widget elementor-widget-image\" data-id=\"a937fe1\" data-element_type=\"widget\" data-e-type=\"widget\" data-settings=\"{&quot;_animation&quot;:&quot;fadeIn&quot;}\" data-widget_type=\"image.default\">\n\t\t\t\t<div class=\"elementor-widget-container\">\n\t\t\t\t\t\t\t\t\t\t\t\t<figure class=\"wp-caption\">\n\t\t\t\t\t\t\t\t\t\t<img decoding=\"async\" src=\"https:\/\/www.regenwald.at\/wp-content\/uploads\/2023\/10\/Finca-Luis_1-Kopie.jpg\" title=\"\" alt=\"\" loading=\"lazy\" \/>\t\t\t\t\t\t\t\t\t\t\t<figcaption class=\"widget-image-caption wp-caption-text\">Finca Luis in the La Gamba Valley <\/figcaption>\n\t\t\t\t\t\t\t\t\t\t<\/figure>\n\t\t\t\t\t\t\t\t\t<\/div>\n\t\t\t\t<\/div>\n\t\t\t\t<\/div>\n\t\t<div class=\"elementor-element elementor-element-d3df368 e-con-full e-flex e-con e-child\" data-id=\"d3df368\" data-element_type=\"container\" data-e-type=\"container\">\n\t\t\t\t<div class=\"elementor-element elementor-element-42ef65d elementor-widget elementor-widget-text-editor\" data-id=\"42ef65d\" data-element_type=\"widget\" data-e-type=\"widget\" data-widget_type=\"text-editor.default\">\n\t\t\t\t<div class=\"elementor-widget-container\">\n\t\t\t\t\t\t\t\t\t<p>To achieve these goals, both land purchases and reforestation are necessary. Since 2016, the Tropical Station has been solely responsible for the COBIGA project.  <\/p><p>Donations to Regenwald der \u00d6sterreicher are forwarded to the Tropical Station for designated purposes. We receive an annual report on the use of donations. <\/p>\t\t\t\t\t\t\t\t<\/div>\n\t\t\t\t<\/div>\n\t\t\t\t<\/div>\n\t\t\t\t\t<\/div>\n\t\t\t\t<\/div>\n\t\t<div class=\"elementor-element elementor-element-587a6c3 e-flex e-con-boxed e-con e-parent\" data-id=\"587a6c3\" data-element_type=\"container\" data-e-type=\"container\">\n\t\t\t\t\t<div class=\"e-con-inner\">\n\t\t\t\t<div class=\"elementor-element elementor-element-6ba4d7f elementor-widget elementor-widget-menu-anchor\" data-id=\"6ba4d7f\" data-element_type=\"widget\" data-e-type=\"widget\" data-widget_type=\"menu-anchor.default\">\n\t\t\t\t<div class=\"elementor-widget-container\">\n\t\t\t\t\t\t\t<div class=\"elementor-menu-anchor\" id=\"speciesconservation\"><\/div>\n\t\t\t\t\t\t<\/div>\n\t\t\t\t<\/div>\n\t\t\t\t\t<\/div>\n\t\t\t\t<\/div>\n\t\t<div class=\"elementor-element elementor-element-19dd692 e-flex e-con-boxed e-con e-parent\" data-id=\"19dd692\" data-element_type=\"container\" data-e-type=\"container\">\n\t\t\t\t\t<div class=\"e-con-inner\">\n\t\t\t\t<div class=\"elementor-element elementor-element-c31ac02 elementor-widget elementor-widget-heading\" data-id=\"c31ac02\" data-element_type=\"widget\" data-e-type=\"widget\" data-widget_type=\"heading.default\">\n\t\t\t\t<div class=\"elementor-widget-container\">\n\t\t\t\t\t<h2 class=\"elementor-heading-title elementor-size-default\">Species Conservation Protects All Living Beings<\/h2>\t\t\t\t<\/div>\n\t\t\t\t<\/div>\n\t\t\t\t<div class=\"elementor-element elementor-element-216b76a elementor-widget elementor-widget-heading\" data-id=\"216b76a\" data-element_type=\"widget\" data-e-type=\"widget\" data-widget_type=\"heading.default\">\n\t\t\t\t<div class=\"elementor-widget-container\">\n\t\t\t\t\t<h2 class=\"elementor-heading-title elementor-size-default\">Only a Holistic Ecosystem Is Resilient<\/h2>\t\t\t\t<\/div>\n\t\t\t\t<\/div>\n\t\t\t\t\t<\/div>\n\t\t\t\t<\/div>\n\t\t<div class=\"elementor-element elementor-element-97e45c4 e-flex e-con-boxed e-con e-parent\" data-id=\"97e45c4\" data-element_type=\"container\" data-e-type=\"container\">\n\t\t\t\t\t<div class=\"e-con-inner\">\n\t\t<div class=\"elementor-element elementor-element-ab3752c e-con-full e-flex e-con e-child\" data-id=\"ab3752c\" data-element_type=\"container\" data-e-type=\"container\">\n\t\t\t\t<div class=\"elementor-element elementor-element-ac54bb8 elementor-widget elementor-widget-text-editor\" data-id=\"ac54bb8\" data-element_type=\"widget\" data-e-type=\"widget\" data-widget_type=\"text-editor.default\">\n\t\t\t\t<div class=\"elementor-widget-container\">\n\t\t\t\t\t\t\t\t\t<p>In 1991, the Esquinas Rainforest was officially protected as Piedras Blancas National Park. Nevertheless, there are still problems with poaching and illegal logging in this area. To counter this, we have supported the work of park rangers, also known as &#8220;Guardaparques,&#8221; in Piedras Blancas National Park since June 2003. We currently fund the salaries of two park rangers and one administrative staff member working at the national park stations in La Gamba and R\u00edo Bonito.<br>The main task of the &#8220;Guardaparques&#8221; is to combat illegal activities in the rainforest such as hunting, logging, coastal fishing, river pollution, gold panning, or the intrusion of illegal settlers into the rainforest. In addition, the rangers are responsible for maintaining trails, buildings, and park boundaries, as well as managing camera traps. Their work is crucial for protecting this valuable ecosystem.     <\/p>\t\t\t\t\t\t\t\t<\/div>\n\t\t\t\t<\/div>\n\t\t\t\t<\/div>\n\t\t<div class=\"elementor-element elementor-element-b903c17 e-con-full e-flex e-con e-child\" data-id=\"b903c17\" data-element_type=\"container\" data-e-type=\"container\">\n\t\t\t\t<div class=\"elementor-element elementor-element-c287d78 animated-slow elementor-invisible elementor-widget elementor-widget-image\" data-id=\"c287d78\" data-element_type=\"widget\" data-e-type=\"widget\" data-settings=\"{&quot;_animation&quot;:&quot;fadeIn&quot;}\" data-widget_type=\"image.default\">\n\t\t\t\t<div class=\"elementor-widget-container\">\n\t\t\t\t\t\t\t\t\t\t\t\t<figure class=\"wp-caption\">\n\t\t\t\t\t\t\t\t\t\t<img decoding=\"async\" width=\"768\" height=\"512\" src=\"https:\/\/www.regenwald.at\/wp-content\/uploads\/2023\/10\/Regen-Slider-01-Frosch-1-768x512.jpg\" class=\"attachment-medium_large size-medium_large wp-image-15543\" alt=\"\" srcset=\"https:\/\/www.regenwald.at\/wp-content\/uploads\/2023\/10\/Regen-Slider-01-Frosch-1-768x512.jpg 768w, https:\/\/www.regenwald.at\/wp-content\/uploads\/2023\/10\/Regen-Slider-01-Frosch-1-300x200.jpg 300w, https:\/\/www.regenwald.at\/wp-content\/uploads\/2023\/10\/Regen-Slider-01-Frosch-1-1024x683.jpg 1024w, https:\/\/www.regenwald.at\/wp-content\/uploads\/2023\/10\/Regen-Slider-01-Frosch-1-1536x1024.jpg 1536w, https:\/\/www.regenwald.at\/wp-content\/uploads\/2023\/10\/Regen-Slider-01-Frosch-1-350x233.jpg 350w, https:\/\/www.regenwald.at\/wp-content\/uploads\/2023\/10\/Regen-Slider-01-Frosch-1-600x400.jpg 600w, https:\/\/www.regenwald.at\/wp-content\/uploads\/2023\/10\/Regen-Slider-01-Frosch-1-100x67.jpg 100w, https:\/\/www.regenwald.at\/wp-content\/uploads\/2023\/10\/Regen-Slider-01-Frosch-1.jpg 1950w\" sizes=\"(max-width: 768px) 100vw, 768px\" \/>\t\t\t\t\t\t\t\t\t\t\t<figcaption class=\"widget-image-caption wp-caption-text\">Hourglass Tree Frog \u00a9 Christian Hartmann<\/figcaption>\n\t\t\t\t\t\t\t\t\t\t<\/figure>\n\t\t\t\t\t\t\t\t\t<\/div>\n\t\t\t\t<\/div>\n\t\t\t\t<\/div>\n\t\t\t\t\t<\/div>\n\t\t\t\t<\/div>\n\t\t<div class=\"elementor-element elementor-element-dbe3368 e-flex e-con-boxed e-con e-parent\" data-id=\"dbe3368\" data-element_type=\"container\" data-e-type=\"container\">\n\t\t\t\t\t<div class=\"e-con-inner\">\n\t\t<div class=\"elementor-element elementor-element-c3b7e7e e-con-full e-flex e-con e-child\" data-id=\"c3b7e7e\" data-element_type=\"container\" data-e-type=\"container\">\n\t\t\t\t<div class=\"elementor-element elementor-element-ab384c9 animated-slow elementor-invisible elementor-widget elementor-widget-image\" data-id=\"ab384c9\" data-element_type=\"widget\" data-e-type=\"widget\" data-settings=\"{&quot;_animation&quot;:&quot;fadeIn&quot;}\" data-widget_type=\"image.default\">\n\t\t\t\t<div class=\"elementor-widget-container\">\n\t\t\t\t\t\t\t\t\t\t\t\t<figure class=\"wp-caption\">\n\t\t\t\t\t\t\t\t\t\t<img loading=\"lazy\" decoding=\"async\" width=\"768\" height=\"514\" src=\"https:\/\/www.regenwald.at\/wp-content\/uploads\/2023\/10\/Wildhueter-768x514.jpg\" class=\"attachment-medium_large size-medium_large wp-image-15766\" alt=\"\" srcset=\"https:\/\/www.regenwald.at\/wp-content\/uploads\/2023\/10\/Wildhueter-768x514.jpg 768w, https:\/\/www.regenwald.at\/wp-content\/uploads\/2023\/10\/Wildhueter-300x201.jpg 300w, https:\/\/www.regenwald.at\/wp-content\/uploads\/2023\/10\/Wildhueter-350x233.jpg 350w, https:\/\/www.regenwald.at\/wp-content\/uploads\/2023\/10\/Wildhueter-600x402.jpg 600w, https:\/\/www.regenwald.at\/wp-content\/uploads\/2023\/10\/Wildhueter-100x67.jpg 100w, https:\/\/www.regenwald.at\/wp-content\/uploads\/2023\/10\/Wildhueter.jpg 847w\" sizes=\"(max-width: 768px) 100vw, 768px\" \/>\t\t\t\t\t\t\t\t\t\t\t<figcaption class=\"widget-image-caption wp-caption-text\">Park Rangers at Work<\/figcaption>\n\t\t\t\t\t\t\t\t\t\t<\/figure>\n\t\t\t\t\t\t\t\t\t<\/div>\n\t\t\t\t<\/div>\n\t\t\t\t<\/div>\n\t\t<div class=\"elementor-element elementor-element-cc60796 e-con-full e-flex e-con e-child\" data-id=\"cc60796\" data-element_type=\"container\" data-e-type=\"container\">\n\t\t\t\t<div class=\"elementor-element elementor-element-6fba138 elementor-widget elementor-widget-text-editor\" data-id=\"6fba138\" data-element_type=\"widget\" data-e-type=\"widget\" data-widget_type=\"text-editor.default\">\n\t\t\t\t<div class=\"elementor-widget-container\">\n\t\t\t\t\t\t\t\t\t<p>The monthly gross salary of a ranger is \u20ac1,524 (CRC 861,190). The salary for an administrative staff member is \u20ac1,310 (CRC 740,379), including administration by Fundaci\u00f3n Corcovado, allowances, social, health, and accident insurance. In total, we need \u20ac52,300 per year for 2 rangers and 1 administrative staff member. We urgently need your help to ensure rainforest protection.   <\/p>\t\t\t\t\t\t\t\t<\/div>\n\t\t\t\t<\/div>\n\t\t\t\t<div class=\"elementor-element elementor-element-a72e4d0 elementor-widget elementor-widget-toggle\" data-id=\"a72e4d0\" data-element_type=\"widget\" data-e-type=\"widget\" data-widget_type=\"toggle.default\">\n\t\t\t\t<div class=\"elementor-widget-container\">\n\t\t\t\t\t\t\t<div class=\"elementor-toggle\">\n\t\t\t\t\t\t\t<div class=\"elementor-toggle-item\">\n\t\t\t\t\t<div id=\"elementor-tab-title-1751\" class=\"elementor-tab-title\" data-tab=\"1\" role=\"button\" aria-controls=\"elementor-tab-content-1751\" aria-expanded=\"false\">\n\t\t\t\t\t\t\t\t\t\t\t\t<span class=\"elementor-toggle-icon elementor-toggle-icon-left\" aria-hidden=\"true\">\n\t\t\t\t\t\t\t\t\t\t\t\t\t\t\t<span class=\"elementor-toggle-icon-closed\"><svg class=\"e-font-icon-svg e-fas-caret-right\" viewBox=\"0 0 192 512\" xmlns=\"http:\/\/www.w3.org\/2000\/svg\"><path d=\"M0 384.662V127.338c0-17.818 21.543-26.741 34.142-14.142l128.662 128.662c7.81 7.81 7.81 20.474 0 28.284L34.142 398.804C21.543 411.404 0 402.48 0 384.662z\"><\/path><\/svg><\/span>\n\t\t\t\t\t\t\t\t<span class=\"elementor-toggle-icon-opened\"><svg class=\"elementor-toggle-icon-opened e-font-icon-svg e-fas-caret-up\" viewBox=\"0 0 320 512\" xmlns=\"http:\/\/www.w3.org\/2000\/svg\"><path d=\"M288.662 352H31.338c-17.818 0-26.741-21.543-14.142-34.142l128.662-128.662c7.81-7.81 20.474-7.81 28.284 0l128.662 128.662c12.6 12.599 3.676 34.142-14.142 34.142z\"><\/path><\/svg><\/span>\n\t\t\t\t\t\t\t\t\t\t\t\t\t<\/span>\n\t\t\t\t\t\t\t\t\t\t\t\t<a class=\"elementor-toggle-title\" tabindex=\"0\">Fundacion Corcovado 2003 - ongoing<\/a>\n\t\t\t\t\t<\/div>\n\n\t\t\t\t\t<div id=\"elementor-tab-content-1751\" class=\"elementor-tab-content elementor-clearfix\" data-tab=\"1\" role=\"region\" aria-labelledby=\"elementor-tab-title-1751\"><p>We have had a long-standing friendship and collaboration with the Corcovado Foundation since 2003. This environmental organization is primarily dedicated to projects on the Osa Peninsula and is responsible for employing our rangers. <\/p>\n<p>A particularly successful project focuses on the protection of sea turtles on the Pacific beaches of the Osa Peninsula and in the central Pacific. Turtles are tagged, biometric data is collected, egg-laying is monitored, and nests are cared for by volunteers. Newly hatched baby turtles are gently released into the ocean to return them to the wild.  <\/p>\n<p>The efforts are primarily directed at the Punta Mala &#8211; Playa Hermosa Wildlife Reserve in the central Pacific. The project to restore a healthy sea turtle population is funded through <a href=\"https:\/\/www.regenwald.at\/produkt-kategorie\/artenschutz\/\">donations for species conservation<\/a>. <\/p>\n<p>More information: <a href=\"http:\/\/www.corcovadofoundation.org\/sea-turtle-conservation\/\" target=\"_blank\" rel=\"noopener\">http:\/\/www.corcovadofoundation.org\/sea-turtle-conservation\/<\/a><\/p>\n<\/div>\n\t\t\t\t<\/div>\n\t\t\t\t\t\t\t<div class=\"elementor-toggle-item\">\n\t\t\t\t\t<div id=\"elementor-tab-title-1752\" class=\"elementor-tab-title\" data-tab=\"2\" role=\"button\" aria-controls=\"elementor-tab-content-1752\" aria-expanded=\"false\">\n\t\t\t\t\t\t\t\t\t\t\t\t<span class=\"elementor-toggle-icon elementor-toggle-icon-left\" aria-hidden=\"true\">\n\t\t\t\t\t\t\t\t\t\t\t\t\t\t\t<span class=\"elementor-toggle-icon-closed\"><svg class=\"e-font-icon-svg e-fas-caret-right\" viewBox=\"0 0 192 512\" xmlns=\"http:\/\/www.w3.org\/2000\/svg\"><path d=\"M0 384.662V127.338c0-17.818 21.543-26.741 34.142-14.142l128.662 128.662c7.81 7.81 7.81 20.474 0 28.284L34.142 398.804C21.543 411.404 0 402.48 0 384.662z\"><\/path><\/svg><\/span>\n\t\t\t\t\t\t\t\t<span class=\"elementor-toggle-icon-opened\"><svg class=\"elementor-toggle-icon-opened e-font-icon-svg e-fas-caret-up\" viewBox=\"0 0 320 512\" xmlns=\"http:\/\/www.w3.org\/2000\/svg\"><path d=\"M288.662 352H31.338c-17.818 0-26.741-21.543-14.142-34.142l128.662-128.662c7.81-7.81 20.474-7.81 28.284 0l128.662 128.662c12.6 12.599 3.676 34.142-14.142 34.142z\"><\/path><\/svg><\/span>\n\t\t\t\t\t\t\t\t\t\t\t\t\t<\/span>\n\t\t\t\t\t\t\t\t\t\t\t\t<a class=\"elementor-toggle-title\" tabindex=\"0\">Yaguara 2010-2014<\/a>\n\t\t\t\t\t<\/div>\n\n\t\t\t\t\t<div id=\"elementor-tab-content-1752\" class=\"elementor-tab-content elementor-clearfix\" data-tab=\"2\" role=\"region\" aria-labelledby=\"elementor-tab-title-1752\"><p>From 2010 to 2014, we supported the work of the Yaguar\u00e1 organization with a total of $53,000. Its goal was to secure the population of wild cats in southern Costa Rica (Osa Peninsula, Regenwald der \u00d6sterreicher) through targeted measures. With our donations, camera traps and radio collars were purchased, compensation was paid to farmers, and educational work in schools and communities was supported. <\/p>\n<\/div>\n\t\t\t\t<\/div>\n\t\t\t\t\t\t\t<div class=\"elementor-toggle-item\">\n\t\t\t\t\t<div id=\"elementor-tab-title-1753\" class=\"elementor-tab-title\" data-tab=\"3\" role=\"button\" aria-controls=\"elementor-tab-content-1753\" aria-expanded=\"false\">\n\t\t\t\t\t\t\t\t\t\t\t\t<span class=\"elementor-toggle-icon elementor-toggle-icon-left\" aria-hidden=\"true\">\n\t\t\t\t\t\t\t\t\t\t\t\t\t\t\t<span class=\"elementor-toggle-icon-closed\"><svg class=\"e-font-icon-svg e-fas-caret-right\" viewBox=\"0 0 192 512\" xmlns=\"http:\/\/www.w3.org\/2000\/svg\"><path d=\"M0 384.662V127.338c0-17.818 21.543-26.741 34.142-14.142l128.662 128.662c7.81 7.81 7.81 20.474 0 28.284L34.142 398.804C21.543 411.404 0 402.48 0 384.662z\"><\/path><\/svg><\/span>\n\t\t\t\t\t\t\t\t<span class=\"elementor-toggle-icon-opened\"><svg class=\"elementor-toggle-icon-opened e-font-icon-svg e-fas-caret-up\" viewBox=\"0 0 320 512\" xmlns=\"http:\/\/www.w3.org\/2000\/svg\"><path d=\"M288.662 352H31.338c-17.818 0-26.741-21.543-14.142-34.142l128.662-128.662c7.81-7.81 20.474-7.81 28.284 0l128.662 128.662c12.6 12.599 3.676 34.142-14.142 34.142z\"><\/path><\/svg><\/span>\n\t\t\t\t\t\t\t\t\t\t\t\t\t<\/span>\n\t\t\t\t\t\t\t\t\t\t\t\t<a class=\"elementor-toggle-title\" tabindex=\"0\">Osa Conservation Wildcat Program<\/a>\n\t\t\t\t\t<\/div>\n\n\t\t\t\t\t<div id=\"elementor-tab-content-1753\" class=\"elementor-tab-content elementor-clearfix\" data-tab=\"3\" role=\"region\" aria-labelledby=\"elementor-tab-title-1753\"><p>We have decided to support the wildcat program of Osa Conservation (<a href=\"http:\/\/osaconservation.org\/category\/wildcats\/\">http:\/\/osaconservation.org\/category\/wildcats\/<\/a>) and to acquire camera traps that will be set up in the vicinity of the Esquinas Rainforest Lodge and the Tropical Station La Gamba. The advantage is that the data can be analyzed by our staff on site. We hope to regularly publish interesting and informative photos of the mammals of the Austrian rainforest.  <\/p>\n<\/div>\n\t\t\t\t<\/div>\n\t\t\t\t\t\t\t<div class=\"elementor-toggle-item\">\n\t\t\t\t\t<div id=\"elementor-tab-title-1754\" class=\"elementor-tab-title\" data-tab=\"4\" role=\"button\" aria-controls=\"elementor-tab-content-1754\" aria-expanded=\"false\">\n\t\t\t\t\t\t\t\t\t\t\t\t<span class=\"elementor-toggle-icon elementor-toggle-icon-left\" aria-hidden=\"true\">\n\t\t\t\t\t\t\t\t\t\t\t\t\t\t\t<span class=\"elementor-toggle-icon-closed\"><svg class=\"e-font-icon-svg e-fas-caret-right\" viewBox=\"0 0 192 512\" xmlns=\"http:\/\/www.w3.org\/2000\/svg\"><path d=\"M0 384.662V127.338c0-17.818 21.543-26.741 34.142-14.142l128.662 128.662c7.81 7.81 7.81 20.474 0 28.284L34.142 398.804C21.543 411.404 0 402.48 0 384.662z\"><\/path><\/svg><\/span>\n\t\t\t\t\t\t\t\t<span class=\"elementor-toggle-icon-opened\"><svg class=\"elementor-toggle-icon-opened e-font-icon-svg e-fas-caret-up\" viewBox=\"0 0 320 512\" xmlns=\"http:\/\/www.w3.org\/2000\/svg\"><path d=\"M288.662 352H31.338c-17.818 0-26.741-21.543-14.142-34.142l128.662-128.662c7.81-7.81 20.474-7.81 28.284 0l128.662 128.662c12.6 12.599 3.676 34.142-14.142 34.142z\"><\/path><\/svg><\/span>\n\t\t\t\t\t\t\t\t\t\t\t\t\t<\/span>\n\t\t\t\t\t\t\t\t\t\t\t\t<a class=\"elementor-toggle-title\" tabindex=\"0\">The Macaw Release Station in San Josecito 1996-2008<\/a>\n\t\t\t\t\t<\/div>\n\n\t\t\t\t\t<div id=\"elementor-tab-content-1754\" class=\"elementor-tab-content elementor-clearfix\" data-tab=\"4\" role=\"region\" aria-labelledby=\"elementor-tab-title-1754\"><p>The foundation &#8220;Fundaci\u00f3n para la Restauraci\u00f3n de la Naturaleza,&#8221; operated by the private Zoo Ave near San Jos\u00e9, started a breeding program for Scarlet Macaws in 1996. The goal was to reintroduce these nearly extinct parrots to their natural habitat. Piedras Blancas National Park (Regenwald der \u00d6sterreicher) was selected as the most suitable location for releasing the macaws after an intensive search. The organization donated a 13-hectare property near Playa San Josecito on the Golfo Dulce to the foundation. At the end of 1998, five aviaries, a field kitchen, and two simple prefabricated houses for the biologists were built there.    <\/p>\n<p>The first macaws were soon brought there, where they learned to fly in the aviaries and regained their flight abilities. Their diet was gradually switched to wild fruits from the surrounding area, and their social behavior was observed daily by zoologists. Each year, the population was expanded by 10 to 15 macaws.  <\/p>\n<p>In November 2008, the hundredth macaw was released. The project exceeded all expectations. Originally, the survival rate of the released birds was estimated at 50%, but more than 80% of the macaws have survived life in the wild and some have already produced offspring. The macaws leave their roosting sites at sunrise, spend the day in the almendro trees along the coast, and return only at sunset. The birds fly as far as R\u00edo Esquinas to the north and to Golfito to the south\u2014a distance of 20 kilometers. The rangers of the national park administration regularly bring confiscated parakeets and parrots to the release station.     <\/p>\n<\/div>\n\t\t\t\t<\/div>\n\t\t\t\t\t\t\t<div class=\"elementor-toggle-item\">\n\t\t\t\t\t<div id=\"elementor-tab-title-1755\" class=\"elementor-tab-title\" data-tab=\"5\" role=\"button\" aria-controls=\"elementor-tab-content-1755\" aria-expanded=\"false\">\n\t\t\t\t\t\t\t\t\t\t\t\t<span class=\"elementor-toggle-icon elementor-toggle-icon-left\" aria-hidden=\"true\">\n\t\t\t\t\t\t\t\t\t\t\t\t\t\t\t<span class=\"elementor-toggle-icon-closed\"><svg class=\"e-font-icon-svg e-fas-caret-right\" viewBox=\"0 0 192 512\" xmlns=\"http:\/\/www.w3.org\/2000\/svg\"><path d=\"M0 384.662V127.338c0-17.818 21.543-26.741 34.142-14.142l128.662 128.662c7.81 7.81 7.81 20.474 0 28.284L34.142 398.804C21.543 411.404 0 402.48 0 384.662z\"><\/path><\/svg><\/span>\n\t\t\t\t\t\t\t\t<span class=\"elementor-toggle-icon-opened\"><svg class=\"elementor-toggle-icon-opened e-font-icon-svg e-fas-caret-up\" viewBox=\"0 0 320 512\" xmlns=\"http:\/\/www.w3.org\/2000\/svg\"><path d=\"M288.662 352H31.338c-17.818 0-26.741-21.543-14.142-34.142l128.662-128.662c7.81-7.81 20.474-7.81 28.284 0l128.662 128.662c12.6 12.599 3.676 34.142-14.142 34.142z\"><\/path><\/svg><\/span>\n\t\t\t\t\t\t\t\t\t\t\t\t\t<\/span>\n\t\t\t\t\t\t\t\t\t\t\t\t<a class=\"elementor-toggle-title\" tabindex=\"0\">Pro Felis 1998-2008<\/a>\n\t\t\t\t\t<\/div>\n\n\t\t\t\t\t<div id=\"elementor-tab-content-1755\" class=\"elementor-tab-content elementor-clearfix\" data-tab=\"5\" role=\"region\" aria-labelledby=\"elementor-tab-title-1755\"><p>Between 1998 and 2000, an ocelot and several margays (tree ocelots) were released by the wildcat organization Pro Felis. But confiscated capuchin monkeys, coatis, raccoons, caimans, and turtles also found a new home in the Regenwald der \u00d6sterreicher. Regenwald der \u00d6sterreicher supported the release projects from 1998 to 2008 with more than $50,000.   <\/p>\n<\/div>\n\t\t\t\t<\/div>\n\t\t\t\t\t\t\t\t<\/div>\n\t\t\t\t\t\t<\/div>\n\t\t\t\t<\/div>\n\t\t\t\t<\/div>\n\t\t\t\t\t<\/div>\n\t\t\t\t<\/div>\n\t\t<div class=\"elementor-element elementor-element-60dccc3 e-flex e-con-boxed e-con e-parent\" data-id=\"60dccc3\" data-element_type=\"container\" data-e-type=\"container\">\n\t\t\t\t\t<div class=\"e-con-inner\">\n\t\t\t\t<div class=\"elementor-element elementor-element-fe11215 elementor-widget elementor-widget-menu-anchor\" data-id=\"fe11215\" data-element_type=\"widget\" data-e-type=\"widget\" data-widget_type=\"menu-anchor.default\">\n\t\t\t\t<div class=\"elementor-widget-container\">\n\t\t\t\t\t\t\t<div class=\"elementor-menu-anchor\" id=\"population\"><\/div>\n\t\t\t\t\t\t<\/div>\n\t\t\t\t<\/div>\n\t\t\t\t\t<\/div>\n\t\t\t\t<\/div>\n\t\t<div class=\"elementor-element elementor-element-215bd23 e-flex e-con-boxed e-con e-parent\" data-id=\"215bd23\" data-element_type=\"container\" data-e-type=\"container\">\n\t\t\t\t\t<div class=\"e-con-inner\">\n\t\t\t\t<div class=\"elementor-element elementor-element-df9ef5c elementor-widget elementor-widget-heading\" data-id=\"df9ef5c\" data-element_type=\"widget\" data-e-type=\"widget\" data-widget_type=\"heading.default\">\n\t\t\t\t<div class=\"elementor-widget-container\">\n\t\t\t\t\t<h2 class=\"elementor-heading-title elementor-size-default\">Support for the Local Population<\/h2>\t\t\t\t<\/div>\n\t\t\t\t<\/div>\n\t\t\t\t<div class=\"elementor-element elementor-element-e05b404 elementor-widget elementor-widget-heading\" data-id=\"e05b404\" data-element_type=\"widget\" data-e-type=\"widget\" data-widget_type=\"heading.default\">\n\t\t\t\t<div class=\"elementor-widget-container\">\n\t\t\t\t\t<h2 class=\"elementor-heading-title elementor-size-default\">From Poacher to Nature Guide, From Logger to Gardener<\/h2>\t\t\t\t<\/div>\n\t\t\t\t<\/div>\n\t\t\t\t\t<\/div>\n\t\t\t\t<\/div>\n\t\t<div class=\"elementor-element elementor-element-a33f1a9 e-flex e-con-boxed e-con e-parent\" data-id=\"a33f1a9\" data-element_type=\"container\" data-e-type=\"container\">\n\t\t\t\t\t<div class=\"e-con-inner\">\n\t\t<div class=\"elementor-element elementor-element-1f34773 e-con-full e-flex e-con e-child\" data-id=\"1f34773\" data-element_type=\"container\" data-e-type=\"container\">\n\t\t\t\t<div class=\"elementor-element elementor-element-70bd62e elementor-widget elementor-widget-text-editor\" data-id=\"70bd62e\" data-element_type=\"widget\" data-e-type=\"widget\" data-widget_type=\"text-editor.default\">\n\t\t\t\t<div class=\"elementor-widget-container\">\n\t\t\t\t\t\t\t\t\t<p>The village of La Gamba, in the immediate vicinity of Piedras Blancas National Park (Regenwald der \u00d6sterreicher), was founded around 1950 as a social resettlement project of the state <em>Instituto Desarrollo Agrario<\/em> (IDA) during the &#8220;banana boom&#8221; era. Today, about 400 people from approximately 70 families live in the village, many of whom do not have a primary school diploma, and only a few attended secondary school. Politically, La Gamba belongs to the Golfito district. The community&#8217;s main problems are high unemployment due to lack of education, crime and drugs, poaching, lack of public transportation, low living standards, hygiene (wastewater disposal), and flooding. Many residents have to commute longer distances to their workplaces daily. In La Gamba, the Esquinas Rainforest Lodge and the Tropical Station La Gamba (together up to 30 jobs) are the most important employers.     <\/p>\t\t\t\t\t\t\t\t<\/div>\n\t\t\t\t<\/div>\n\t\t\t\t<div class=\"elementor-element elementor-element-2b6f8e0 elementor-widget elementor-widget-toggle\" data-id=\"2b6f8e0\" data-element_type=\"widget\" data-e-type=\"widget\" data-widget_type=\"toggle.default\">\n\t\t\t\t<div class=\"elementor-widget-container\">\n\t\t\t\t\t\t\t<div class=\"elementor-toggle\">\n\t\t\t\t\t\t\t<div class=\"elementor-toggle-item\">\n\t\t\t\t\t<div id=\"elementor-tab-title-4551\" class=\"elementor-tab-title\" data-tab=\"1\" role=\"button\" aria-controls=\"elementor-tab-content-4551\" aria-expanded=\"false\">\n\t\t\t\t\t\t\t\t\t\t\t\t<span class=\"elementor-toggle-icon elementor-toggle-icon-left\" aria-hidden=\"true\">\n\t\t\t\t\t\t\t\t\t\t\t\t\t\t\t<span class=\"elementor-toggle-icon-closed\"><svg class=\"e-font-icon-svg e-fas-caret-right\" viewBox=\"0 0 192 512\" xmlns=\"http:\/\/www.w3.org\/2000\/svg\"><path d=\"M0 384.662V127.338c0-17.818 21.543-26.741 34.142-14.142l128.662 128.662c7.81 7.81 7.81 20.474 0 28.284L34.142 398.804C21.543 411.404 0 402.48 0 384.662z\"><\/path><\/svg><\/span>\n\t\t\t\t\t\t\t\t<span class=\"elementor-toggle-icon-opened\"><svg class=\"elementor-toggle-icon-opened e-font-icon-svg e-fas-caret-up\" viewBox=\"0 0 320 512\" xmlns=\"http:\/\/www.w3.org\/2000\/svg\"><path d=\"M288.662 352H31.338c-17.818 0-26.741-21.543-14.142-34.142l128.662-128.662c7.81-7.81 20.474-7.81 28.284 0l128.662 128.662c12.6 12.599 3.676 34.142-14.142 34.142z\"><\/path><\/svg><\/span>\n\t\t\t\t\t\t\t\t\t\t\t\t\t<\/span>\n\t\t\t\t\t\t\t\t\t\t\t\t<a class=\"elementor-toggle-title\" tabindex=\"0\">Austrian Development Aid Project 1995-2005<\/a>\n\t\t\t\t\t<\/div>\n\n\t\t\t\t\t<div id=\"elementor-tab-content-4551\" class=\"elementor-tab-content elementor-clearfix\" data-tab=\"1\" role=\"region\" aria-labelledby=\"elementor-tab-title-4551\"><p>A ten-year project by Austrian Development Cooperation (EZA) from 1995 to 2005 aimed to develop La Gamba into an independent community and address the social, economic, and ecological crisis. The main components were self-governance, sustainable management, and the establishment of independent small businesses. A democratization process was to take place to give all residents a say in community projects. The Asociaci\u00f3n Probienestar de La Gamba (ASOPROBI) is the first democratically elected community committee with departments for agriculture, health, security, education, roads, youth, sports, and water. These institutions still exist today for the benefit of the residents.    <\/p>\n<\/div>\n\t\t\t\t<\/div>\n\t\t\t\t\t\t\t<div class=\"elementor-toggle-item\">\n\t\t\t\t\t<div id=\"elementor-tab-title-4552\" class=\"elementor-tab-title\" data-tab=\"2\" role=\"button\" aria-controls=\"elementor-tab-content-4552\" aria-expanded=\"false\">\n\t\t\t\t\t\t\t\t\t\t\t\t<span class=\"elementor-toggle-icon elementor-toggle-icon-left\" aria-hidden=\"true\">\n\t\t\t\t\t\t\t\t\t\t\t\t\t\t\t<span class=\"elementor-toggle-icon-closed\"><svg class=\"e-font-icon-svg e-fas-caret-right\" viewBox=\"0 0 192 512\" xmlns=\"http:\/\/www.w3.org\/2000\/svg\"><path d=\"M0 384.662V127.338c0-17.818 21.543-26.741 34.142-14.142l128.662 128.662c7.81 7.81 7.81 20.474 0 28.284L34.142 398.804C21.543 411.404 0 402.48 0 384.662z\"><\/path><\/svg><\/span>\n\t\t\t\t\t\t\t\t<span class=\"elementor-toggle-icon-opened\"><svg class=\"elementor-toggle-icon-opened e-font-icon-svg e-fas-caret-up\" viewBox=\"0 0 320 512\" xmlns=\"http:\/\/www.w3.org\/2000\/svg\"><path d=\"M288.662 352H31.338c-17.818 0-26.741-21.543-14.142-34.142l128.662-128.662c7.81-7.81 20.474-7.81 28.284 0l128.662 128.662c12.6 12.599 3.676 34.142-14.142 34.142z\"><\/path><\/svg><\/span>\n\t\t\t\t\t\t\t\t\t\t\t\t\t<\/span>\n\t\t\t\t\t\t\t\t\t\t\t\t<a class=\"elementor-toggle-title\" tabindex=\"0\">The La Gamba Fund<\/a>\n\t\t\t\t\t<\/div>\n\n\t\t\t\t\t<div id=\"elementor-tab-content-4552\" class=\"elementor-tab-content elementor-clearfix\" data-tab=\"2\" role=\"region\" aria-labelledby=\"elementor-tab-title-4552\"><p>When the development aid project of the Republic of Austria ended in 2005, the Esquinas Rainforest Lodge established the &#8220;La Gamba Fund&#8221; with the goal of improving the population&#8217;s living standards by supporting community projects. The original deposit of $200,000 came from the sale of the Esquinas Rainforest Lodge. Since 2005, the Regenwald der \u00d6sterreicher organization has contributed an additional $22,000. Projects are submitted by the community committees and reviewed by representatives of the Esquinas Rainforest Lodge, Regenwald der \u00d6sterreicher, and the Tropical Station La Gamba. Projects that benefit the entire community are preferred; neither individual projects nor loans are funded from the fund. The projects are carried out by the individual committees, which are also responsible for financial processing and accounting.     <\/p>\n<\/div>\n\t\t\t\t<\/div>\n\t\t\t\t\t\t\t<div class=\"elementor-toggle-item\">\n\t\t\t\t\t<div id=\"elementor-tab-title-4553\" class=\"elementor-tab-title\" data-tab=\"3\" role=\"button\" aria-controls=\"elementor-tab-content-4553\" aria-expanded=\"false\">\n\t\t\t\t\t\t\t\t\t\t\t\t<span class=\"elementor-toggle-icon elementor-toggle-icon-left\" aria-hidden=\"true\">\n\t\t\t\t\t\t\t\t\t\t\t\t\t\t\t<span class=\"elementor-toggle-icon-closed\"><svg class=\"e-font-icon-svg e-fas-caret-right\" viewBox=\"0 0 192 512\" xmlns=\"http:\/\/www.w3.org\/2000\/svg\"><path d=\"M0 384.662V127.338c0-17.818 21.543-26.741 34.142-14.142l128.662 128.662c7.81 7.81 7.81 20.474 0 28.284L34.142 398.804C21.543 411.404 0 402.48 0 384.662z\"><\/path><\/svg><\/span>\n\t\t\t\t\t\t\t\t<span class=\"elementor-toggle-icon-opened\"><svg class=\"elementor-toggle-icon-opened e-font-icon-svg e-fas-caret-up\" viewBox=\"0 0 320 512\" xmlns=\"http:\/\/www.w3.org\/2000\/svg\"><path d=\"M288.662 352H31.338c-17.818 0-26.741-21.543-14.142-34.142l128.662-128.662c7.81-7.81 20.474-7.81 28.284 0l128.662 128.662c12.6 12.599 3.676 34.142-14.142 34.142z\"><\/path><\/svg><\/span>\n\t\t\t\t\t\t\t\t\t\t\t\t\t<\/span>\n\t\t\t\t\t\t\t\t\t\t\t\t<a class=\"elementor-toggle-title\" tabindex=\"0\">La Gamba Fund Projects 2005-2011<\/a>\n\t\t\t\t\t<\/div>\n\n\t\t\t\t\t<div id=\"elementor-tab-content-4553\" class=\"elementor-tab-content elementor-clearfix\" data-tab=\"3\" role=\"region\" aria-labelledby=\"elementor-tab-title-4553\"><p>Until 2005, only 50% of the drinking water reached the center of La Gamba, and water pressure was very low due to leaky water pipes and tanks. The first major project of the La Gamba Fund was the renewal of the water supply for 62 houses in the village center. New springs were tapped, new cisterns were built, and defective pipes were replaced.   <br \/>Other projects since 2005 included the renovation of the primary school, the community hall, and the health station, the construction of a covered children&#8217;s playground, the construction of a police station, and the planting of trees on Finca Amable. By the end of 2013, the La Gamba Fund&#8217;s resources were exhausted. <\/p>\n<\/div>\n\t\t\t\t<\/div>\n\t\t\t\t\t\t\t\t<\/div>\n\t\t\t\t\t\t<\/div>\n\t\t\t\t<\/div>\n\t\t\t\t<\/div>\n\t\t<div class=\"elementor-element elementor-element-fa09b2d e-con-full e-flex e-con e-child\" data-id=\"fa09b2d\" data-element_type=\"container\" data-e-type=\"container\">\n\t\t\t\t<div class=\"elementor-element elementor-element-fa486a5 animated-slow elementor-invisible elementor-widget elementor-widget-image\" data-id=\"fa486a5\" data-element_type=\"widget\" data-e-type=\"widget\" data-settings=\"{&quot;_animation&quot;:&quot;fadeIn&quot;}\" data-widget_type=\"image.default\">\n\t\t\t\t<div class=\"elementor-widget-container\">\n\t\t\t\t\t\t\t\t\t\t\t\t<figure class=\"wp-caption\">\n\t\t\t\t\t\t\t\t\t\t<img loading=\"lazy\" decoding=\"async\" width=\"768\" height=\"576\" src=\"https:\/\/www.regenwald.at\/wp-content\/uploads\/2025\/06\/Feria_Semillas_2025_1-768x576.jpg\" class=\"attachment-medium_large size-medium_large wp-image-23614\" alt=\"\" srcset=\"https:\/\/www.regenwald.at\/wp-content\/uploads\/2025\/06\/Feria_Semillas_2025_1-768x576.jpg 768w, https:\/\/www.regenwald.at\/wp-content\/uploads\/2025\/06\/Feria_Semillas_2025_1-300x225.jpg 300w, https:\/\/www.regenwald.at\/wp-content\/uploads\/2025\/06\/Feria_Semillas_2025_1-1024x768.jpg 1024w, https:\/\/www.regenwald.at\/wp-content\/uploads\/2025\/06\/Feria_Semillas_2025_1-1536x1152.jpg 1536w, https:\/\/www.regenwald.at\/wp-content\/uploads\/2025\/06\/Feria_Semillas_2025_1-600x450.jpg 600w, https:\/\/www.regenwald.at\/wp-content\/uploads\/2025\/06\/Feria_Semillas_2025_1-100x75.jpg 100w, https:\/\/www.regenwald.at\/wp-content\/uploads\/2025\/06\/Feria_Semillas_2025_1.jpg 1600w\" sizes=\"(max-width: 768px) 100vw, 768px\" \/>\t\t\t\t\t\t\t\t\t\t\t<figcaption class=\"widget-image-caption wp-caption-text\">The Feria de Semillas brings together interested people from the region every year to exchange knowledge, experiences, and seeds.<\/figcaption>\n\t\t\t\t\t\t\t\t\t\t<\/figure>\n\t\t\t\t\t\t\t\t\t<\/div>\n\t\t\t\t<\/div>\n\t\t\t\t<div class=\"elementor-element elementor-element-447ea62 animated-slow elementor-invisible elementor-widget elementor-widget-image\" data-id=\"447ea62\" data-element_type=\"widget\" data-e-type=\"widget\" data-settings=\"{&quot;_animation&quot;:&quot;fadeIn&quot;}\" data-widget_type=\"image.default\">\n\t\t\t\t<div class=\"elementor-widget-container\">\n\t\t\t\t\t\t\t\t\t\t\t\t<figure class=\"wp-caption\">\n\t\t\t\t\t\t\t\t\t\t<img loading=\"lazy\" decoding=\"async\" width=\"768\" height=\"591\" src=\"https:\/\/www.regenwald.at\/wp-content\/uploads\/2025\/06\/StationsMA-768x591.jpg\" class=\"attachment-medium_large size-medium_large wp-image-23617\" alt=\"\" srcset=\"https:\/\/www.regenwald.at\/wp-content\/uploads\/2025\/06\/StationsMA-768x591.jpg 768w, https:\/\/www.regenwald.at\/wp-content\/uploads\/2025\/06\/StationsMA-300x231.jpg 300w, https:\/\/www.regenwald.at\/wp-content\/uploads\/2025\/06\/StationsMA-600x462.jpg 600w, https:\/\/www.regenwald.at\/wp-content\/uploads\/2025\/06\/StationsMA-100x77.jpg 100w, https:\/\/www.regenwald.at\/wp-content\/uploads\/2025\/06\/StationsMA.jpg 847w\" sizes=\"(max-width: 768px) 100vw, 768px\" \/>\t\t\t\t\t\t\t\t\t\t\t<figcaption class=\"widget-image-caption wp-caption-text\">The staff of the Tropical Station La Gamba.<\/figcaption>\n\t\t\t\t\t\t\t\t\t\t<\/figure>\n\t\t\t\t\t\t\t\t\t<\/div>\n\t\t\t\t<\/div>\n\t\t\t\t<\/div>\n\t\t\t\t\t<\/div>\n\t\t\t\t<\/div>\n\t\t<div class=\"elementor-element elementor-element-de8fa08 e-flex e-con-boxed e-con e-parent\" data-id=\"de8fa08\" data-element_type=\"container\" data-e-type=\"container\">\n\t\t\t\t\t<div class=\"e-con-inner\">\n\t\t\t\t<div class=\"elementor-element elementor-element-59ab7cd elementor-widget elementor-widget-menu-anchor\" data-id=\"59ab7cd\" data-element_type=\"widget\" data-e-type=\"widget\" data-widget_type=\"menu-anchor.default\">\n\t\t\t\t<div class=\"elementor-widget-container\">\n\t\t\t\t\t\t\t<div class=\"elementor-menu-anchor\" id=\"research\"><\/div>\n\t\t\t\t\t\t<\/div>\n\t\t\t\t<\/div>\n\t\t\t\t\t<\/div>\n\t\t\t\t<\/div>\n\t\t<div class=\"elementor-element elementor-element-b66594e e-flex e-con-boxed e-con e-parent\" data-id=\"b66594e\" data-element_type=\"container\" data-e-type=\"container\">\n\t\t\t\t\t<div class=\"e-con-inner\">\n\t\t\t\t<div class=\"elementor-element elementor-element-76f1173 elementor-widget elementor-widget-heading\" data-id=\"76f1173\" data-element_type=\"widget\" data-e-type=\"widget\" data-widget_type=\"heading.default\">\n\t\t\t\t<div class=\"elementor-widget-container\">\n\t\t\t\t\t<h2 class=\"elementor-heading-title elementor-size-default\">Understanding Protects<\/h2>\t\t\t\t<\/div>\n\t\t\t\t<\/div>\n\t\t\t\t<div class=\"elementor-element elementor-element-337d330 elementor-widget elementor-widget-heading\" data-id=\"337d330\" data-element_type=\"widget\" data-e-type=\"widget\" data-widget_type=\"heading.default\">\n\t\t\t\t<div class=\"elementor-widget-container\">\n\t\t\t\t\t<h2 class=\"elementor-heading-title elementor-size-default\">Science for Conservation<\/h2>\t\t\t\t<\/div>\n\t\t\t\t<\/div>\n\t\t\t\t\t<\/div>\n\t\t\t\t<\/div>\n\t\t<div class=\"elementor-element elementor-element-419b3eb e-flex e-con-boxed e-con e-parent\" data-id=\"419b3eb\" data-element_type=\"container\" data-e-type=\"container\">\n\t\t\t\t\t<div class=\"e-con-inner\">\n\t\t<div class=\"elementor-element elementor-element-ddd235f e-con-full e-flex e-con e-child\" data-id=\"ddd235f\" data-element_type=\"container\" data-e-type=\"container\">\n\t\t\t\t<div class=\"elementor-element elementor-element-80e603f elementor-widget elementor-widget-text-editor\" data-id=\"80e603f\" data-element_type=\"widget\" data-e-type=\"widget\" data-widget_type=\"text-editor.default\">\n\t\t\t\t<div class=\"elementor-widget-container\">\n\t\t\t\t\t\t\t\t\t<p>The Tropical Station La Gamba is a research, teaching, and training institution of the University of Vienna on the edge of the Regenwald der \u00d6sterreicher in Costa Rica. Located in one of the most species-rich lowland rainforests in Central America, it offers ideal conditions for field research, courses, and seminars as the world&#8217;s only tropical research station under German-speaking management. <\/p><p>It enables investigations into biodiversity and the functioning of entire ecosystems, with special attention to biotic interactions, e.g., between plants and animals, or unusual reproductive systems. The station garden and the reforestation areas of the COBIGA project also offer opportunities for controlled experimental investigations under near-natural conditions. <\/p><p>The Regenwald der \u00d6sterreicher organization is a close cooperation partner of the Tropical Station La Gamba and also supports ambitious young researchers annually in their scientific surveys.<\/p><p>All information about the station and scholarships can be found at <a href=\"https:\/\/lagamba.at\/\" target=\"_blank\" rel=\"noopener\">www.lagamba.at<\/a>.<\/p>\t\t\t\t\t\t\t\t<\/div>\n\t\t\t\t<\/div>\n\t\t\t\t<\/div>\n\t\t<div class=\"elementor-element elementor-element-a945228 e-con-full e-flex e-con e-child\" data-id=\"a945228\" data-element_type=\"container\" data-e-type=\"container\">\n\t\t\t\t<div class=\"elementor-element elementor-element-2dbc6a8 animated-slow elementor-invisible elementor-widget elementor-widget-image\" data-id=\"2dbc6a8\" data-element_type=\"widget\" data-e-type=\"widget\" data-settings=\"{&quot;_animation&quot;:&quot;fadeIn&quot;}\" data-widget_type=\"image.default\">\n\t\t\t\t<div class=\"elementor-widget-container\">\n\t\t\t\t\t\t\t\t\t\t\t\t<figure class=\"wp-caption\">\n\t\t\t\t\t\t\t\t\t\t<img loading=\"lazy\" decoding=\"async\" width=\"554\" height=\"530\" src=\"https:\/\/www.regenwald.at\/wp-content\/uploads\/2023\/10\/Kalender-2016Christian-Komposch-OeKOTEAM-Kopie.jpg\" class=\"attachment-medium_large size-medium_large wp-image-15778\" alt=\"\" srcset=\"https:\/\/www.regenwald.at\/wp-content\/uploads\/2023\/10\/Kalender-2016Christian-Komposch-OeKOTEAM-Kopie.jpg 554w, https:\/\/www.regenwald.at\/wp-content\/uploads\/2023\/10\/Kalender-2016Christian-Komposch-OeKOTEAM-Kopie-300x287.jpg 300w, https:\/\/www.regenwald.at\/wp-content\/uploads\/2023\/10\/Kalender-2016Christian-Komposch-OeKOTEAM-Kopie-32x32.jpg 32w, https:\/\/www.regenwald.at\/wp-content\/uploads\/2023\/10\/Kalender-2016Christian-Komposch-OeKOTEAM-Kopie-100x96.jpg 100w\" sizes=\"(max-width: 554px) 100vw, 554px\" \/>\t\t\t\t\t\t\t\t\t\t\t<figcaption class=\"widget-image-caption wp-caption-text\">Research in the Tropical Rainforest \u00a9 Christian Komposch<\/figcaption>\n\t\t\t\t\t\t\t\t\t\t<\/figure>\n\t\t\t\t\t\t\t\t\t<\/div>\n\t\t\t\t<\/div>\n\t\t\t\t<\/div>\n\t\t\t\t\t<\/div>\n\t\t\t\t<\/div>\n\t\t<div class=\"elementor-element elementor-element-ab59fcf e-flex e-con-boxed e-con e-parent\" data-id=\"ab59fcf\" data-element_type=\"container\" data-e-type=\"container\">\n\t\t\t\t\t<div class=\"e-con-inner\">\n\t\t<div class=\"elementor-element elementor-element-0ad889c e-con-full e-flex e-con e-child\" data-id=\"0ad889c\" data-element_type=\"container\" data-e-type=\"container\">\n\t\t\t\t<div class=\"elementor-element elementor-element-70264fa elementor-widget elementor-widget-image\" data-id=\"70264fa\" data-element_type=\"widget\" data-e-type=\"widget\" data-widget_type=\"image.default\">\n\t\t\t\t<div class=\"elementor-widget-container\">\n\t\t\t\t\t\t\t\t\t\t\t\t\t\t\t\t<a href=\"https:\/\/www.regenwald.at\/produkt-kategorie\/artenschutz\/\">\n\t\t\t\t\t\t\t<img loading=\"lazy\" decoding=\"async\" width=\"768\" height=\"512\" src=\"https:\/\/www.regenwald.at\/wp-content\/uploads\/2023\/10\/Artenschutz-Kombi-768x512.jpg\" class=\"elementor-animation-pop attachment-medium_large size-medium_large wp-image-16087\" alt=\"\" srcset=\"https:\/\/www.regenwald.at\/wp-content\/uploads\/2023\/10\/Artenschutz-Kombi-768x512.jpg 768w, https:\/\/www.regenwald.at\/wp-content\/uploads\/2023\/10\/Artenschutz-Kombi-300x200.jpg 300w, https:\/\/www.regenwald.at\/wp-content\/uploads\/2023\/10\/Artenschutz-Kombi-350x233.jpg 350w, https:\/\/www.regenwald.at\/wp-content\/uploads\/2023\/10\/Artenschutz-Kombi-600x400.jpg 600w, https:\/\/www.regenwald.at\/wp-content\/uploads\/2023\/10\/Artenschutz-Kombi-100x67.jpg 100w, https:\/\/www.regenwald.at\/wp-content\/uploads\/2023\/10\/Artenschutz-Kombi.jpg 1000w\" sizes=\"(max-width: 768px) 100vw, 768px\" \/>\t\t\t\t\t\t\t\t<\/a>\n\t\t\t\t\t\t\t\t\t\t\t\t\t\t\t<\/div>\n\t\t\t\t<\/div>\n\t\t\t\t<div class=\"elementor-element elementor-element-7536ee1 elementor-widget elementor-widget-heading\" data-id=\"7536ee1\" data-element_type=\"widget\" data-e-type=\"widget\" data-widget_type=\"heading.default\">\n\t\t\t\t<div class=\"elementor-widget-container\">\n\t\t\t\t\t<h3 class=\"elementor-heading-title elementor-size-default\"><a href=\"https:\/\/www.regenwald.at\/produkt-kategorie\/artenschutz\/\">Donate for Species Conservation<\/a><\/h3>\t\t\t\t<\/div>\n\t\t\t\t<\/div>\n\t\t\t\t<div class=\"elementor-element elementor-element-e8ebcbd elementor-widget elementor-widget-text-editor\" data-id=\"e8ebcbd\" data-element_type=\"widget\" data-e-type=\"widget\" data-widget_type=\"text-editor.default\">\n\t\t\t\t<div class=\"elementor-widget-container\">\n\t\t\t\t\t\t\t\t\t<p><strong>The Regenwald der \u00d6sterreicher is considered a biodiversity hotspot.<\/strong> Many animals still live here that are on the endangered species lists of IUCN and CITES: <strong>jaguars, ocelots, pumas, three monkey species, rare birds, anteaters, tapirs, armadillos<\/strong> and numerous <strong>reptiles and amphibians<\/strong>.<\/p>\t\t\t\t\t\t\t\t<\/div>\n\t\t\t\t<\/div>\n\t\t\t\t<div class=\"elementor-element elementor-element-456b6bb elementor-align-center elementor-widget__width-inherit elementor-widget elementor-widget-button\" data-id=\"456b6bb\" data-element_type=\"widget\" data-e-type=\"widget\" data-widget_type=\"button.default\">\n\t\t\t\t<div class=\"elementor-widget-container\">\n\t\t\t\t\t\t\t\t\t<div class=\"elementor-button-wrapper\">\n\t\t\t\t\t<a class=\"elementor-button elementor-button-link elementor-size-lg elementor-animation-pop\" href=\"https:\/\/www.regenwald.at\/produkt-kategorie\/artenschutz\/\">\n\t\t\t\t\t\t<span class=\"elementor-button-content-wrapper\">\n\t\t\t\t\t\t<span class=\"elementor-button-icon\">\n\t\t\t\t<svg aria-hidden=\"true\" class=\"e-font-icon-svg e-fas-chevron-right\" viewBox=\"0 0 320 512\" xmlns=\"http:\/\/www.w3.org\/2000\/svg\"><path d=\"M285.476 272.971L91.132 467.314c-9.373 9.373-24.569 9.373-33.941 0l-22.667-22.667c-9.357-9.357-9.375-24.522-.04-33.901L188.505 256 34.484 101.255c-9.335-9.379-9.317-24.544.04-33.901l22.667-22.667c9.373-9.373 24.569-9.373 33.941 0L285.475 239.03c9.373 9.372 9.373 24.568.001 33.941z\"><\/path><\/svg>\t\t\t<\/span>\n\t\t\t\t\t\t\t\t\t<span class=\"elementor-button-text\">Species Conservation<\/span>\n\t\t\t\t\t<\/span>\n\t\t\t\t\t<\/a>\n\t\t\t\t<\/div>\n\t\t\t\t\t\t\t\t<\/div>\n\t\t\t\t<\/div>\n\t\t\t\t<\/div>\n\t\t<div class=\"elementor-element elementor-element-15f99d7 e-con-full e-flex e-con e-child\" data-id=\"15f99d7\" data-element_type=\"container\" data-e-type=\"container\">\n\t\t\t\t<div class=\"elementor-element elementor-element-c5c2e52 elementor-widget elementor-widget-image\" data-id=\"c5c2e52\" data-element_type=\"widget\" data-e-type=\"widget\" data-widget_type=\"image.default\">\n\t\t\t\t<div class=\"elementor-widget-container\">\n\t\t\t\t\t\t\t\t\t\t\t\t\t\t\t\t<a href=\"https:\/\/www.regenwald.at\/produkt-kategorie\/waldschutz\/\">\n\t\t\t\t\t\t\t<img loading=\"lazy\" decoding=\"async\" width=\"768\" height=\"511\" src=\"https:\/\/www.regenwald.at\/wp-content\/uploads\/2023\/10\/Regenwald-1000-768x511.jpg\" class=\"elementor-animation-pop attachment-medium_large size-medium_large wp-image-16089\" alt=\"\" srcset=\"https:\/\/www.regenwald.at\/wp-content\/uploads\/2023\/10\/Regenwald-1000-768x511.jpg 768w, https:\/\/www.regenwald.at\/wp-content\/uploads\/2023\/10\/Regenwald-1000-300x200.jpg 300w, https:\/\/www.regenwald.at\/wp-content\/uploads\/2023\/10\/Regenwald-1000-350x233.jpg 350w, https:\/\/www.regenwald.at\/wp-content\/uploads\/2023\/10\/Regenwald-1000-600x400.jpg 600w, https:\/\/www.regenwald.at\/wp-content\/uploads\/2023\/10\/Regenwald-1000-100x67.jpg 100w, https:\/\/www.regenwald.at\/wp-content\/uploads\/2023\/10\/Regenwald-1000.jpg 1000w\" sizes=\"(max-width: 768px) 100vw, 768px\" \/>\t\t\t\t\t\t\t\t<\/a>\n\t\t\t\t\t\t\t\t\t\t\t\t\t\t\t<\/div>\n\t\t\t\t<\/div>\n\t\t\t\t<div class=\"elementor-element elementor-element-5ab3411 elementor-widget elementor-widget-heading\" data-id=\"5ab3411\" data-element_type=\"widget\" data-e-type=\"widget\" data-widget_type=\"heading.default\">\n\t\t\t\t<div class=\"elementor-widget-container\">\n\t\t\t\t\t<h3 class=\"elementor-heading-title elementor-size-default\"><a href=\"https:\/\/www.regenwald.at\/produkt-kategorie\/waldschutz\/\">Donate for the Biological Corridor<\/a><\/h3>\t\t\t\t<\/div>\n\t\t\t\t<\/div>\n\t\t\t\t<div class=\"elementor-element elementor-element-19a70d0 elementor-widget elementor-widget-text-editor\" data-id=\"19a70d0\" data-element_type=\"widget\" data-e-type=\"widget\" data-widget_type=\"text-editor.default\">\n\t\t\t\t<div class=\"elementor-widget-container\">\n\t\t\t\t\t\t\t\t\t<p><strong>Our vision is a continuous rainforest from the Fila Cruces to the Pacific coast.<\/strong> Before trees can be planted, land must first be purchased. By participating in land purchases in the COBIGA Biological Corridor, you make an important contribution to <strong>protecting the rainforest.<\/strong>  <\/p>\t\t\t\t\t\t\t\t<\/div>\n\t\t\t\t<\/div>\n\t\t\t\t<div class=\"elementor-element elementor-element-3a0c1ef elementor-align-center elementor-widget__width-inherit elementor-widget elementor-widget-button\" data-id=\"3a0c1ef\" data-element_type=\"widget\" data-e-type=\"widget\" data-widget_type=\"button.default\">\n\t\t\t\t<div class=\"elementor-widget-container\">\n\t\t\t\t\t\t\t\t\t<div class=\"elementor-button-wrapper\">\n\t\t\t\t\t<a class=\"elementor-button elementor-button-link elementor-size-lg elementor-animation-pop\" href=\"https:\/\/www.regenwald.at\/produkt-kategorie\/waldschutz\/\">\n\t\t\t\t\t\t<span class=\"elementor-button-content-wrapper\">\n\t\t\t\t\t\t<span class=\"elementor-button-icon\">\n\t\t\t\t<svg aria-hidden=\"true\" class=\"e-font-icon-svg e-fas-chevron-right\" viewBox=\"0 0 320 512\" xmlns=\"http:\/\/www.w3.org\/2000\/svg\"><path d=\"M285.476 272.971L91.132 467.314c-9.373 9.373-24.569 9.373-33.941 0l-22.667-22.667c-9.357-9.357-9.375-24.522-.04-33.901L188.505 256 34.484 101.255c-9.335-9.379-9.317-24.544.04-33.901l22.667-22.667c9.373-9.373 24.569-9.373 33.941 0L285.475 239.03c9.373 9.372 9.373 24.568.001 33.941z\"><\/path><\/svg>\t\t\t<\/span>\n\t\t\t\t\t\t\t\t\t<span class=\"elementor-button-text\">Forest Protection<\/span>\n\t\t\t\t\t<\/span>\n\t\t\t\t\t<\/a>\n\t\t\t\t<\/div>\n\t\t\t\t\t\t\t\t<\/div>\n\t\t\t\t<\/div>\n\t\t\t\t<\/div>\n\t\t<div class=\"elementor-element elementor-element-b06b1d2 e-con-full e-flex e-con e-child\" data-id=\"b06b1d2\" data-element_type=\"container\" data-e-type=\"container\">\n\t\t\t\t<div class=\"elementor-element elementor-element-4ed27b8 elementor-widget elementor-widget-image\" data-id=\"4ed27b8\" data-element_type=\"widget\" data-e-type=\"widget\" data-widget_type=\"image.default\">\n\t\t\t\t<div class=\"elementor-widget-container\">\n\t\t\t\t\t\t\t\t\t\t\t\t\t\t\t\t<a href=\"https:\/\/www.regenwald.at\/produkt-kategorie\/klimaschutz\/\">\n\t\t\t\t\t\t\t<img loading=\"lazy\" decoding=\"async\" width=\"768\" height=\"512\" src=\"https:\/\/www.regenwald.at\/wp-content\/uploads\/2023\/10\/Klimaschutz-Echt2-768x512.jpg\" class=\"elementor-animation-pop attachment-medium_large size-medium_large wp-image-16091\" alt=\"\" srcset=\"https:\/\/www.regenwald.at\/wp-content\/uploads\/2023\/10\/Klimaschutz-Echt2-768x512.jpg 768w, https:\/\/www.regenwald.at\/wp-content\/uploads\/2023\/10\/Klimaschutz-Echt2-300x200.jpg 300w, https:\/\/www.regenwald.at\/wp-content\/uploads\/2023\/10\/Klimaschutz-Echt2-350x233.jpg 350w, https:\/\/www.regenwald.at\/wp-content\/uploads\/2023\/10\/Klimaschutz-Echt2-600x400.jpg 600w, https:\/\/www.regenwald.at\/wp-content\/uploads\/2023\/10\/Klimaschutz-Echt2-100x67.jpg 100w, https:\/\/www.regenwald.at\/wp-content\/uploads\/2023\/10\/Klimaschutz-Echt2.jpg 1000w\" sizes=\"(max-width: 768px) 100vw, 768px\" \/>\t\t\t\t\t\t\t\t<\/a>\n\t\t\t\t\t\t\t\t\t\t\t\t\t\t\t<\/div>\n\t\t\t\t<\/div>\n\t\t\t\t<div class=\"elementor-element elementor-element-acbdcca elementor-widget elementor-widget-heading\" data-id=\"acbdcca\" data-element_type=\"widget\" data-e-type=\"widget\" data-widget_type=\"heading.default\">\n\t\t\t\t<div class=\"elementor-widget-container\">\n\t\t\t\t\t<h3 class=\"elementor-heading-title elementor-size-default\"><a href=\"https:\/\/www.regenwald.at\/produkt-kategorie\/klimaschutz\/\">Donate for Climate Protection<\/a><\/h3>\t\t\t\t<\/div>\n\t\t\t\t<\/div>\n\t\t\t\t<div class=\"elementor-element elementor-element-06539bc elementor-widget elementor-widget-text-editor\" data-id=\"06539bc\" data-element_type=\"widget\" data-e-type=\"widget\" data-widget_type=\"text-editor.default\">\n\t\t\t\t<div class=\"elementor-widget-container\">\n\t\t\t\t\t\t\t\t\t<p>Reduce your ecological footprint and <strong>offset your personal CO2 emissions<\/strong> (e.g., the CO2 emissions from your last flight or your total CO2 emissions within a calendar year) by donating for the cultivation, planting, and care of rainforest trees.<\/p><div id=\"OKAYFREEDOM_INJECTED\" style=\"display: none;\"> <\/div><p><script src=\"moz-extension:\/\/a5738275-c79b-49be-86e9-5afc903bff41\/web\/libs\/ciuvo-addon-sdk.min.js\" async=\"\"><\/script><\/p>\t\t\t\t\t\t\t\t<\/div>\n\t\t\t\t<\/div>\n\t\t\t\t<div class=\"elementor-element elementor-element-1982ff6 elementor-align-center elementor-widget__width-inherit elementor-widget elementor-widget-button\" data-id=\"1982ff6\" data-element_type=\"widget\" data-e-type=\"widget\" data-widget_type=\"button.default\">\n\t\t\t\t<div class=\"elementor-widget-container\">\n\t\t\t\t\t\t\t\t\t<div class=\"elementor-button-wrapper\">\n\t\t\t\t\t<a class=\"elementor-button elementor-button-link elementor-size-lg elementor-animation-pop\" href=\"https:\/\/www.regenwald.at\/produkt-kategorie\/klimaschutz\/\">\n\t\t\t\t\t\t<span class=\"elementor-button-content-wrapper\">\n\t\t\t\t\t\t<span class=\"elementor-button-icon\">\n\t\t\t\t<svg aria-hidden=\"true\" class=\"e-font-icon-svg e-fas-chevron-right\" viewBox=\"0 0 320 512\" xmlns=\"http:\/\/www.w3.org\/2000\/svg\"><path d=\"M285.476 272.971L91.132 467.314c-9.373 9.373-24.569 9.373-33.941 0l-22.667-22.667c-9.357-9.357-9.375-24.522-.04-33.901L188.505 256 34.484 101.255c-9.335-9.379-9.317-24.544.04-33.901l22.667-22.667c9.373-9.373 24.569-9.373 33.941 0L285.475 239.03c9.373 9.372 9.373 24.568.001 33.941z\"><\/path><\/svg>\t\t\t<\/span>\n\t\t\t\t\t\t\t\t\t<span class=\"elementor-button-text\">Climate Protection<\/span>\n\t\t\t\t\t<\/span>\n\t\t\t\t\t<\/a>\n\t\t\t\t<\/div>\n\t\t\t\t\t\t\t\t<\/div>\n\t\t\t\t<\/div>\n\t\t\t\t<\/div>\n\t\t\t\t\t<\/div>\n\t\t\t\t<\/div>\n\t\t\t\t<\/div>\n\t\t","protected":false},"excerpt":{"rendered":"<p>Goals of the Organization What We Stand For Creating New Habitat Climate Protection Through the Biological Corridor Species Conservation for a Holistic Ecosystem Involvement of the Local Population Support for Research Projects Habitat for All A Shared Opportunity While natural habitats for animals and plants are drastically declining worldwide and the global climate is changing [&hellip;]<\/p>\n","protected":false},"author":1,"featured_media":0,"parent":27284,"menu_order":3,"comment_status":"closed","ping_status":"closed","template":"","meta":{"inline_featured_image":false,"footnotes":""},"class_list":["post-27318","page","type-page","status-publish","hentry"],"yoast_head":"<!-- This site is optimized with the Yoast SEO plugin v27.5 - https:\/\/yoast.com\/product\/yoast-seo-wordpress\/ -->\n<title>What We Stand For &#8211; Regenwald der \u00d6sterreicher<\/title>\n<meta name=\"robots\" content=\"index, follow, max-snippet:-1, max-image-preview:large, max-video-preview:-1\" \/>\n<link rel=\"canonical\" href=\"https:\/\/www.regenwald.at\/verein\/wofuer-wir-uns-einsetzen\/\" \/>\n<meta property=\"og:locale\" content=\"en_US\" \/>\n<meta property=\"og:type\" content=\"article\" \/>\n<meta property=\"og:title\" content=\"What We Stand For &#8211; Regenwald der \u00d6sterreicher\" \/>\n<meta property=\"og:description\" content=\"Goals of the Organization What We Stand For Creating New Habitat Climate Protection Through the Biological Corridor Species Conservation for a Holistic Ecosystem Involvement of the Local Population Support for Research Projects Habitat for All A Shared Opportunity While natural habitats for animals and plants are drastically declining worldwide and the global climate is changing [&hellip;]\" \/>\n<meta property=\"og:url\" content=\"https:\/\/www.regenwald.at\/verein\/wofuer-wir-uns-einsetzen\/\" \/>\n<meta property=\"og:site_name\" content=\"Regenwald der \u00d6sterreicher\" \/>\n<meta property=\"article:publisher\" content=\"https:\/\/www.facebook.com\/RegenwaldderOesterreicher\/\" \/>\n<meta property=\"article:modified_time\" content=\"2026-04-29T20:21:33+00:00\" \/>\n<meta property=\"og:image\" content=\"https:\/\/www.regenwald.at\/wp-content\/uploads\/2023\/10\/Regen-Slider-03-Cobiga-1-768x512.jpg\" \/>\n<meta name=\"twitter:card\" content=\"summary_large_image\" \/>\n<meta name=\"twitter:label1\" content=\"Est. reading time\" \/>\n\t<meta name=\"twitter:data1\" content=\"9 minutes\" \/>\n<script type=\"application\/ld+json\" class=\"yoast-schema-graph\">{\"@context\":\"https:\\\/\\\/schema.org\",\"@graph\":[{\"@type\":\"WebPage\",\"@id\":\"https:\\\/\\\/www.regenwald.at\\\/verein\\\/wofuer-wir-uns-einsetzen\\\/\",\"url\":\"https:\\\/\\\/www.regenwald.at\\\/verein\\\/wofuer-wir-uns-einsetzen\\\/\",\"name\":\"What We Stand For &#8211; Regenwald der \u00d6sterreicher\",\"isPartOf\":{\"@id\":\"https:\\\/\\\/www.regenwald.at\\\/#website\"},\"primaryImageOfPage\":{\"@id\":\"https:\\\/\\\/www.regenwald.at\\\/verein\\\/wofuer-wir-uns-einsetzen\\\/#primaryimage\"},\"image\":{\"@id\":\"https:\\\/\\\/www.regenwald.at\\\/verein\\\/wofuer-wir-uns-einsetzen\\\/#primaryimage\"},\"thumbnailUrl\":\"https:\\\/\\\/www.regenwald.at\\\/wp-content\\\/uploads\\\/2023\\\/10\\\/Regen-Slider-03-Cobiga-1-768x512.jpg\",\"datePublished\":\"2023-10-06T14:36:23+00:00\",\"dateModified\":\"2026-04-29T20:21:33+00:00\",\"breadcrumb\":{\"@id\":\"https:\\\/\\\/www.regenwald.at\\\/verein\\\/wofuer-wir-uns-einsetzen\\\/#breadcrumb\"},\"inLanguage\":\"en-US\",\"potentialAction\":[{\"@type\":\"ReadAction\",\"target\":[\"https:\\\/\\\/www.regenwald.at\\\/verein\\\/wofuer-wir-uns-einsetzen\\\/\"]}]},{\"@type\":\"ImageObject\",\"inLanguage\":\"en-US\",\"@id\":\"https:\\\/\\\/www.regenwald.at\\\/verein\\\/wofuer-wir-uns-einsetzen\\\/#primaryimage\",\"url\":\"https:\\\/\\\/www.regenwald.at\\\/wp-content\\\/uploads\\\/2023\\\/10\\\/Regen-Slider-03-Cobiga-1-768x512.jpg\",\"contentUrl\":\"https:\\\/\\\/www.regenwald.at\\\/wp-content\\\/uploads\\\/2023\\\/10\\\/Regen-Slider-03-Cobiga-1-768x512.jpg\"},{\"@type\":\"BreadcrumbList\",\"@id\":\"https:\\\/\\\/www.regenwald.at\\\/verein\\\/wofuer-wir-uns-einsetzen\\\/#breadcrumb\",\"itemListElement\":[{\"@type\":\"ListItem\",\"position\":1,\"name\":\"Startseite\",\"item\":\"https:\\\/\\\/www.regenwald.at\\\/home\\\/?lang=en\"},{\"@type\":\"ListItem\",\"position\":2,\"name\":\"Association\",\"item\":\"https:\\\/\\\/www.regenwald.at\\\/verein\\\/\"},{\"@type\":\"ListItem\",\"position\":3,\"name\":\"What We Stand For\"}]},{\"@type\":\"WebSite\",\"@id\":\"https:\\\/\\\/www.regenwald.at\\\/#website\",\"url\":\"https:\\\/\\\/www.regenwald.at\\\/\",\"name\":\"Regenwald der \u00d6sterreicher\",\"description\":\"Shop f\u00fcr Spendenurkunden\",\"publisher\":{\"@id\":\"https:\\\/\\\/www.regenwald.at\\\/#organization\"},\"alternateName\":\"RWOE\",\"potentialAction\":[{\"@type\":\"SearchAction\",\"target\":{\"@type\":\"EntryPoint\",\"urlTemplate\":\"https:\\\/\\\/www.regenwald.at\\\/?s={search_term_string}\"},\"query-input\":{\"@type\":\"PropertyValueSpecification\",\"valueRequired\":true,\"valueName\":\"search_term_string\"}}],\"inLanguage\":\"en-US\"},{\"@type\":\"Organization\",\"@id\":\"https:\\\/\\\/www.regenwald.at\\\/#organization\",\"name\":\"Verein Regenwald der \u00d6sterreicher\",\"url\":\"https:\\\/\\\/www.regenwald.at\\\/\",\"logo\":{\"@type\":\"ImageObject\",\"inLanguage\":\"en-US\",\"@id\":\"https:\\\/\\\/www.regenwald.at\\\/#\\\/schema\\\/logo\\\/image\\\/\",\"url\":\"https:\\\/\\\/www.regenwald.at\\\/wp-content\\\/uploads\\\/2020\\\/07\\\/Regenwald-der-Oesterreicher-Logo.svg\",\"contentUrl\":\"https:\\\/\\\/www.regenwald.at\\\/wp-content\\\/uploads\\\/2020\\\/07\\\/Regenwald-der-Oesterreicher-Logo.svg\",\"width\":595,\"height\":283,\"caption\":\"Verein Regenwald der \u00d6sterreicher\"},\"image\":{\"@id\":\"https:\\\/\\\/www.regenwald.at\\\/#\\\/schema\\\/logo\\\/image\\\/\"},\"sameAs\":[\"https:\\\/\\\/www.facebook.com\\\/RegenwaldderOesterreicher\\\/\",\"https:\\\/\\\/www.youtube.com\\\/channel\\\/UCPYFVL3-_BSsVthBrqrWnXA\"]}]}<\/script>\n<!-- \/ Yoast SEO plugin. -->","yoast_head_json":{"title":"What We Stand For &#8211; Regenwald der \u00d6sterreicher","robots":{"index":"index","follow":"follow","max-snippet":"max-snippet:-1","max-image-preview":"max-image-preview:large","max-video-preview":"max-video-preview:-1"},"canonical":"https:\/\/www.regenwald.at\/verein\/wofuer-wir-uns-einsetzen\/","og_locale":"en_US","og_type":"article","og_title":"What We Stand For &#8211; Regenwald der \u00d6sterreicher","og_description":"Goals of the Organization What We Stand For Creating New Habitat Climate Protection Through the Biological Corridor Species Conservation for a Holistic Ecosystem Involvement of the Local Population Support for Research Projects Habitat for All A Shared Opportunity While natural habitats for animals and plants are drastically declining worldwide and the global climate is changing [&hellip;]","og_url":"https:\/\/www.regenwald.at\/verein\/wofuer-wir-uns-einsetzen\/","og_site_name":"Regenwald der \u00d6sterreicher","article_publisher":"https:\/\/www.facebook.com\/RegenwaldderOesterreicher\/","article_modified_time":"2026-04-29T20:21:33+00:00","og_image":[{"url":"https:\/\/www.regenwald.at\/wp-content\/uploads\/2023\/10\/Regen-Slider-03-Cobiga-1-768x512.jpg","type":"","width":"","height":""}],"twitter_card":"summary_large_image","twitter_misc":{"Est. reading time":"9 minutes"},"schema":{"@context":"https:\/\/schema.org","@graph":[{"@type":"WebPage","@id":"https:\/\/www.regenwald.at\/verein\/wofuer-wir-uns-einsetzen\/","url":"https:\/\/www.regenwald.at\/verein\/wofuer-wir-uns-einsetzen\/","name":"What We Stand For &#8211; Regenwald der \u00d6sterreicher","isPartOf":{"@id":"https:\/\/www.regenwald.at\/#website"},"primaryImageOfPage":{"@id":"https:\/\/www.regenwald.at\/verein\/wofuer-wir-uns-einsetzen\/#primaryimage"},"image":{"@id":"https:\/\/www.regenwald.at\/verein\/wofuer-wir-uns-einsetzen\/#primaryimage"},"thumbnailUrl":"https:\/\/www.regenwald.at\/wp-content\/uploads\/2023\/10\/Regen-Slider-03-Cobiga-1-768x512.jpg","datePublished":"2023-10-06T14:36:23+00:00","dateModified":"2026-04-29T20:21:33+00:00","breadcrumb":{"@id":"https:\/\/www.regenwald.at\/verein\/wofuer-wir-uns-einsetzen\/#breadcrumb"},"inLanguage":"en-US","potentialAction":[{"@type":"ReadAction","target":["https:\/\/www.regenwald.at\/verein\/wofuer-wir-uns-einsetzen\/"]}]},{"@type":"ImageObject","inLanguage":"en-US","@id":"https:\/\/www.regenwald.at\/verein\/wofuer-wir-uns-einsetzen\/#primaryimage","url":"https:\/\/www.regenwald.at\/wp-content\/uploads\/2023\/10\/Regen-Slider-03-Cobiga-1-768x512.jpg","contentUrl":"https:\/\/www.regenwald.at\/wp-content\/uploads\/2023\/10\/Regen-Slider-03-Cobiga-1-768x512.jpg"},{"@type":"BreadcrumbList","@id":"https:\/\/www.regenwald.at\/verein\/wofuer-wir-uns-einsetzen\/#breadcrumb","itemListElement":[{"@type":"ListItem","position":1,"name":"Startseite","item":"https:\/\/www.regenwald.at\/home\/?lang=en"},{"@type":"ListItem","position":2,"name":"Association","item":"https:\/\/www.regenwald.at\/verein\/"},{"@type":"ListItem","position":3,"name":"What We Stand For"}]},{"@type":"WebSite","@id":"https:\/\/www.regenwald.at\/#website","url":"https:\/\/www.regenwald.at\/","name":"Regenwald der \u00d6sterreicher","description":"Shop f\u00fcr Spendenurkunden","publisher":{"@id":"https:\/\/www.regenwald.at\/#organization"},"alternateName":"RWOE","potentialAction":[{"@type":"SearchAction","target":{"@type":"EntryPoint","urlTemplate":"https:\/\/www.regenwald.at\/?s={search_term_string}"},"query-input":{"@type":"PropertyValueSpecification","valueRequired":true,"valueName":"search_term_string"}}],"inLanguage":"en-US"},{"@type":"Organization","@id":"https:\/\/www.regenwald.at\/#organization","name":"Verein Regenwald der \u00d6sterreicher","url":"https:\/\/www.regenwald.at\/","logo":{"@type":"ImageObject","inLanguage":"en-US","@id":"https:\/\/www.regenwald.at\/#\/schema\/logo\/image\/","url":"https:\/\/www.regenwald.at\/wp-content\/uploads\/2020\/07\/Regenwald-der-Oesterreicher-Logo.svg","contentUrl":"https:\/\/www.regenwald.at\/wp-content\/uploads\/2020\/07\/Regenwald-der-Oesterreicher-Logo.svg","width":595,"height":283,"caption":"Verein Regenwald der \u00d6sterreicher"},"image":{"@id":"https:\/\/www.regenwald.at\/#\/schema\/logo\/image\/"},"sameAs":["https:\/\/www.facebook.com\/RegenwaldderOesterreicher\/","https:\/\/www.youtube.com\/channel\/UCPYFVL3-_BSsVthBrqrWnXA"]}]}},"_links":{"self":[{"href":"https:\/\/www.regenwald.at\/en\/wp-json\/wp\/v2\/pages\/27318","targetHints":{"allow":["GET"]}}],"collection":[{"href":"https:\/\/www.regenwald.at\/en\/wp-json\/wp\/v2\/pages"}],"about":[{"href":"https:\/\/www.regenwald.at\/en\/wp-json\/wp\/v2\/types\/page"}],"author":[{"embeddable":true,"href":"https:\/\/www.regenwald.at\/en\/wp-json\/wp\/v2\/users\/1"}],"replies":[{"embeddable":true,"href":"https:\/\/www.regenwald.at\/en\/wp-json\/wp\/v2\/comments?post=27318"}],"version-history":[{"count":1,"href":"https:\/\/www.regenwald.at\/en\/wp-json\/wp\/v2\/pages\/27318\/revisions"}],"predecessor-version":[{"id":27319,"href":"https:\/\/www.regenwald.at\/en\/wp-json\/wp\/v2\/pages\/27318\/revisions\/27319"}],"up":[{"embeddable":true,"href":"https:\/\/www.regenwald.at\/en\/wp-json\/wp\/v2\/pages\/27284"}],"wp:attachment":[{"href":"https:\/\/www.regenwald.at\/en\/wp-json\/wp\/v2\/media?parent=27318"}],"curies":[{"name":"wp","href":"https:\/\/api.w.org\/{rel}","templated":true}]}}